{"id":1731,"date":"2018-04-17T23:08:53","date_gmt":"2018-04-17T21:08:53","guid":{"rendered":"http:\/\/www.remmenfoundation.org\/?post_type=portfolio&#038;p=1731"},"modified":"2018-05-06T22:18:22","modified_gmt":"2018-05-06T20:18:22","slug":"mary-foundation-2013","status":"publish","type":"portfolio","link":"http:\/\/www.remmenfoundation.org\/en\/donation\/mary-foundation-2013\/","title":{"rendered":"THE MARY FOUNDATION 2013"},"content":{"rendered":"\n<style type=\"text\/css\" data-created_by=\"avia_inline_auto\" id=\"style-css-av-av_two_fifth-15d750bd1b332b34c6e70b077ebbccdf\">\n.flex_column.av-av_two_fifth-15d750bd1b332b34c6e70b077ebbccdf{\nborder-radius:0px 0px 0px 0px;\npadding:0px 0px 0px 0px;\n}\n<\/style>\n<div  class='flex_column av-av_two_fifth-15d750bd1b332b34c6e70b077ebbccdf av_two_fifth  avia-builder-el-0  el_before_av_three_fifth  avia-builder-el-first  first flex_column_div av-zero-column-padding  '     ><p>\n<style type=\"text\/css\" data-created_by=\"avia_inline_auto\" id=\"style-css-av-av_heading-284132691bb809a9a299148e027bb4ad\">\n#top .av-special-heading.av-av_heading-284132691bb809a9a299148e027bb4ad{\npadding-bottom:10px;\n}\nbody .av-special-heading.av-av_heading-284132691bb809a9a299148e027bb4ad .av-special-heading-tag .heading-char{\nfont-size:25px;\n}\n.av-special-heading.av-av_heading-284132691bb809a9a299148e027bb4ad .av-subheading{\nfont-size:15px;\n}\n<\/style>\n<div  class='av-special-heading av-av_heading-284132691bb809a9a299148e027bb4ad av-special-heading-h2 blockquote modern-quote  avia-builder-el-1  el_before_av_textblock  avia-builder-el-first '><h2 class='av-special-heading-tag '  itemprop=\"headline\"  >MARY FONDEN<\/h2><div class='av-subheading av-subheading_below'><p>2013<\/p>\n<\/div><div class=\"special-heading-border\"><div class=\"special-heading-inner-border\"><\/div><\/div><\/div><br \/>\n<section  class='av_textblock_section av-av_textblock-2de302bf1aa3cf4c9157dbe6f50ac7eb '   itemscope=\"itemscope\" itemtype=\"https:\/\/schema.org\/CreativeWork\" ><div class='avia_textblock'  itemprop=\"text\" ><p>Remmen Fonden er medstifter af Mary Fonden, som bek\u00e6mper social isolation. Mary Fondens projekter sp\u00e6nder vidt, men har alle til form\u00e5l at hj\u00e6lpe b\u00f8rn s\u00e5vel som voksne, der f.eks. oplever ensomhed, mobning eller vold i hjemmet \u2013 ud fra den grundfilosofi at: \u201d<strong>Alle har ret til at h\u00f8re til<\/strong>\u201c.<\/p>\n<\/div><\/section><br \/>\n\n<style type=\"text\/css\" data-created_by=\"avia_inline_auto\" id=\"style-css-av-av_hr-616cd310f4c6bf63bbd1f033802c1165\">\n#top .hr.hr-invisible.av-av_hr-616cd310f4c6bf63bbd1f033802c1165{\nheight:20px;\n}\n<\/style>\n<div  class='hr av-av_hr-616cd310f4c6bf63bbd1f033802c1165 hr-invisible  avia-builder-el-3  el_after_av_textblock  el_before_av_button '><span class='hr-inner '><span class=\"hr-inner-style\"><\/span><\/span><\/div><br \/>\n<div  class='avia-button-wrap av-av_button-19d551f802dedb058d53d16647efb544-wrap avia-button-left  avia-builder-el-4  el_after_av_hr  avia-builder-el-last '>\n<style type=\"text\/css\" data-created_by=\"avia_inline_auto\" id=\"style-css-av-av_button-19d551f802dedb058d53d16647efb544\">\n#top #wrap_all .avia-button.av-av_button-19d551f802dedb058d53d16647efb544{\nbackground-color:#9eb8bc;\nborder-color:#9eb8bc;\ncolor:#ffffff;\ntransition:all 0.4s ease-in-out;\n}\n<\/style>\n<a href='http:\/\/www.maryfonden.dk\/' class='avia-button av-av_button-19d551f802dedb058d53d16647efb544 av-link-btn avia-icon_select-no avia-size-medium avia-position-left' target=\"_blank\" rel=\"noopener noreferrer\" aria-label=\"LINK TIL MARY FONDEN HER\"><span class='avia_iconbox_title' >LINK TIL MARY FONDEN HER<\/span><\/a><\/div><\/p><\/div>\n\n<style type=\"text\/css\" data-created_by=\"avia_inline_auto\" id=\"style-css-av-av_three_fifth-c8fc129dc35fd1ae2a1e410224d39ea8\">\n.flex_column.av-av_three_fifth-c8fc129dc35fd1ae2a1e410224d39ea8{\nborder-radius:0px 0px 0px 0px;\npadding:0px 0px 0px 0px;\n}\n<\/style>\n<div  class='flex_column av-av_three_fifth-c8fc129dc35fd1ae2a1e410224d39ea8 av_three_fifth  avia-builder-el-5  el_after_av_two_fifth  el_before_av_hr  flex_column_div av-zero-column-padding  '     ><p>\n<style type=\"text\/css\" data-created_by=\"avia_inline_auto\" id=\"style-css-av-av_image-09745473269153cc67c3bd02f6c4798f\">\n.avia-image-container.av-av_image-09745473269153cc67c3bd02f6c4798f img.avia_image{\nbox-shadow:none;\n}\n.avia-image-container.av-av_image-09745473269153cc67c3bd02f6c4798f .av-image-caption-overlay-center{\ncolor:#ffffff;\n}\n<\/style>\n<div  class='avia-image-container av-av_image-09745473269153cc67c3bd02f6c4798f av-styling- avia-align-left  avia-builder-el-6  el_before_av_textblock  avia-builder-el-first '   itemprop=\"image\" itemscope=\"itemscope\" itemtype=\"https:\/\/schema.org\/ImageObject\" ><div class=\"avia-image-container-inner\"><div class=\"avia-image-overlay-wrap\"><img decoding=\"async\" fetchpriority=\"high\" class='wp-image-1338 avia-img-lazy-loading-not-1338 avia_image ' src=\"http:\/\/www.remmenfoundation.org\/wp-content\/uploads\/2013\/02\/RemmenFonden_Portfolio_maryfonden2013.jpg\" alt='' title='RemmenFonden_Portfolio_maryfonden2013'  height=\"369\" width=\"638\"  itemprop=\"thumbnailUrl\" srcset=\"http:\/\/www.remmenfoundation.org\/wp-content\/uploads\/2013\/02\/RemmenFonden_Portfolio_maryfonden2013.jpg 638w, http:\/\/www.remmenfoundation.org\/wp-content\/uploads\/2013\/02\/RemmenFonden_Portfolio_maryfonden2013-300x174.jpg 300w, http:\/\/www.remmenfoundation.org\/wp-content\/uploads\/2013\/02\/RemmenFonden_Portfolio_maryfonden2013-450x260.jpg 450w\" sizes=\"(max-width: 638px) 100vw, 638px\" \/><\/div><\/div><\/div><br \/>\n\n<style type=\"text\/css\" data-created_by=\"avia_inline_auto\" id=\"style-css-av-av_textblock-586e525e8b2f90af96d78819b81aa3fa\">\n#top .av_textblock_section.av-av_textblock-586e525e8b2f90af96d78819b81aa3fa .avia_textblock{\nfont-size:15px;\n}\n<\/style>\n<section  class='av_textblock_section av-av_textblock-586e525e8b2f90af96d78819b81aa3fa '   itemscope=\"itemscope\" itemtype=\"https:\/\/schema.org\/CreativeWork\" ><div class='avia_textblock'  itemprop=\"text\" ><p><small><em>Kronprinsparret var med, da Mary Fonden, Red Barnet, DBU og TrygFonden lancerede Klubfidusen i Bagsv\u00e6rd Boldklub.\u00a0&#8220;Klubfidusen handler om at skabe fodboldklubber, hvor alle b\u00f8rn trives og f\u00f8ler sig velkomne,&#8221; sagde Kronprinsessen bl.a. i sin \u00e5bningstale. Foto: Steen Brogaard.<\/em><\/small><\/p>\n<\/div><\/section><\/p><\/div>\n<style type=\"text\/css\" data-created_by=\"avia_inline_auto\" id=\"style-css-av-av_hr-be2af5ad00bb720ba11f76eeb4d93cec\">\n#top .hr.av-av_hr-be2af5ad00bb720ba11f76eeb4d93cec{\nmargin-top:30px;\nmargin-bottom:20px;\n}\n.hr.av-av_hr-be2af5ad00bb720ba11f76eeb4d93cec .hr-inner{\nwidth:2000;\nborder-color:#444444;\n}\n<\/style>\n<div  class='hr av-av_hr-be2af5ad00bb720ba11f76eeb4d93cec hr-custom  avia-builder-el-8  el_after_av_three_fifth  el_before_av_one_third  hr-center hr-icon-no'><span class='hr-inner inner-border-av-border-thin'><span class=\"hr-inner-style\"><\/span><\/span><\/div><\/p>\n\n<style type=\"text\/css\" data-created_by=\"avia_inline_auto\" id=\"style-css-av-av_one_third-15d750bd1b332b34c6e70b077ebbccdf\">\n.flex_column.av-av_one_third-15d750bd1b332b34c6e70b077ebbccdf{\nborder-radius:0px 0px 0px 0px;\npadding:0px 0px 0px 0px;\n}\n<\/style>\n<div  class='flex_column av-av_one_third-15d750bd1b332b34c6e70b077ebbccdf av_one_third  avia-builder-el-9  el_after_av_hr  el_before_av_one_third  first flex_column_div av-zero-column-padding  '     ><p>\n<style type=\"text\/css\" data-created_by=\"avia_inline_auto\" id=\"style-css-av-av_heading-e11f6063149ff9c758532dc5f6d3c746\">\n#top .av-special-heading.av-av_heading-e11f6063149ff9c758532dc5f6d3c746{\npadding-bottom:10px;\n}\nbody .av-special-heading.av-av_heading-e11f6063149ff9c758532dc5f6d3c746 .av-special-heading-tag .heading-char{\nfont-size:25px;\n}\n.av-special-heading.av-av_heading-e11f6063149ff9c758532dc5f6d3c746 .av-subheading{\nfont-size:13px;\n}\n<\/style>\n<div  class='av-special-heading av-av_heading-e11f6063149ff9c758532dc5f6d3c746 av-special-heading-h2 blockquote modern-quote modern-centered  avia-builder-el-10  el_before_av_button  avia-builder-el-first '><h2 class='av-special-heading-tag '  itemprop=\"headline\"  >REMMEN FONDEN<\/h2><div class='av-subheading av-subheading_below'><p>Remmen Fonden (Remmen\u2019s Stiftung von 1986) blev stiftet af Henning Remmen i 1986 med det oprindelige form\u00e5l at drive en r\u00e6kke kommercielle aktiviteter centreret omkring hoteldrift \u2013 heriblandt Hotel d\u2019Angleterre i K\u00f8benhavn.<\/p>\n<\/div><div class=\"special-heading-border\"><div class=\"special-heading-inner-border\"><\/div><\/div><\/div><br \/>\n<div  class='avia-button-wrap av-av_button-77dd7dcea6a1b5d81e5447dc247e9cbe-wrap avia-button-center  avia-builder-el-11  el_after_av_heading  avia-builder-el-last '>\n<style type=\"text\/css\" data-created_by=\"avia_inline_auto\" id=\"style-css-av-av_button-77dd7dcea6a1b5d81e5447dc247e9cbe\">\n#top #wrap_all .avia-button.av-av_button-77dd7dcea6a1b5d81e5447dc247e9cbe{\nbackground-color:#9eb8bc;\nborder-color:#9eb8bc;\ncolor:#ffffff;\ntransition:all 0.4s ease-in-out;\n}\n<\/style>\n<a href='http:\/\/www.remmenfoundation.org\/remmen-fonden\/'  class='avia-button av-av_button-77dd7dcea6a1b5d81e5447dc247e9cbe av-link-btn avia-icon_select-no avia-size-medium avia-position-center'   aria-label=\"L\u00c6S MERE\"><span class='avia_iconbox_title' >L\u00c6S MERE<\/span><\/a><\/div><\/p><\/div>\n\n<style type=\"text\/css\" data-created_by=\"avia_inline_auto\" id=\"style-css-av-av_one_third-c8fc129dc35fd1ae2a1e410224d39ea8\">\n.flex_column.av-av_one_third-c8fc129dc35fd1ae2a1e410224d39ea8{\nborder-radius:0px 0px 0px 0px;\npadding:0px 0px 0px 0px;\n}\n<\/style>\n<div  class='flex_column av-av_one_third-c8fc129dc35fd1ae2a1e410224d39ea8 av_one_third  avia-builder-el-12  el_after_av_one_third  el_before_av_one_third  flex_column_div av-zero-column-padding  '     ><p>\n<style type=\"text\/css\" data-created_by=\"avia_inline_auto\" id=\"style-css-av-av_heading-845e71bfb77ad015c5674454f42ad143\">\n#top .av-special-heading.av-av_heading-845e71bfb77ad015c5674454f42ad143{\npadding-bottom:10px;\n}\nbody .av-special-heading.av-av_heading-845e71bfb77ad015c5674454f42ad143 .av-special-heading-tag .heading-char{\nfont-size:25px;\n}\n.av-special-heading.av-av_heading-845e71bfb77ad015c5674454f42ad143 .av-subheading{\nfont-size:13px;\n}\n<\/style>\n<div  class='av-special-heading av-av_heading-845e71bfb77ad015c5674454f42ad143 av-special-heading-h2 blockquote modern-quote modern-centered  avia-builder-el-13  el_before_av_button  avia-builder-el-first '><h2 class='av-special-heading-tag '  itemprop=\"headline\"  >ANS\u00d8GNING OM DONATION<\/h2><div class='av-subheading av-subheading_below'><p>Remmen Fonden st\u00f8tter prim\u00e6rt projekter i Danmark, eller projekter, der gavner danske personer, uanset om disse opholder sig i Danmark eller i udlandet. Aktiviteterne i disse projekter skal v\u00e6re indenfor specifikke fagomr\u00e5der.<\/p>\n<\/div><div class=\"special-heading-border\"><div class=\"special-heading-inner-border\"><\/div><\/div><\/div><br \/>\n<div  class='avia-button-wrap av-av_button-ff84e54bf9cb1aa727705f5f60b94090-wrap avia-button-center  avia-builder-el-14  el_after_av_heading  avia-builder-el-last '>\n<style type=\"text\/css\" data-created_by=\"avia_inline_auto\" id=\"style-css-av-av_button-ff84e54bf9cb1aa727705f5f60b94090\">\n#top #wrap_all .avia-button.av-av_button-ff84e54bf9cb1aa727705f5f60b94090{\nbackground-color:#9eb8bc;\nborder-color:#9eb8bc;\ncolor:#ffffff;\ntransition:all 0.4s ease-in-out;\n}\n<\/style>\n<a href='http:\/\/www.remmenfoundation.org\/en\/applications\/'  class='avia-button av-av_button-ff84e54bf9cb1aa727705f5f60b94090 av-link-btn avia-icon_select-no avia-size-medium avia-position-center'   aria-label=\"L\u00c6S MERE\"><span class='avia_iconbox_title' >L\u00c6S MERE<\/span><\/a><\/div><\/p><\/div>\n\n<style type=\"text\/css\" data-created_by=\"avia_inline_auto\" id=\"style-css-av-av_one_third-c8fc129dc35fd1ae2a1e410224d39ea8\">\n.flex_column.av-av_one_third-c8fc129dc35fd1ae2a1e410224d39ea8{\nborder-radius:0px 0px 0px 0px;\npadding:0px 0px 0px 0px;\n}\n<\/style>\n<div  class='flex_column av-av_one_third-c8fc129dc35fd1ae2a1e410224d39ea8 av_one_third  avia-builder-el-15  el_after_av_one_third  avia-builder-el-last  flex_column_div av-zero-column-padding  '     ><p>\n<style type=\"text\/css\" data-created_by=\"avia_inline_auto\" id=\"style-css-av-av_heading-0addeb1a0cb9ffa6922457429b775a78\">\n#top .av-special-heading.av-av_heading-0addeb1a0cb9ffa6922457429b775a78{\npadding-bottom:10px;\n}\nbody .av-special-heading.av-av_heading-0addeb1a0cb9ffa6922457429b775a78 .av-special-heading-tag .heading-char{\nfont-size:25px;\n}\n.av-special-heading.av-av_heading-0addeb1a0cb9ffa6922457429b775a78 .av-subheading{\nfont-size:13px;\n}\n<\/style>\n<div  class='av-special-heading av-av_heading-0addeb1a0cb9ffa6922457429b775a78 av-special-heading-h2 blockquote modern-quote modern-centered  avia-builder-el-16  el_before_av_button  avia-builder-el-first '><h2 class='av-special-heading-tag '  itemprop=\"headline\"  >ALLE DONATIONER<\/h2><div class='av-subheading av-subheading_below'><p>Her kan du se listen over alle de donationer Remmen Fonden har givet. Donationerne er lagt i kronologisk r\u00e6kkef\u00f8lge s\u00e5 det er nemt at overskue.<\/p>\n<\/div><div class=\"special-heading-border\"><div class=\"special-heading-inner-border\"><\/div><\/div><\/div><br \/>\n<div  class='avia-button-wrap av-av_button-52aced98e3f785d8664a4fbdae5fc328-wrap avia-button-center  avia-builder-el-17  el_after_av_heading  avia-builder-el-last '>\n<style type=\"text\/css\" data-created_by=\"avia_inline_auto\" id=\"style-css-av-av_button-52aced98e3f785d8664a4fbdae5fc328\">\n#top #wrap_all .avia-button.av-av_button-52aced98e3f785d8664a4fbdae5fc328{\nbackground-color:#9eb8bc;\nborder-color:#9eb8bc;\ncolor:#ffffff;\ntransition:all 0.4s ease-in-out;\n}\n<\/style>\n<a href='http:\/\/www.remmenfoundation.org\/en\/donations\/'  class='avia-button av-av_button-52aced98e3f785d8664a4fbdae5fc328 av-link-btn avia-icon_select-no avia-size-medium avia-position-center'   aria-label=\"L\u00c6S MERE\"><span class='avia_iconbox_title' >L\u00c6S MERE<\/span><\/a><\/div><\/p><\/div>\n","protected":false},"excerpt":{"rendered":"","protected":false},"author":1,"featured_media":1338,"template":"","meta":{"footnotes":""},"tags":[],"portfolio_entries":[56,63],"class_list":["post-1731","portfolio","type-portfolio","status-publish","has-post-thumbnail","hentry","portfolio_entries-donations","portfolio_entries-the-mary-foundation"],"yoast_head":"<!-- This site is optimized with the Yoast SEO plugin v27.0 - https:\/\/yoast.com\/product\/yoast-seo-wordpress\/ -->\n<title>THE MARY FOUNDATION 2013 - REMMEN FONDEN<\/title>\n<meta name=\"robots\" content=\"index, follow, max-snippet:-1, max-image-preview:large, max-video-preview:-1\" \/>\n<link rel=\"canonical\" href=\"http:\/\/www.remmenfoundation.org\/en\/donation\/mary-foundation-2013\/\" \/>\n<meta property=\"og:locale\" content=\"en_US\" \/>\n<meta property=\"og:type\" content=\"article\" \/>\n<meta property=\"og:title\" content=\"THE MARY FOUNDATION 2013 - REMMEN FONDEN\" \/>\n<meta property=\"og:url\" content=\"http:\/\/www.remmenfoundation.org\/en\/donation\/mary-foundation-2013\/\" \/>\n<meta property=\"og:site_name\" content=\"REMMEN FONDEN\" \/>\n<meta property=\"article:modified_time\" content=\"2018-05-06T20:18:22+00:00\" \/>\n<meta property=\"og:image\" content=\"http:\/\/www.remmenfoundation.org\/wp-content\/uploads\/2013\/02\/RemmenFonden_Portfolio_maryfonden2013.jpg\" \/>\n\t<meta property=\"og:image:width\" content=\"638\" \/>\n\t<meta property=\"og:image:height\" content=\"369\" \/>\n\t<meta property=\"og:image:type\" content=\"image\/jpeg\" \/>\n<meta name=\"twitter:card\" content=\"summary_large_image\" \/>\n<meta name=\"twitter:label1\" content=\"Est. reading time\" \/>\n\t<meta name=\"twitter:data1\" content=\"5 minutes\" \/>\n<script type=\"application\/ld+json\" class=\"yoast-schema-graph\">{\"@context\":\"https:\/\/schema.org\",\"@graph\":[{\"@type\":\"WebPage\",\"@id\":\"http:\/\/www.remmenfoundation.org\/en\/donation\/mary-foundation-2013\/\",\"url\":\"http:\/\/www.remmenfoundation.org\/en\/donation\/mary-foundation-2013\/\",\"name\":\"THE MARY FOUNDATION 2013 - REMMEN FONDEN\",\"isPartOf\":{\"@id\":\"http:\/\/www.remmenfoundation.org\/en\/#website\"},\"primaryImageOfPage\":{\"@id\":\"http:\/\/www.remmenfoundation.org\/en\/donation\/mary-foundation-2013\/#primaryimage\"},\"image\":{\"@id\":\"http:\/\/www.remmenfoundation.org\/en\/donation\/mary-foundation-2013\/#primaryimage\"},\"thumbnailUrl\":\"http:\/\/www.remmenfoundation.org\/wp-content\/uploads\/2013\/02\/RemmenFonden_Portfolio_maryfonden2013.jpg\",\"datePublished\":\"2018-04-17T21:08:53+00:00\",\"dateModified\":\"2018-05-06T20:18:22+00:00\",\"breadcrumb\":{\"@id\":\"http:\/\/www.remmenfoundation.org\/en\/donation\/mary-foundation-2013\/#breadcrumb\"},\"inLanguage\":\"en-US\",\"potentialAction\":[{\"@type\":\"ReadAction\",\"target\":[\"http:\/\/www.remmenfoundation.org\/en\/donation\/mary-foundation-2013\/\"]}]},{\"@type\":\"ImageObject\",\"inLanguage\":\"en-US\",\"@id\":\"http:\/\/www.remmenfoundation.org\/en\/donation\/mary-foundation-2013\/#primaryimage\",\"url\":\"http:\/\/www.remmenfoundation.org\/wp-content\/uploads\/2013\/02\/RemmenFonden_Portfolio_maryfonden2013.jpg\",\"contentUrl\":\"http:\/\/www.remmenfoundation.org\/wp-content\/uploads\/2013\/02\/RemmenFonden_Portfolio_maryfonden2013.jpg\",\"width\":638,\"height\":369},{\"@type\":\"BreadcrumbList\",\"@id\":\"http:\/\/www.remmenfoundation.org\/en\/donation\/mary-foundation-2013\/#breadcrumb\",\"itemListElement\":[{\"@type\":\"ListItem\",\"position\":1,\"name\":\"Hjem\",\"item\":\"http:\/\/www.remmenfoundation.org\/en\/\"},{\"@type\":\"ListItem\",\"position\":2,\"name\":\"THE MARY FOUNDATION 2013\"}]},{\"@type\":\"WebSite\",\"@id\":\"http:\/\/www.remmenfoundation.org\/en\/#website\",\"url\":\"http:\/\/www.remmenfoundation.org\/en\/\",\"name\":\"REMMEN FONDEN\",\"description\":\"The Remmen foundation\",\"potentialAction\":[{\"@type\":\"SearchAction\",\"target\":{\"@type\":\"EntryPoint\",\"urlTemplate\":\"http:\/\/www.remmenfoundation.org\/en\/?s={search_term_string}\"},\"query-input\":{\"@type\":\"PropertyValueSpecification\",\"valueRequired\":true,\"valueName\":\"search_term_string\"}}],\"inLanguage\":\"en-US\"}]}<\/script>\n<!-- \/ Yoast SEO plugin. -->","yoast_head_json":{"title":"THE MARY FOUNDATION 2013 - REMMEN FONDEN","robots":{"index":"index","follow":"follow","max-snippet":"max-snippet:-1","max-image-preview":"max-image-preview:large","max-video-preview":"max-video-preview:-1"},"canonical":"http:\/\/www.remmenfoundation.org\/en\/donation\/mary-foundation-2013\/","og_locale":"en_US","og_type":"article","og_title":"THE MARY FOUNDATION 2013 - REMMEN FONDEN","og_url":"http:\/\/www.remmenfoundation.org\/en\/donation\/mary-foundation-2013\/","og_site_name":"REMMEN FONDEN","article_modified_time":"2018-05-06T20:18:22+00:00","og_image":[{"width":638,"height":369,"url":"http:\/\/www.remmenfoundation.org\/wp-content\/uploads\/2013\/02\/RemmenFonden_Portfolio_maryfonden2013.jpg","type":"image\/jpeg"}],"twitter_card":"summary_large_image","twitter_misc":{"Est. reading time":"5 minutes"},"schema":{"@context":"https:\/\/schema.org","@graph":[{"@type":"WebPage","@id":"http:\/\/www.remmenfoundation.org\/en\/donation\/mary-foundation-2013\/","url":"http:\/\/www.remmenfoundation.org\/en\/donation\/mary-foundation-2013\/","name":"THE MARY FOUNDATION 2013 - REMMEN FONDEN","isPartOf":{"@id":"http:\/\/www.remmenfoundation.org\/en\/#website"},"primaryImageOfPage":{"@id":"http:\/\/www.remmenfoundation.org\/en\/donation\/mary-foundation-2013\/#primaryimage"},"image":{"@id":"http:\/\/www.remmenfoundation.org\/en\/donation\/mary-foundation-2013\/#primaryimage"},"thumbnailUrl":"http:\/\/www.remmenfoundation.org\/wp-content\/uploads\/2013\/02\/RemmenFonden_Portfolio_maryfonden2013.jpg","datePublished":"2018-04-17T21:08:53+00:00","dateModified":"2018-05-06T20:18:22+00:00","breadcrumb":{"@id":"http:\/\/www.remmenfoundation.org\/en\/donation\/mary-foundation-2013\/#breadcrumb"},"inLanguage":"en-US","potentialAction":[{"@type":"ReadAction","target":["http:\/\/www.remmenfoundation.org\/en\/donation\/mary-foundation-2013\/"]}]},{"@type":"ImageObject","inLanguage":"en-US","@id":"http:\/\/www.remmenfoundation.org\/en\/donation\/mary-foundation-2013\/#primaryimage","url":"http:\/\/www.remmenfoundation.org\/wp-content\/uploads\/2013\/02\/RemmenFonden_Portfolio_maryfonden2013.jpg","contentUrl":"http:\/\/www.remmenfoundation.org\/wp-content\/uploads\/2013\/02\/RemmenFonden_Portfolio_maryfonden2013.jpg","width":638,"height":369},{"@type":"BreadcrumbList","@id":"http:\/\/www.remmenfoundation.org\/en\/donation\/mary-foundation-2013\/#breadcrumb","itemListElement":[{"@type":"ListItem","position":1,"name":"Hjem","item":"http:\/\/www.remmenfoundation.org\/en\/"},{"@type":"ListItem","position":2,"name":"THE MARY FOUNDATION 2013"}]},{"@type":"WebSite","@id":"http:\/\/www.remmenfoundation.org\/en\/#website","url":"http:\/\/www.remmenfoundation.org\/en\/","name":"REMMEN FONDEN","description":"The Remmen foundation","potentialAction":[{"@type":"SearchAction","target":{"@type":"EntryPoint","urlTemplate":"http:\/\/www.remmenfoundation.org\/en\/?s={search_term_string}"},"query-input":{"@type":"PropertyValueSpecification","valueRequired":true,"valueName":"search_term_string"}}],"inLanguage":"en-US"}]}},"_links":{"self":[{"href":"http:\/\/www.remmenfoundation.org\/en\/wp-json\/wp\/v2\/portfolio\/1731","targetHints":{"allow":["GET"]}}],"collection":[{"href":"http:\/\/www.remmenfoundation.org\/en\/wp-json\/wp\/v2\/portfolio"}],"about":[{"href":"http:\/\/www.remmenfoundation.org\/en\/wp-json\/wp\/v2\/types\/portfolio"}],"author":[{"embeddable":true,"href":"http:\/\/www.remmenfoundation.org\/en\/wp-json\/wp\/v2\/users\/1"}],"version-history":[{"count":1,"href":"http:\/\/www.remmenfoundation.org\/en\/wp-json\/wp\/v2\/portfolio\/1731\/revisions"}],"predecessor-version":[{"id":2427,"href":"http:\/\/www.remmenfoundation.org\/en\/wp-json\/wp\/v2\/portfolio\/1731\/revisions\/2427"}],"wp:featuredmedia":[{"embeddable":true,"href":"http:\/\/www.remmenfoundation.org\/en\/wp-json\/wp\/v2\/media\/1338"}],"wp:attachment":[{"href":"http:\/\/www.remmenfoundation.org\/en\/wp-json\/wp\/v2\/media?parent=1731"}],"wp:term":[{"taxonomy":"post_tag","embeddable":true,"href":"http:\/\/www.remmenfoundation.org\/en\/wp-json\/wp\/v2\/tags?post=1731"},{"taxonomy":"portfolio_entries","embeddable":true,"href":"http:\/\/www.remmenfoundation.org\/en\/wp-json\/wp\/v2\/portfolio_entries?post=1731"}],"curies":[{"name":"wp","href":"https:\/\/api.w.org\/{rel}","templated":true}]}}