{"id":1775,"date":"2018-04-17T23:21:48","date_gmt":"2018-04-17T21:21:48","guid":{"rendered":"http:\/\/www.remmenfoundation.org\/?post_type=portfolio&#038;p=1775"},"modified":"2018-05-08T09:53:35","modified_gmt":"2018-05-08T07:53:35","slug":"remmen-foundation-art-prize-2017","status":"publish","type":"portfolio","link":"http:\/\/www.remmenfoundation.org\/en\/donation\/remmen-foundation-art-prize-2017\/","title":{"rendered":"ART PRIZE 2017"},"content":{"rendered":"\n<style type=\"text\/css\" data-created_by=\"avia_inline_auto\" id=\"style-css-av-av_two_fifth-15d750bd1b332b34c6e70b077ebbccdf\">\n.flex_column.av-av_two_fifth-15d750bd1b332b34c6e70b077ebbccdf{\nborder-radius:0px 0px 0px 0px;\npadding:0px 0px 0px 0px;\n}\n<\/style>\n<div  class='flex_column av-av_two_fifth-15d750bd1b332b34c6e70b077ebbccdf av_two_fifth  avia-builder-el-0  el_before_av_three_fifth  avia-builder-el-first  first flex_column_div av-zero-column-padding  '     ><p>\n<style type=\"text\/css\" data-created_by=\"avia_inline_auto\" id=\"style-css-av-av_heading-d3025ebe9d90686037d296ec59bb007d\">\n#top .av-special-heading.av-av_heading-d3025ebe9d90686037d296ec59bb007d{\npadding-bottom:10px;\n}\nbody .av-special-heading.av-av_heading-d3025ebe9d90686037d296ec59bb007d .av-special-heading-tag .heading-char{\nfont-size:25px;\n}\n.av-special-heading.av-av_heading-d3025ebe9d90686037d296ec59bb007d .av-subheading{\nfont-size:15px;\n}\n<\/style>\n<div  class='av-special-heading av-av_heading-d3025ebe9d90686037d296ec59bb007d av-special-heading-h2 blockquote modern-quote  avia-builder-el-1  el_before_av_textblock  avia-builder-el-first '><h2 class='av-special-heading-tag '  itemprop=\"headline\"  >THE REMMEN FOUNDATION ART PRIZE<\/h2><div class='av-subheading av-subheading_below'><p>2017<\/p>\n<\/div><div class=\"special-heading-border\"><div class=\"special-heading-inner-border\"><\/div><\/div><\/div><br \/>\n<section  class='av_textblock_section av-av_textblock-2de302bf1aa3cf4c9157dbe6f50ac7eb '   itemscope=\"itemscope\" itemtype=\"https:\/\/schema.org\/CreativeWork\" ><div class='avia_textblock'  itemprop=\"text\" ><p>The Remmen Foundation Art Prize 2017 was on October 9, 2017 awarded to the young artist Fredrik Tyd\u00e9n during an event at Hotel d&#8217;Angleterre, where he received an award of DKK 100.000.<\/p>\n<p>Fredrik Tyd\u00e9n is educated at the Royal Danish Academy of Fine Arts in Copenhagen, where he graduated in 2015. Frederik Tyd\u00e9n was nominated together with four other young Danish artists: Amitai Romm, Julie L\u00e6nkholm, Martha Hviid and Jesper Skov Madsen.<\/p>\n<p>The Remmen Foundation would like to congratulate not only Fredrik Tyd\u00e9n but the other nominated artists as well.<\/p>\n<p>The Remmen Foundation Art Prize was established in 2015 on the occasion of the 260 years anniversary of the hotel, and was first awarded to Morten Knudsen.<\/p>\n<p>The Prize Committee in 2017 consisted of Mette Remmen Kristiansen, Arne Wulff, Jens-Peter Brask, Bj\u00f8rn N\u00f8rgaard og Barbar Husted Werner. The committee nominates the candidates and chooses the winner of the year. (For information, it is not possible to apply for the Remmen Foundation Art Prize).<\/p>\n<\/div><\/section><\/p><\/div>\n\n<style type=\"text\/css\" data-created_by=\"avia_inline_auto\" id=\"style-css-av-av_three_fifth-c8fc129dc35fd1ae2a1e410224d39ea8\">\n.flex_column.av-av_three_fifth-c8fc129dc35fd1ae2a1e410224d39ea8{\nborder-radius:0px 0px 0px 0px;\npadding:0px 0px 0px 0px;\n}\n<\/style>\n<div  class='flex_column av-av_three_fifth-c8fc129dc35fd1ae2a1e410224d39ea8 av_three_fifth  avia-builder-el-3  el_after_av_two_fifth  el_before_av_hr  flex_column_div av-zero-column-padding  '     ><p>\n<style type=\"text\/css\" data-created_by=\"avia_inline_auto\" id=\"style-css-av-av_image-45958079e8430a80ecdb97cdf3582870\">\n.avia-image-container.av-av_image-45958079e8430a80ecdb97cdf3582870 img.avia_image{\nbox-shadow:none;\n}\n.avia-image-container.av-av_image-45958079e8430a80ecdb97cdf3582870 .av-image-caption-overlay-center{\ncolor:#ffffff;\n}\n<\/style>\n<div  class='avia-image-container av-av_image-45958079e8430a80ecdb97cdf3582870 av-styling- avia-align-left  avia-builder-el-4  el_before_av_textblock  avia-builder-el-first '   itemprop=\"image\" itemscope=\"itemscope\" itemtype=\"https:\/\/schema.org\/ImageObject\" ><div class=\"avia-image-container-inner\"><div class=\"avia-image-overlay-wrap\"><img decoding=\"async\" fetchpriority=\"high\" class='wp-image-134 avia-img-lazy-loading-not-134 avia_image ' src=\"http:\/\/www.remmenfoundation.org\/wp-content\/uploads\/2018\/01\/remmen2017-860x609.jpg\" alt='' title=''  height=\"609\" width=\"860\"  itemprop=\"thumbnailUrl\" srcset=\"http:\/\/www.remmenfoundation.org\/wp-content\/uploads\/2018\/01\/remmen2017-860x609.jpg 860w, http:\/\/www.remmenfoundation.org\/wp-content\/uploads\/2018\/01\/remmen2017-860x609-300x212.jpg 300w, http:\/\/www.remmenfoundation.org\/wp-content\/uploads\/2018\/01\/remmen2017-860x609-768x544.jpg 768w, http:\/\/www.remmenfoundation.org\/wp-content\/uploads\/2018\/01\/remmen2017-860x609-260x185.jpg 260w, http:\/\/www.remmenfoundation.org\/wp-content\/uploads\/2018\/01\/remmen2017-860x609-705x499.jpg 705w, http:\/\/www.remmenfoundation.org\/wp-content\/uploads\/2018\/01\/remmen2017-860x609-450x319.jpg 450w\" sizes=\"(max-width: 860px) 100vw, 860px\" \/><\/div><\/div><\/div><br \/>\n\n<style type=\"text\/css\" data-created_by=\"avia_inline_auto\" id=\"style-css-av-av_textblock-586e525e8b2f90af96d78819b81aa3fa\">\n#top .av_textblock_section.av-av_textblock-586e525e8b2f90af96d78819b81aa3fa .avia_textblock{\nfont-size:15px;\n}\n<\/style>\n<section  class='av_textblock_section av-av_textblock-586e525e8b2f90af96d78819b81aa3fa '   itemscope=\"itemscope\" itemtype=\"https:\/\/schema.org\/CreativeWork\" ><div class='avia_textblock'  itemprop=\"text\" ><p><small><em>Prize winner Fredrik Tyd\u00e9n together with the other nominees: Amitai Romm, Julie L\u00e6nkholm, Martha Hviid and Jesper Skov Madsen. Photo: Jan Falk Borup<\/em><\/small><\/p>\n<\/div><\/section><br \/>\n\n<style type=\"text\/css\" data-created_by=\"avia_inline_auto\" id=\"style-css-av-av_image-90ee33d53471a958fce6480efc0d82df\">\n.avia-image-container.av-av_image-90ee33d53471a958fce6480efc0d82df img.avia_image{\nbox-shadow:none;\n}\n.avia-image-container.av-av_image-90ee33d53471a958fce6480efc0d82df .av-image-caption-overlay-center{\ncolor:#ffffff;\n}\n<\/style>\n<div  class='avia-image-container av-av_image-90ee33d53471a958fce6480efc0d82df av-styling- avia-align-left  avia-builder-el-6  el_after_av_textblock  el_before_av_textblock '   itemprop=\"image\" itemscope=\"itemscope\" itemtype=\"https:\/\/schema.org\/ImageObject\" ><div class=\"avia-image-container-inner\"><div class=\"avia-image-overlay-wrap\"><img decoding=\"async\" fetchpriority=\"high\" class='wp-image-1150 avia-img-lazy-loading-not-1150 avia_image ' src=\"http:\/\/www.remmenfoundation.org\/wp-content\/uploads\/2017\/10\/Kunstpris_2017_vaerk-1.jpg\" alt='' title='Kunstpris_2017_vaerk'  height=\"797\" width=\"709\"  itemprop=\"thumbnailUrl\" srcset=\"http:\/\/www.remmenfoundation.org\/wp-content\/uploads\/2017\/10\/Kunstpris_2017_vaerk-1.jpg 709w, http:\/\/www.remmenfoundation.org\/wp-content\/uploads\/2017\/10\/Kunstpris_2017_vaerk-1-267x300.jpg 267w, http:\/\/www.remmenfoundation.org\/wp-content\/uploads\/2017\/10\/Kunstpris_2017_vaerk-1-534x600.jpg 534w, http:\/\/www.remmenfoundation.org\/wp-content\/uploads\/2017\/10\/Kunstpris_2017_vaerk-1-627x705.jpg 627w, http:\/\/www.remmenfoundation.org\/wp-content\/uploads\/2017\/10\/Kunstpris_2017_vaerk-1-450x506.jpg 450w\" sizes=\"(max-width: 709px) 100vw, 709px\" \/><\/div><\/div><\/div><br \/>\n\n<style type=\"text\/css\" data-created_by=\"avia_inline_auto\" id=\"style-css-av-av_textblock-586e525e8b2f90af96d78819b81aa3fa\">\n#top .av_textblock_section.av-av_textblock-586e525e8b2f90af96d78819b81aa3fa .avia_textblock{\nfont-size:15px;\n}\n<\/style>\n<section  class='av_textblock_section av-av_textblock-586e525e8b2f90af96d78819b81aa3fa '   itemscope=\"itemscope\" itemtype=\"https:\/\/schema.org\/CreativeWork\" ><div class='avia_textblock'  itemprop=\"text\" ><p><small><em>The artwork of the prize winner Fredrik Tyd\u00e9n.<\/em><\/small><\/p>\n<\/div><\/section><\/p><\/div>\n\n<style type=\"text\/css\" data-created_by=\"avia_inline_auto\" id=\"style-css-av-av_hr-be2af5ad00bb720ba11f76eeb4d93cec\">\n#top .hr.av-av_hr-be2af5ad00bb720ba11f76eeb4d93cec{\nmargin-top:30px;\nmargin-bottom:20px;\n}\n.hr.av-av_hr-be2af5ad00bb720ba11f76eeb4d93cec .hr-inner{\nwidth:2000;\nborder-color:#444444;\n}\n<\/style>\n<div  class='hr av-av_hr-be2af5ad00bb720ba11f76eeb4d93cec hr-custom  avia-builder-el-8  el_after_av_three_fifth  el_before_av_one_third  hr-center hr-icon-no'><span class='hr-inner inner-border-av-border-thin'><span class=\"hr-inner-style\"><\/span><\/span><\/div>\n\n<style type=\"text\/css\" data-created_by=\"avia_inline_auto\" id=\"style-css-av-av_one_third-15d750bd1b332b34c6e70b077ebbccdf\">\n.flex_column.av-av_one_third-15d750bd1b332b34c6e70b077ebbccdf{\nborder-radius:0px 0px 0px 0px;\npadding:0px 0px 0px 0px;\n}\n<\/style>\n<div  class='flex_column av-av_one_third-15d750bd1b332b34c6e70b077ebbccdf av_one_third  avia-builder-el-9  el_after_av_hr  el_before_av_one_third  first flex_column_div av-zero-column-padding  '     ><p>\n<style type=\"text\/css\" data-created_by=\"avia_inline_auto\" id=\"style-css-av-av_heading-1accbfaa92a516534f183fb77ca2e087\">\n#top .av-special-heading.av-av_heading-1accbfaa92a516534f183fb77ca2e087{\npadding-bottom:10px;\n}\nbody .av-special-heading.av-av_heading-1accbfaa92a516534f183fb77ca2e087 .av-special-heading-tag .heading-char{\nfont-size:25px;\n}\n.av-special-heading.av-av_heading-1accbfaa92a516534f183fb77ca2e087 .av-subheading{\nfont-size:13px;\n}\n<\/style>\n<div  class='av-special-heading av-av_heading-1accbfaa92a516534f183fb77ca2e087 av-special-heading-h2 blockquote modern-quote modern-centered  avia-builder-el-10  el_before_av_button  avia-builder-el-first '><h2 class='av-special-heading-tag '  itemprop=\"headline\"  >THE REMMEN FOUNDATION<\/h2><div class='av-subheading av-subheading_below'><p>The Remmen Foundation (Remmen&#8217;s Stiftung von 1986) was founded by Henning Remmen in 1986. Originally, the purpose of the Foundation was to operate a variety of commercial activities centered around hotels.<\/p>\n<\/div><div class=\"special-heading-border\"><div class=\"special-heading-inner-border\"><\/div><\/div><\/div><br \/>\n<div  class='avia-button-wrap av-av_button-8f9b3e55bebb778861730e5b12af7941-wrap avia-button-center  avia-builder-el-11  el_after_av_heading  avia-builder-el-last '>\n<style type=\"text\/css\" data-created_by=\"avia_inline_auto\" id=\"style-css-av-av_button-8f9b3e55bebb778861730e5b12af7941\">\n#top #wrap_all .avia-button.av-av_button-8f9b3e55bebb778861730e5b12af7941{\nbackground-color:#9eb8bc;\nborder-color:#9eb8bc;\ncolor:#ffffff;\ntransition:all 0.4s ease-in-out;\n}\n<\/style>\n<a href='http:\/\/www.remmenfoundation.org\/en\/about-the-remmen-foundation\/'  class='avia-button av-av_button-8f9b3e55bebb778861730e5b12af7941 av-link-btn avia-icon_select-no avia-size-medium avia-position-center'   aria-label=\"READ MORE\"><span class='avia_iconbox_title' >READ MORE<\/span><\/a><\/div><\/p><\/div>\n<style type=\"text\/css\" data-created_by=\"avia_inline_auto\" id=\"style-css-av-av_one_third-c8fc129dc35fd1ae2a1e410224d39ea8\">\n.flex_column.av-av_one_third-c8fc129dc35fd1ae2a1e410224d39ea8{\nborder-radius:0px 0px 0px 0px;\npadding:0px 0px 0px 0px;\n}\n<\/style>\n<div  class='flex_column av-av_one_third-c8fc129dc35fd1ae2a1e410224d39ea8 av_one_third  avia-builder-el-12  el_after_av_one_third  el_before_av_one_third  flex_column_div av-zero-column-padding  '     ><p>\n<style type=\"text\/css\" data-created_by=\"avia_inline_auto\" id=\"style-css-av-av_heading-381acb80189c859d33bd8b3227ca1909\">\n#top .av-special-heading.av-av_heading-381acb80189c859d33bd8b3227ca1909{\npadding-bottom:10px;\n}\nbody .av-special-heading.av-av_heading-381acb80189c859d33bd8b3227ca1909 .av-special-heading-tag .heading-char{\nfont-size:25px;\n}\n.av-special-heading.av-av_heading-381acb80189c859d33bd8b3227ca1909 .av-subheading{\nfont-size:13px;\n}\n<\/style>\n<div  class='av-special-heading av-av_heading-381acb80189c859d33bd8b3227ca1909 av-special-heading-h2 blockquote modern-quote modern-centered  avia-builder-el-13  el_before_av_button  avia-builder-el-first '><h2 class='av-special-heading-tag '  itemprop=\"headline\"  >APPLY FOR A DONATION<\/h2><div class='av-subheading av-subheading_below'><p>The Remmen Foundation primarily supports projects in Denmark, or projects that benefit Danish people, whether they reside in Denmark or abroad.<\/p>\n<\/div><div class=\"special-heading-border\"><div class=\"special-heading-inner-border\"><\/div><\/div><\/div><br \/>\n<div  class='avia-button-wrap av-av_button-fee9f9af22c14f7ecd9d5c8e1f6b9bf3-wrap avia-button-center  avia-builder-el-14  el_after_av_heading  avia-builder-el-last '>\n<style type=\"text\/css\" data-created_by=\"avia_inline_auto\" id=\"style-css-av-av_button-fee9f9af22c14f7ecd9d5c8e1f6b9bf3\">\n#top #wrap_all .avia-button.av-av_button-fee9f9af22c14f7ecd9d5c8e1f6b9bf3{\nbackground-color:#9eb8bc;\nborder-color:#9eb8bc;\ncolor:#ffffff;\ntransition:all 0.4s ease-in-out;\n}\n<\/style>\n<a href='http:\/\/www.remmenfoundation.org\/en\/applications\/'  class='avia-button av-av_button-fee9f9af22c14f7ecd9d5c8e1f6b9bf3 av-link-btn avia-icon_select-no avia-size-medium avia-position-center'   aria-label=\"READ MORE\"><span class='avia_iconbox_title' >READ MORE<\/span><\/a><\/div><\/p><\/div>\n<style type=\"text\/css\" data-created_by=\"avia_inline_auto\" id=\"style-css-av-av_one_third-c8fc129dc35fd1ae2a1e410224d39ea8\">\n.flex_column.av-av_one_third-c8fc129dc35fd1ae2a1e410224d39ea8{\nborder-radius:0px 0px 0px 0px;\npadding:0px 0px 0px 0px;\n}\n<\/style>\n<div  class='flex_column av-av_one_third-c8fc129dc35fd1ae2a1e410224d39ea8 av_one_third  avia-builder-el-15  el_after_av_one_third  avia-builder-el-last  flex_column_div av-zero-column-padding  '     ><p>\n<style type=\"text\/css\" data-created_by=\"avia_inline_auto\" id=\"style-css-av-av_heading-5a71001540330f27844dd61b02e0403a\">\n#top .av-special-heading.av-av_heading-5a71001540330f27844dd61b02e0403a{\npadding-bottom:10px;\n}\nbody .av-special-heading.av-av_heading-5a71001540330f27844dd61b02e0403a .av-special-heading-tag .heading-char{\nfont-size:25px;\n}\n.av-special-heading.av-av_heading-5a71001540330f27844dd61b02e0403a .av-subheading{\nfont-size:13px;\n}\n<\/style>\n<div  class='av-special-heading av-av_heading-5a71001540330f27844dd61b02e0403a av-special-heading-h2 blockquote modern-quote modern-centered  avia-builder-el-16  el_before_av_button  avia-builder-el-first '><h2 class='av-special-heading-tag '  itemprop=\"headline\"  >ALL DONATIONS<\/h2><div class='av-subheading av-subheading_below'><p>Here you can see the list of all the donations The Remmen Foundation have provided. The donations are displayed in chronological sequence to create and ease the overview.<\/p>\n<\/div><div class=\"special-heading-border\"><div class=\"special-heading-inner-border\"><\/div><\/div><\/div><br \/>\n<div  class='avia-button-wrap av-av_button-ecd57a05148c8c7f79f14774aaacdbcd-wrap avia-button-center  avia-builder-el-17  el_after_av_heading  avia-builder-el-last '>\n<style type=\"text\/css\" data-created_by=\"avia_inline_auto\" id=\"style-css-av-av_button-ecd57a05148c8c7f79f14774aaacdbcd\">\n#top #wrap_all .avia-button.av-av_button-ecd57a05148c8c7f79f14774aaacdbcd{\nbackground-color:#9eb8bc;\nborder-color:#9eb8bc;\ncolor:#ffffff;\ntransition:all 0.4s ease-in-out;\n}\n<\/style>\n<a href='http:\/\/www.remmenfoundation.org\/en\/donations\/all-donations\/'  class='avia-button av-av_button-ecd57a05148c8c7f79f14774aaacdbcd av-link-btn avia-icon_select-no avia-size-medium avia-position-center'   aria-label=\"READ MORE\"><span class='avia_iconbox_title' >READ MORE<\/span><\/a><\/div><\/p><\/div><\/p>\n","protected":false},"excerpt":{"rendered":"","protected":false},"author":1,"featured_media":137,"template":"","meta":{"footnotes":""},"tags":[16,72,6,66,17,7,3],"portfolio_entries":[62,56],"class_list":["post-1775","portfolio","type-portfolio","status-publish","has-post-thumbnail","hentry","tag-16","tag-art-prize","tag-dangleterre","tag-foundation","tag-fredrik-tyden","tag-hotel-dangleterre","tag-remmen-fonden","portfolio_entries-art-prize","portfolio_entries-donations"],"yoast_head":"<!-- This site is optimized with the Yoast SEO plugin v27.0 - https:\/\/yoast.com\/product\/yoast-seo-wordpress\/ -->\n<title>ART PRIZE 2017 - REMMEN FONDEN<\/title>\n<meta name=\"robots\" content=\"index, follow, max-snippet:-1, max-image-preview:large, max-video-preview:-1\" \/>\n<link rel=\"canonical\" href=\"http:\/\/www.remmenfoundation.org\/en\/donation\/remmen-foundation-art-prize-2017\/\" \/>\n<meta property=\"og:locale\" content=\"en_US\" \/>\n<meta property=\"og:type\" content=\"article\" \/>\n<meta property=\"og:title\" content=\"ART PRIZE 2017 - REMMEN FONDEN\" \/>\n<meta property=\"og:url\" content=\"http:\/\/www.remmenfoundation.org\/en\/donation\/remmen-foundation-art-prize-2017\/\" \/>\n<meta property=\"og:site_name\" content=\"REMMEN FONDEN\" \/>\n<meta property=\"article:modified_time\" content=\"2018-05-08T07:53:35+00:00\" \/>\n<meta property=\"og:image\" content=\"http:\/\/www.remmenfoundation.org\/wp-content\/uploads\/2018\/01\/RemmenFonden_Portfolio_Kunstpris2017.jpg\" \/>\n\t<meta property=\"og:image:width\" content=\"638\" \/>\n\t<meta property=\"og:image:height\" content=\"369\" \/>\n\t<meta property=\"og:image:type\" content=\"image\/jpeg\" \/>\n<meta name=\"twitter:card\" content=\"summary_large_image\" \/>\n<meta name=\"twitter:label1\" content=\"Est. reading time\" \/>\n\t<meta name=\"twitter:data1\" content=\"6 minutes\" \/>\n<script type=\"application\/ld+json\" class=\"yoast-schema-graph\">{\"@context\":\"https:\/\/schema.org\",\"@graph\":[{\"@type\":\"WebPage\",\"@id\":\"http:\/\/www.remmenfoundation.org\/en\/donation\/remmen-foundation-art-prize-2017\/\",\"url\":\"http:\/\/www.remmenfoundation.org\/en\/donation\/remmen-foundation-art-prize-2017\/\",\"name\":\"ART PRIZE 2017 - REMMEN FONDEN\",\"isPartOf\":{\"@id\":\"http:\/\/www.remmenfoundation.org\/en\/#website\"},\"primaryImageOfPage\":{\"@id\":\"http:\/\/www.remmenfoundation.org\/en\/donation\/remmen-foundation-art-prize-2017\/#primaryimage\"},\"image\":{\"@id\":\"http:\/\/www.remmenfoundation.org\/en\/donation\/remmen-foundation-art-prize-2017\/#primaryimage\"},\"thumbnailUrl\":\"http:\/\/www.remmenfoundation.org\/wp-content\/uploads\/2018\/01\/RemmenFonden_Portfolio_Kunstpris2017.jpg\",\"datePublished\":\"2018-04-17T21:21:48+00:00\",\"dateModified\":\"2018-05-08T07:53:35+00:00\",\"breadcrumb\":{\"@id\":\"http:\/\/www.remmenfoundation.org\/en\/donation\/remmen-foundation-art-prize-2017\/#breadcrumb\"},\"inLanguage\":\"en-US\",\"potentialAction\":[{\"@type\":\"ReadAction\",\"target\":[\"http:\/\/www.remmenfoundation.org\/en\/donation\/remmen-foundation-art-prize-2017\/\"]}]},{\"@type\":\"ImageObject\",\"inLanguage\":\"en-US\",\"@id\":\"http:\/\/www.remmenfoundation.org\/en\/donation\/remmen-foundation-art-prize-2017\/#primaryimage\",\"url\":\"http:\/\/www.remmenfoundation.org\/wp-content\/uploads\/2018\/01\/RemmenFonden_Portfolio_Kunstpris2017.jpg\",\"contentUrl\":\"http:\/\/www.remmenfoundation.org\/wp-content\/uploads\/2018\/01\/RemmenFonden_Portfolio_Kunstpris2017.jpg\",\"width\":638,\"height\":369,\"caption\":\"RemmenFonden_Portfolio_Kunstpris2017\"},{\"@type\":\"BreadcrumbList\",\"@id\":\"http:\/\/www.remmenfoundation.org\/en\/donation\/remmen-foundation-art-prize-2017\/#breadcrumb\",\"itemListElement\":[{\"@type\":\"ListItem\",\"position\":1,\"name\":\"Hjem\",\"item\":\"http:\/\/www.remmenfoundation.org\/en\/\"},{\"@type\":\"ListItem\",\"position\":2,\"name\":\"ART PRIZE 2017\"}]},{\"@type\":\"WebSite\",\"@id\":\"http:\/\/www.remmenfoundation.org\/en\/#website\",\"url\":\"http:\/\/www.remmenfoundation.org\/en\/\",\"name\":\"REMMEN FONDEN\",\"description\":\"The Remmen foundation\",\"potentialAction\":[{\"@type\":\"SearchAction\",\"target\":{\"@type\":\"EntryPoint\",\"urlTemplate\":\"http:\/\/www.remmenfoundation.org\/en\/?s={search_term_string}\"},\"query-input\":{\"@type\":\"PropertyValueSpecification\",\"valueRequired\":true,\"valueName\":\"search_term_string\"}}],\"inLanguage\":\"en-US\"}]}<\/script>\n<!-- \/ Yoast SEO plugin. -->","yoast_head_json":{"title":"ART PRIZE 2017 - REMMEN FONDEN","robots":{"index":"index","follow":"follow","max-snippet":"max-snippet:-1","max-image-preview":"max-image-preview:large","max-video-preview":"max-video-preview:-1"},"canonical":"http:\/\/www.remmenfoundation.org\/en\/donation\/remmen-foundation-art-prize-2017\/","og_locale":"en_US","og_type":"article","og_title":"ART PRIZE 2017 - REMMEN FONDEN","og_url":"http:\/\/www.remmenfoundation.org\/en\/donation\/remmen-foundation-art-prize-2017\/","og_site_name":"REMMEN FONDEN","article_modified_time":"2018-05-08T07:53:35+00:00","og_image":[{"width":638,"height":369,"url":"http:\/\/www.remmenfoundation.org\/wp-content\/uploads\/2018\/01\/RemmenFonden_Portfolio_Kunstpris2017.jpg","type":"image\/jpeg"}],"twitter_card":"summary_large_image","twitter_misc":{"Est. reading time":"6 minutes"},"schema":{"@context":"https:\/\/schema.org","@graph":[{"@type":"WebPage","@id":"http:\/\/www.remmenfoundation.org\/en\/donation\/remmen-foundation-art-prize-2017\/","url":"http:\/\/www.remmenfoundation.org\/en\/donation\/remmen-foundation-art-prize-2017\/","name":"ART PRIZE 2017 - REMMEN FONDEN","isPartOf":{"@id":"http:\/\/www.remmenfoundation.org\/en\/#website"},"primaryImageOfPage":{"@id":"http:\/\/www.remmenfoundation.org\/en\/donation\/remmen-foundation-art-prize-2017\/#primaryimage"},"image":{"@id":"http:\/\/www.remmenfoundation.org\/en\/donation\/remmen-foundation-art-prize-2017\/#primaryimage"},"thumbnailUrl":"http:\/\/www.remmenfoundation.org\/wp-content\/uploads\/2018\/01\/RemmenFonden_Portfolio_Kunstpris2017.jpg","datePublished":"2018-04-17T21:21:48+00:00","dateModified":"2018-05-08T07:53:35+00:00","breadcrumb":{"@id":"http:\/\/www.remmenfoundation.org\/en\/donation\/remmen-foundation-art-prize-2017\/#breadcrumb"},"inLanguage":"en-US","potentialAction":[{"@type":"ReadAction","target":["http:\/\/www.remmenfoundation.org\/en\/donation\/remmen-foundation-art-prize-2017\/"]}]},{"@type":"ImageObject","inLanguage":"en-US","@id":"http:\/\/www.remmenfoundation.org\/en\/donation\/remmen-foundation-art-prize-2017\/#primaryimage","url":"http:\/\/www.remmenfoundation.org\/wp-content\/uploads\/2018\/01\/RemmenFonden_Portfolio_Kunstpris2017.jpg","contentUrl":"http:\/\/www.remmenfoundation.org\/wp-content\/uploads\/2018\/01\/RemmenFonden_Portfolio_Kunstpris2017.jpg","width":638,"height":369,"caption":"RemmenFonden_Portfolio_Kunstpris2017"},{"@type":"BreadcrumbList","@id":"http:\/\/www.remmenfoundation.org\/en\/donation\/remmen-foundation-art-prize-2017\/#breadcrumb","itemListElement":[{"@type":"ListItem","position":1,"name":"Hjem","item":"http:\/\/www.remmenfoundation.org\/en\/"},{"@type":"ListItem","position":2,"name":"ART PRIZE 2017"}]},{"@type":"WebSite","@id":"http:\/\/www.remmenfoundation.org\/en\/#website","url":"http:\/\/www.remmenfoundation.org\/en\/","name":"REMMEN FONDEN","description":"The Remmen foundation","potentialAction":[{"@type":"SearchAction","target":{"@type":"EntryPoint","urlTemplate":"http:\/\/www.remmenfoundation.org\/en\/?s={search_term_string}"},"query-input":{"@type":"PropertyValueSpecification","valueRequired":true,"valueName":"search_term_string"}}],"inLanguage":"en-US"}]}},"_links":{"self":[{"href":"http:\/\/www.remmenfoundation.org\/en\/wp-json\/wp\/v2\/portfolio\/1775","targetHints":{"allow":["GET"]}}],"collection":[{"href":"http:\/\/www.remmenfoundation.org\/en\/wp-json\/wp\/v2\/portfolio"}],"about":[{"href":"http:\/\/www.remmenfoundation.org\/en\/wp-json\/wp\/v2\/types\/portfolio"}],"author":[{"embeddable":true,"href":"http:\/\/www.remmenfoundation.org\/en\/wp-json\/wp\/v2\/users\/1"}],"version-history":[{"count":1,"href":"http:\/\/www.remmenfoundation.org\/en\/wp-json\/wp\/v2\/portfolio\/1775\/revisions"}],"predecessor-version":[{"id":2550,"href":"http:\/\/www.remmenfoundation.org\/en\/wp-json\/wp\/v2\/portfolio\/1775\/revisions\/2550"}],"wp:featuredmedia":[{"embeddable":true,"href":"http:\/\/www.remmenfoundation.org\/en\/wp-json\/wp\/v2\/media\/137"}],"wp:attachment":[{"href":"http:\/\/www.remmenfoundation.org\/en\/wp-json\/wp\/v2\/media?parent=1775"}],"wp:term":[{"taxonomy":"post_tag","embeddable":true,"href":"http:\/\/www.remmenfoundation.org\/en\/wp-json\/wp\/v2\/tags?post=1775"},{"taxonomy":"portfolio_entries","embeddable":true,"href":"http:\/\/www.remmenfoundation.org\/en\/wp-json\/wp\/v2\/portfolio_entries?post=1775"}],"curies":[{"name":"wp","href":"https:\/\/api.w.org\/{rel}","templated":true}]}}