{"id":2744,"date":"2019-05-31T14:33:51","date_gmt":"2019-05-31T12:33:51","guid":{"rendered":"http:\/\/www.remmenfoundation.org\/?post_type=portfolio&#038;p=2744"},"modified":"2019-05-31T15:30:26","modified_gmt":"2019-05-31T13:30:26","slug":"remmen-foundation-art-prize-2018-2","status":"publish","type":"portfolio","link":"http:\/\/www.remmenfoundation.org\/en\/donation\/remmen-foundation-art-prize-2018-2\/","title":{"rendered":"ART PRIZE 2019"},"content":{"rendered":"\n<style type=\"text\/css\" data-created_by=\"avia_inline_auto\" id=\"style-css-av-11ar6g8-7528d38b2d2b8bcf3ad2b1b6b2be3536\">\n.flex_column.av-11ar6g8-7528d38b2d2b8bcf3ad2b1b6b2be3536{\nborder-radius:0px 0px 0px 0px;\npadding:0px 0px 0px 0px;\n}\n<\/style>\n<div  class='flex_column av-11ar6g8-7528d38b2d2b8bcf3ad2b1b6b2be3536 av_two_fifth  avia-builder-el-0  el_before_av_three_fifth  avia-builder-el-first  first flex_column_div av-zero-column-padding  '     ><p>\n<style type=\"text\/css\" data-created_by=\"avia_inline_auto\" id=\"style-css-av-jwc31u8e-8ba0c6ef973a931f298fbff66c23a179\">\n#top .av-special-heading.av-jwc31u8e-8ba0c6ef973a931f298fbff66c23a179{\npadding-bottom:10px;\n}\nbody .av-special-heading.av-jwc31u8e-8ba0c6ef973a931f298fbff66c23a179 .av-special-heading-tag .heading-char{\nfont-size:25px;\n}\n.av-special-heading.av-jwc31u8e-8ba0c6ef973a931f298fbff66c23a179 .av-subheading{\nfont-size:15px;\n}\n<\/style>\n<div  class='av-special-heading av-jwc31u8e-8ba0c6ef973a931f298fbff66c23a179 av-special-heading-h2 blockquote modern-quote  avia-builder-el-1  el_before_av_textblock  avia-builder-el-first '><h2 class='av-special-heading-tag '  itemprop=\"headline\"  >THE REMMEN FOUNDATION ART PRIZE<\/h2><div class='av-subheading av-subheading_below'><p>2019<\/p>\n<\/div><div class=\"special-heading-border\"><div class=\"special-heading-inner-border\"><\/div><\/div><\/div><br \/>\n<section  class='av_textblock_section av-xj9clk-bd8f6eaaa91be71065559e39ee3766ca '   itemscope=\"itemscope\" itemtype=\"https:\/\/schema.org\/CreativeWork\" ><div class='avia_textblock'  itemprop=\"text\" ><div class=\"frame\">\n<div class=\"page tlid-homepage homepage translate-text\">\n<div class=\"homepage-content-wrap\">\n<div class=\"tlid-source-target main-header small-font\">\n<div class=\"source-target-row\">\n<div class=\"tlid-results-container results-container\">\n<div class=\"tlid-result result-dict-wrapper\">\n<div class=\"result tlid-copy-target\">\n<div class=\"text-wrap tlid-copy-target\">\n<div class=\"result-shield-container tlid-copy-target\" tabindex=\"0\"><span class=\"tlid-translation translation\" lang=\"en\"><span title=\"\">In connection with the opening of Art Week Copenhagen 24.5.2019, the Remmen Foundation&#8217;s Art Prize was awarded for the fifth consecutive year.<\/span><\/p>\n<p><span title=\"\">The art prize of DKK 100,000 was awarded to the artists Kirsten Astrup and Maria Bordorff, who received the award during a ceremony at Hotel d\u2019Angleterre for their joint artistic work.<\/span><\/p>\n<p><span title=\"\">The art prize has since 2015 been awarded annually to a young and promising artist &#8211; nominated and selected by the Foundation&#8217;s Art Committee.<\/span><\/p>\n<p><span title=\"\">This year&#8217;s jury consisted of S\u00f8ren Sejr, Claus Carstensen, Bj\u00f8rn N\u00f8rgaard, Sanne Kofod Olsen, Barbara Werner, Mette Remmen and Arne Wulff.<\/span><\/p>\n<p><span title=\"\">Remmen Fonden would like to congratulate Kirsten Astrup and Maria Bordorff with the Art Prize.<\/span><\/span><\/div>\n<\/div>\n<\/div>\n<\/div>\n<\/div>\n<\/div>\n<\/div>\n<\/div>\n<\/div>\n<\/div>\n<p class=\"p1\">\n<\/div><\/section><\/p><\/div>\n\n<style type=\"text\/css\" data-created_by=\"avia_inline_auto\" id=\"style-css-av-wo9iug-be5bc1ed8039b6960be2fe37d344604f\">\n.flex_column.av-wo9iug-be5bc1ed8039b6960be2fe37d344604f{\nborder-radius:0px 0px 0px 0px;\npadding:0px 0px 0px 0px;\n}\n<\/style>\n<div  class='flex_column av-wo9iug-be5bc1ed8039b6960be2fe37d344604f av_three_fifth  avia-builder-el-3  el_after_av_two_fifth  el_before_av_hr  flex_column_div av-zero-column-padding  '     ><p>\n<style type=\"text\/css\" data-created_by=\"avia_inline_auto\" id=\"style-css-av-33vmeg-25ddac6149e2f0fb854292f53168dbf2\">\n.avia-image-container.av-33vmeg-25ddac6149e2f0fb854292f53168dbf2 img.avia_image{\nbox-shadow:none;\n}\n.avia-image-container.av-33vmeg-25ddac6149e2f0fb854292f53168dbf2 .av-image-caption-overlay-center{\ncolor:#ffffff;\n}\n<\/style>\n<div  class='avia-image-container av-33vmeg-25ddac6149e2f0fb854292f53168dbf2 av-styling- avia-align-left  avia-builder-el-4  el_before_av_textblock  avia-builder-el-first '   itemprop=\"image\" itemscope=\"itemscope\" itemtype=\"https:\/\/schema.org\/ImageObject\" ><div class=\"avia-image-container-inner\"><div class=\"avia-image-overlay-wrap\"><img decoding=\"async\" fetchpriority=\"high\" class='wp-image-3061 avia-img-lazy-loading-not-3061 avia_image ' src=\"http:\/\/www.remmenfoundation.org\/wp-content\/uploads\/2019\/05\/remmen_kirstenastrup_fotochristianbrems-13-of-17.jpg\" alt='' title='remmen_kirstenastrup_fotochristianbrems (13 of 17)'  height=\"1331\" width=\"2000\"  itemprop=\"thumbnailUrl\" srcset=\"http:\/\/www.remmenfoundation.org\/wp-content\/uploads\/2019\/05\/remmen_kirstenastrup_fotochristianbrems-13-of-17.jpg 2000w, http:\/\/www.remmenfoundation.org\/wp-content\/uploads\/2019\/05\/remmen_kirstenastrup_fotochristianbrems-13-of-17-300x200.jpg 300w, http:\/\/www.remmenfoundation.org\/wp-content\/uploads\/2019\/05\/remmen_kirstenastrup_fotochristianbrems-13-of-17-768x511.jpg 768w, http:\/\/www.remmenfoundation.org\/wp-content\/uploads\/2019\/05\/remmen_kirstenastrup_fotochristianbrems-13-of-17-1030x685.jpg 1030w, http:\/\/www.remmenfoundation.org\/wp-content\/uploads\/2019\/05\/remmen_kirstenastrup_fotochristianbrems-13-of-17-800x532.jpg 800w, http:\/\/www.remmenfoundation.org\/wp-content\/uploads\/2019\/05\/remmen_kirstenastrup_fotochristianbrems-13-of-17-1500x998.jpg 1500w, http:\/\/www.remmenfoundation.org\/wp-content\/uploads\/2019\/05\/remmen_kirstenastrup_fotochristianbrems-13-of-17-705x469.jpg 705w, http:\/\/www.remmenfoundation.org\/wp-content\/uploads\/2019\/05\/remmen_kirstenastrup_fotochristianbrems-13-of-17-450x299.jpg 450w\" sizes=\"(max-width: 2000px) 100vw, 2000px\" \/><\/div><\/div><\/div><br \/>\n<section  class='av_textblock_section av-ton7jc-2b0685e654e0f680bd48f050b7050e9e '   itemscope=\"itemscope\" itemtype=\"https:\/\/schema.org\/CreativeWork\" ><div class='avia_textblock'  itemprop=\"text\" ><p class=\"p1\"><span class=\"s1\">The Remmen Foundation&#8217;s Art Prize 2019. The committee, the nominees and the winners<\/span><span class=\"tlid-translation translation\" lang=\"en\"> <span title=\"\">Kirsten Astrup and Maria Bordorff (Bottom far right)<\/span><\/span><span class=\"s1\">. <\/span><span class=\"s1\">Photo:\u00a0<\/span><span class=\"s1\">Christian Brems<\/span><\/p>\n<\/div><\/section><br \/>\n\n<style type=\"text\/css\" data-created_by=\"avia_inline_auto\" id=\"style-css-av-r8n4m0-e20b9a613dd885570112b37fc462ffea\">\n.avia-image-container.av-r8n4m0-e20b9a613dd885570112b37fc462ffea img.avia_image{\nbox-shadow:none;\n}\n.avia-image-container.av-r8n4m0-e20b9a613dd885570112b37fc462ffea .av-image-caption-overlay-center{\ncolor:#ffffff;\n}\n<\/style>\n<div  class='avia-image-container av-r8n4m0-e20b9a613dd885570112b37fc462ffea av-styling- avia-align-left  avia-builder-el-6  el_after_av_textblock  el_before_av_textblock '   itemprop=\"image\" itemscope=\"itemscope\" itemtype=\"https:\/\/schema.org\/ImageObject\" ><div class=\"avia-image-container-inner\"><div class=\"avia-image-overlay-wrap\"><img decoding=\"async\" fetchpriority=\"high\" class='wp-image-2758 avia-img-lazy-loading-not-2758 avia_image ' src=\"http:\/\/www.remmenfoundation.org\/wp-content\/uploads\/2019\/05\/remmen_kirstenastrup_fotochristianbrems-12-of-17-1030x685.jpg\" alt='' title='remmen_kirstenastrup_fotochristianbrems (12 of 17)'  height=\"685\" width=\"1030\"  itemprop=\"thumbnailUrl\" srcset=\"http:\/\/www.remmenfoundation.org\/wp-content\/uploads\/2019\/05\/remmen_kirstenastrup_fotochristianbrems-12-of-17-1030x685.jpg 1030w, http:\/\/www.remmenfoundation.org\/wp-content\/uploads\/2019\/05\/remmen_kirstenastrup_fotochristianbrems-12-of-17-300x200.jpg 300w, http:\/\/www.remmenfoundation.org\/wp-content\/uploads\/2019\/05\/remmen_kirstenastrup_fotochristianbrems-12-of-17-768x511.jpg 768w, http:\/\/www.remmenfoundation.org\/wp-content\/uploads\/2019\/05\/remmen_kirstenastrup_fotochristianbrems-12-of-17-800x532.jpg 800w, http:\/\/www.remmenfoundation.org\/wp-content\/uploads\/2019\/05\/remmen_kirstenastrup_fotochristianbrems-12-of-17-1500x998.jpg 1500w, http:\/\/www.remmenfoundation.org\/wp-content\/uploads\/2019\/05\/remmen_kirstenastrup_fotochristianbrems-12-of-17-705x469.jpg 705w, http:\/\/www.remmenfoundation.org\/wp-content\/uploads\/2019\/05\/remmen_kirstenastrup_fotochristianbrems-12-of-17-450x299.jpg 450w, http:\/\/www.remmenfoundation.org\/wp-content\/uploads\/2019\/05\/remmen_kirstenastrup_fotochristianbrems-12-of-17.jpg 2000w\" sizes=\"(max-width: 1030px) 100vw, 1030px\" \/><\/div><\/div><\/div><br \/>\n<section  class='av_textblock_section av-pzcomg-2c7a8c0b8ab629b2d5836a963174eafe '   itemscope=\"itemscope\" itemtype=\"https:\/\/schema.org\/CreativeWork\" ><div class='avia_textblock'  itemprop=\"text\" ><p>The Prize Winners 2019 Kirsten Astrup og Maria Bordorf. <span class=\"s1\">Photo:\u00a0<\/span><span class=\"s1\">Christian Brems<\/span><\/p>\n<\/div><\/section><\/p><\/div>\n<style type=\"text\/css\" data-created_by=\"avia_inline_auto\" id=\"style-css-av-nytfzs-28a78c7023b9cb9741f93a3ec97e9f1f\">\n#top .hr.av-nytfzs-28a78c7023b9cb9741f93a3ec97e9f1f{\nmargin-top:30px;\nmargin-bottom:30px;\n}\n.hr.av-nytfzs-28a78c7023b9cb9741f93a3ec97e9f1f .hr-inner{\nwidth:2000;\nborder-color:#444444;\n}\n<\/style>\n<div  class='hr av-nytfzs-28a78c7023b9cb9741f93a3ec97e9f1f hr-custom  avia-builder-el-8  el_after_av_three_fifth  el_before_av_one_full  hr-center hr-icon-no'><span class='hr-inner inner-border-av-border-thin'><span class=\"hr-inner-style\"><\/span><\/span><\/div><\/p>\n\n<style type=\"text\/css\" data-created_by=\"avia_inline_auto\" id=\"style-css-av-mhsd54-811d8afbc7efe4b282d75bbfcef6d7b5\">\n.flex_column.av-mhsd54-811d8afbc7efe4b282d75bbfcef6d7b5{\nborder-radius:0px 0px 0px 0px;\npadding:0px 0px 0px 0px;\n}\n<\/style>\n<div  class='flex_column av-mhsd54-811d8afbc7efe4b282d75bbfcef6d7b5 av_one_full  avia-builder-el-9  el_after_av_hr  el_before_av_hr  first flex_column_div av-zero-column-padding  '     ><p>\n<style type=\"text\/css\" data-created_by=\"avia_inline_auto\" id=\"style-css-av-jwc2l817-ff1e7bf68a393bc61bbf78f7224ce6c8\">\n#top .av-special-heading.av-jwc2l817-ff1e7bf68a393bc61bbf78f7224ce6c8{\npadding-bottom:10px;\n}\nbody .av-special-heading.av-jwc2l817-ff1e7bf68a393bc61bbf78f7224ce6c8 .av-special-heading-tag .heading-char{\nfont-size:25px;\n}\n.av-special-heading.av-jwc2l817-ff1e7bf68a393bc61bbf78f7224ce6c8 .av-subheading{\nfont-size:15px;\n}\n<\/style>\n<div  class='av-special-heading av-jwc2l817-ff1e7bf68a393bc61bbf78f7224ce6c8 av-special-heading-h3 blockquote modern-quote modern-centered  avia-builder-el-10  el_before_av_gallery  avia-builder-el-first '><h3 class='av-special-heading-tag '  itemprop=\"headline\"  >PICTURES FROM THE PRIZE CEREMONY 2019<\/h3><div class='av-subheading av-subheading_below'><p>Click on one of the pictures in order to open the picture gallery<\/p>\n<\/div><div class=\"special-heading-border\"><div class=\"special-heading-inner-border\"><\/div><\/div><\/div><br \/>\n\n<style type=\"text\/css\" data-created_by=\"avia_inline_auto\" id=\"style-css-av-jqk9go-f6b2a9669c5a0877c8ef45430fc66df5\">\n#top .avia-gallery.av-jqk9go-f6b2a9669c5a0877c8ef45430fc66df5 .avia-gallery-thumb a{\nwidth:20%;\n}\n<\/style>\n<div  class='avia-gallery av-jqk9go-f6b2a9669c5a0877c8ef45430fc66df5 avia_animate_when_visible  avia-builder-el-11  el_after_av_heading  avia-builder-el-last  avia_lazyload avia-gallery-animate avia-gallery-1'  itemprop=\"image\" itemscope=\"itemscope\" itemtype=\"https:\/\/schema.org\/ImageObject\" ><meta itemprop=\"contentURL\" content=\"http:\/\/www.remmenfoundation.org\/en\/donation\/remmen-foundation-art-prize-2018-2\/\"><div class='avia-gallery-thumb'><a href=\"http:\/\/www.remmenfoundation.org\/wp-content\/uploads\/2019\/05\/remmen_kirstenastrup_fotochristianbrems-17-of-17-1030x685.jpg\" data-srcset=\"http:\/\/www.remmenfoundation.org\/wp-content\/uploads\/2019\/05\/remmen_kirstenastrup_fotochristianbrems-17-of-17-1030x685.jpg 1030w, http:\/\/www.remmenfoundation.org\/wp-content\/uploads\/2019\/05\/remmen_kirstenastrup_fotochristianbrems-17-of-17-300x200.jpg 300w, http:\/\/www.remmenfoundation.org\/wp-content\/uploads\/2019\/05\/remmen_kirstenastrup_fotochristianbrems-17-of-17-768x511.jpg 768w, http:\/\/www.remmenfoundation.org\/wp-content\/uploads\/2019\/05\/remmen_kirstenastrup_fotochristianbrems-17-of-17-800x532.jpg 800w, http:\/\/www.remmenfoundation.org\/wp-content\/uploads\/2019\/05\/remmen_kirstenastrup_fotochristianbrems-17-of-17-1500x998.jpg 1500w, http:\/\/www.remmenfoundation.org\/wp-content\/uploads\/2019\/05\/remmen_kirstenastrup_fotochristianbrems-17-of-17-705x469.jpg 705w, http:\/\/www.remmenfoundation.org\/wp-content\/uploads\/2019\/05\/remmen_kirstenastrup_fotochristianbrems-17-of-17-450x299.jpg 450w, http:\/\/www.remmenfoundation.org\/wp-content\/uploads\/2019\/05\/remmen_kirstenastrup_fotochristianbrems-17-of-17.jpg 2000w\" data-sizes=\"(max-width: 1030px) 100vw, 1030px\" data-rel='gallery-1' data-prev-img='http:\/\/www.remmenfoundation.org\/wp-content\/uploads\/2019\/05\/remmen_kirstenastrup_fotochristianbrems-17-of-17-495x400.jpg' class='first_thumb lightbox ' data-onclick='1' title='Foto Heidi Maxmiling'  itemprop=\"thumbnailUrl\"  ><img decoding=\"async\" fetchpriority=\"high\" class=\"wp-image-2808 avia-img-lazy-loading-not-2808\"  data-avia-tooltip='Foto Heidi Maxmiling' src=\"http:\/\/www.remmenfoundation.org\/wp-content\/uploads\/2019\/05\/remmen_kirstenastrup_fotochristianbrems-17-of-17-495x400.jpg\" width=\"495\" height=\"400\"  title='remmen_kirstenastrup_fotochristianbrems (17 of 17)' alt='' srcset=\"http:\/\/www.remmenfoundation.org\/wp-content\/uploads\/2019\/05\/remmen_kirstenastrup_fotochristianbrems-17-of-17-495x400.jpg 495w, http:\/\/www.remmenfoundation.org\/wp-content\/uploads\/2019\/05\/remmen_kirstenastrup_fotochristianbrems-17-of-17-845x684.jpg 845w\" sizes=\"(max-width: 495px) 100vw, 495px\" \/><div class='big-prev-fake'><img decoding=\"async\" loading=\"lazy\" class=\"wp-image-2808 avia-img-lazy-loading-2808\"  width=\"495\" height=\"400\" src=\"http:\/\/www.remmenfoundation.org\/wp-content\/uploads\/2019\/05\/remmen_kirstenastrup_fotochristianbrems-17-of-17-495x400.jpg\" title='remmen_kirstenastrup_fotochristianbrems (17 of 17)' alt='' srcset=\"http:\/\/www.remmenfoundation.org\/wp-content\/uploads\/2019\/05\/remmen_kirstenastrup_fotochristianbrems-17-of-17-495x400.jpg 495w, http:\/\/www.remmenfoundation.org\/wp-content\/uploads\/2019\/05\/remmen_kirstenastrup_fotochristianbrems-17-of-17-845x684.jpg 845w\" sizes=\"auto, (max-width: 495px) 100vw, 495px\" \/><\/div><\/a><a href=\"http:\/\/www.remmenfoundation.org\/wp-content\/uploads\/2019\/05\/remmen_kirstenastrup_fotochristianbrems-16-of-17-1030x685.jpg\" data-srcset=\"http:\/\/www.remmenfoundation.org\/wp-content\/uploads\/2019\/05\/remmen_kirstenastrup_fotochristianbrems-16-of-17-1030x685.jpg 1030w, http:\/\/www.remmenfoundation.org\/wp-content\/uploads\/2019\/05\/remmen_kirstenastrup_fotochristianbrems-16-of-17-300x200.jpg 300w, http:\/\/www.remmenfoundation.org\/wp-content\/uploads\/2019\/05\/remmen_kirstenastrup_fotochristianbrems-16-of-17-768x511.jpg 768w, http:\/\/www.remmenfoundation.org\/wp-content\/uploads\/2019\/05\/remmen_kirstenastrup_fotochristianbrems-16-of-17-800x532.jpg 800w, http:\/\/www.remmenfoundation.org\/wp-content\/uploads\/2019\/05\/remmen_kirstenastrup_fotochristianbrems-16-of-17-1500x998.jpg 1500w, http:\/\/www.remmenfoundation.org\/wp-content\/uploads\/2019\/05\/remmen_kirstenastrup_fotochristianbrems-16-of-17-705x469.jpg 705w, http:\/\/www.remmenfoundation.org\/wp-content\/uploads\/2019\/05\/remmen_kirstenastrup_fotochristianbrems-16-of-17-450x299.jpg 450w, http:\/\/www.remmenfoundation.org\/wp-content\/uploads\/2019\/05\/remmen_kirstenastrup_fotochristianbrems-16-of-17.jpg 2000w\" data-sizes=\"(max-width: 1030px) 100vw, 1030px\" data-rel='gallery-1' data-prev-img='http:\/\/www.remmenfoundation.org\/wp-content\/uploads\/2019\/05\/remmen_kirstenastrup_fotochristianbrems-16-of-17-495x400.jpg' class='lightbox ' data-onclick='2' title='Foto Christian Brems'  itemprop=\"thumbnailUrl\"  ><img decoding=\"async\" fetchpriority=\"high\" class=\"wp-image-2762 avia-img-lazy-loading-not-2762\"  data-avia-tooltip='Foto Christian Brems' src=\"http:\/\/www.remmenfoundation.org\/wp-content\/uploads\/2019\/05\/remmen_kirstenastrup_fotochristianbrems-16-of-17-495x400.jpg\" width=\"495\" height=\"400\"  title='remmen_kirstenastrup_fotochristianbrems (16 of 17)' alt='' srcset=\"http:\/\/www.remmenfoundation.org\/wp-content\/uploads\/2019\/05\/remmen_kirstenastrup_fotochristianbrems-16-of-17-495x400.jpg 495w, http:\/\/www.remmenfoundation.org\/wp-content\/uploads\/2019\/05\/remmen_kirstenastrup_fotochristianbrems-16-of-17-845x684.jpg 845w\" sizes=\"(max-width: 495px) 100vw, 495px\" \/><div class='big-prev-fake'><img decoding=\"async\" loading=\"lazy\" class=\"wp-image-2762 avia-img-lazy-loading-2762\"  width=\"495\" height=\"400\" src=\"http:\/\/www.remmenfoundation.org\/wp-content\/uploads\/2019\/05\/remmen_kirstenastrup_fotochristianbrems-16-of-17-495x400.jpg\" title='remmen_kirstenastrup_fotochristianbrems (16 of 17)' alt='' srcset=\"http:\/\/www.remmenfoundation.org\/wp-content\/uploads\/2019\/05\/remmen_kirstenastrup_fotochristianbrems-16-of-17-495x400.jpg 495w, http:\/\/www.remmenfoundation.org\/wp-content\/uploads\/2019\/05\/remmen_kirstenastrup_fotochristianbrems-16-of-17-845x684.jpg 845w\" sizes=\"auto, (max-width: 495px) 100vw, 495px\" \/><\/div><\/a><a href=\"http:\/\/www.remmenfoundation.org\/wp-content\/uploads\/2019\/05\/remmen_kirstenastrup_fotochristianbrems-15-of-17-1030x685.jpg\" data-srcset=\"http:\/\/www.remmenfoundation.org\/wp-content\/uploads\/2019\/05\/remmen_kirstenastrup_fotochristianbrems-15-of-17-1030x685.jpg 1030w, http:\/\/www.remmenfoundation.org\/wp-content\/uploads\/2019\/05\/remmen_kirstenastrup_fotochristianbrems-15-of-17-300x200.jpg 300w, http:\/\/www.remmenfoundation.org\/wp-content\/uploads\/2019\/05\/remmen_kirstenastrup_fotochristianbrems-15-of-17-768x511.jpg 768w, http:\/\/www.remmenfoundation.org\/wp-content\/uploads\/2019\/05\/remmen_kirstenastrup_fotochristianbrems-15-of-17-800x532.jpg 800w, http:\/\/www.remmenfoundation.org\/wp-content\/uploads\/2019\/05\/remmen_kirstenastrup_fotochristianbrems-15-of-17-1500x998.jpg 1500w, http:\/\/www.remmenfoundation.org\/wp-content\/uploads\/2019\/05\/remmen_kirstenastrup_fotochristianbrems-15-of-17-705x469.jpg 705w, http:\/\/www.remmenfoundation.org\/wp-content\/uploads\/2019\/05\/remmen_kirstenastrup_fotochristianbrems-15-of-17-450x299.jpg 450w, http:\/\/www.remmenfoundation.org\/wp-content\/uploads\/2019\/05\/remmen_kirstenastrup_fotochristianbrems-15-of-17.jpg 2000w\" data-sizes=\"(max-width: 1030px) 100vw, 1030px\" data-rel='gallery-1' data-prev-img='http:\/\/www.remmenfoundation.org\/wp-content\/uploads\/2019\/05\/remmen_kirstenastrup_fotochristianbrems-15-of-17-495x400.jpg' class='lightbox ' data-onclick='3' title='Foto Christian Brems'  itemprop=\"thumbnailUrl\"  ><img decoding=\"async\" fetchpriority=\"high\" class=\"wp-image-2761 avia-img-lazy-loading-not-2761\"  data-avia-tooltip='Foto Christian Brems' src=\"http:\/\/www.remmenfoundation.org\/wp-content\/uploads\/2019\/05\/remmen_kirstenastrup_fotochristianbrems-15-of-17-495x400.jpg\" width=\"495\" height=\"400\"  title='remmen_kirstenastrup_fotochristianbrems (15 of 17)' alt='' srcset=\"http:\/\/www.remmenfoundation.org\/wp-content\/uploads\/2019\/05\/remmen_kirstenastrup_fotochristianbrems-15-of-17-495x400.jpg 495w, http:\/\/www.remmenfoundation.org\/wp-content\/uploads\/2019\/05\/remmen_kirstenastrup_fotochristianbrems-15-of-17-845x684.jpg 845w\" sizes=\"(max-width: 495px) 100vw, 495px\" \/><div class='big-prev-fake'><img decoding=\"async\" loading=\"lazy\" class=\"wp-image-2761 avia-img-lazy-loading-2761\"  width=\"495\" height=\"400\" src=\"http:\/\/www.remmenfoundation.org\/wp-content\/uploads\/2019\/05\/remmen_kirstenastrup_fotochristianbrems-15-of-17-495x400.jpg\" title='remmen_kirstenastrup_fotochristianbrems (15 of 17)' alt='' srcset=\"http:\/\/www.remmenfoundation.org\/wp-content\/uploads\/2019\/05\/remmen_kirstenastrup_fotochristianbrems-15-of-17-495x400.jpg 495w, http:\/\/www.remmenfoundation.org\/wp-content\/uploads\/2019\/05\/remmen_kirstenastrup_fotochristianbrems-15-of-17-845x684.jpg 845w\" sizes=\"auto, (max-width: 495px) 100vw, 495px\" \/><\/div><\/a><a href=\"http:\/\/www.remmenfoundation.org\/wp-content\/uploads\/2019\/05\/remmen_kirstenastrup_fotochristianbrems-13-of-17-1030x685.jpg\" data-srcset=\"http:\/\/www.remmenfoundation.org\/wp-content\/uploads\/2019\/05\/remmen_kirstenastrup_fotochristianbrems-13-of-17-1030x685.jpg 1030w, http:\/\/www.remmenfoundation.org\/wp-content\/uploads\/2019\/05\/remmen_kirstenastrup_fotochristianbrems-13-of-17-300x200.jpg 300w, http:\/\/www.remmenfoundation.org\/wp-content\/uploads\/2019\/05\/remmen_kirstenastrup_fotochristianbrems-13-of-17-768x511.jpg 768w, http:\/\/www.remmenfoundation.org\/wp-content\/uploads\/2019\/05\/remmen_kirstenastrup_fotochristianbrems-13-of-17-800x532.jpg 800w, http:\/\/www.remmenfoundation.org\/wp-content\/uploads\/2019\/05\/remmen_kirstenastrup_fotochristianbrems-13-of-17-1500x998.jpg 1500w, http:\/\/www.remmenfoundation.org\/wp-content\/uploads\/2019\/05\/remmen_kirstenastrup_fotochristianbrems-13-of-17-705x469.jpg 705w, http:\/\/www.remmenfoundation.org\/wp-content\/uploads\/2019\/05\/remmen_kirstenastrup_fotochristianbrems-13-of-17-450x299.jpg 450w, http:\/\/www.remmenfoundation.org\/wp-content\/uploads\/2019\/05\/remmen_kirstenastrup_fotochristianbrems-13-of-17.jpg 2000w\" data-sizes=\"(max-width: 1030px) 100vw, 1030px\" data-rel='gallery-1' data-prev-img='http:\/\/www.remmenfoundation.org\/wp-content\/uploads\/2019\/05\/remmen_kirstenastrup_fotochristianbrems-13-of-17-495x400.jpg' class='lightbox ' data-onclick='4' title='Foto Christian Brems'  itemprop=\"thumbnailUrl\"  ><img decoding=\"async\" fetchpriority=\"high\" class=\"wp-image-3061 avia-img-lazy-loading-not-3061\"  data-avia-tooltip='Foto Christian Brems' src=\"http:\/\/www.remmenfoundation.org\/wp-content\/uploads\/2019\/05\/remmen_kirstenastrup_fotochristianbrems-13-of-17-495x400.jpg\" width=\"495\" height=\"400\"  title='remmen_kirstenastrup_fotochristianbrems (13 of 17)' alt='' srcset=\"http:\/\/www.remmenfoundation.org\/wp-content\/uploads\/2019\/05\/remmen_kirstenastrup_fotochristianbrems-13-of-17-495x400.jpg 495w, http:\/\/www.remmenfoundation.org\/wp-content\/uploads\/2019\/05\/remmen_kirstenastrup_fotochristianbrems-13-of-17-845x684.jpg 845w\" sizes=\"(max-width: 495px) 100vw, 495px\" \/><div class='big-prev-fake'><img decoding=\"async\" loading=\"lazy\" class=\"wp-image-3061 avia-img-lazy-loading-3061\"  width=\"495\" height=\"400\" src=\"http:\/\/www.remmenfoundation.org\/wp-content\/uploads\/2019\/05\/remmen_kirstenastrup_fotochristianbrems-13-of-17-495x400.jpg\" title='remmen_kirstenastrup_fotochristianbrems (13 of 17)' alt='' srcset=\"http:\/\/www.remmenfoundation.org\/wp-content\/uploads\/2019\/05\/remmen_kirstenastrup_fotochristianbrems-13-of-17-495x400.jpg 495w, http:\/\/www.remmenfoundation.org\/wp-content\/uploads\/2019\/05\/remmen_kirstenastrup_fotochristianbrems-13-of-17-845x684.jpg 845w\" sizes=\"auto, (max-width: 495px) 100vw, 495px\" \/><\/div><\/a><a href=\"http:\/\/www.remmenfoundation.org\/wp-content\/uploads\/2019\/05\/remmen_kirstenastrup_fotochristianbrems-12-of-17-1030x685.jpg\" data-srcset=\"http:\/\/www.remmenfoundation.org\/wp-content\/uploads\/2019\/05\/remmen_kirstenastrup_fotochristianbrems-12-of-17-1030x685.jpg 1030w, http:\/\/www.remmenfoundation.org\/wp-content\/uploads\/2019\/05\/remmen_kirstenastrup_fotochristianbrems-12-of-17-300x200.jpg 300w, http:\/\/www.remmenfoundation.org\/wp-content\/uploads\/2019\/05\/remmen_kirstenastrup_fotochristianbrems-12-of-17-768x511.jpg 768w, http:\/\/www.remmenfoundation.org\/wp-content\/uploads\/2019\/05\/remmen_kirstenastrup_fotochristianbrems-12-of-17-800x532.jpg 800w, http:\/\/www.remmenfoundation.org\/wp-content\/uploads\/2019\/05\/remmen_kirstenastrup_fotochristianbrems-12-of-17-1500x998.jpg 1500w, http:\/\/www.remmenfoundation.org\/wp-content\/uploads\/2019\/05\/remmen_kirstenastrup_fotochristianbrems-12-of-17-705x469.jpg 705w, http:\/\/www.remmenfoundation.org\/wp-content\/uploads\/2019\/05\/remmen_kirstenastrup_fotochristianbrems-12-of-17-450x299.jpg 450w, http:\/\/www.remmenfoundation.org\/wp-content\/uploads\/2019\/05\/remmen_kirstenastrup_fotochristianbrems-12-of-17.jpg 2000w\" data-sizes=\"(max-width: 1030px) 100vw, 1030px\" data-rel='gallery-1' data-prev-img='http:\/\/www.remmenfoundation.org\/wp-content\/uploads\/2019\/05\/remmen_kirstenastrup_fotochristianbrems-12-of-17-495x400.jpg' class='lightbox ' data-onclick='5' title='Foto Christian Brems'  itemprop=\"thumbnailUrl\"  ><img decoding=\"async\" fetchpriority=\"high\" class=\"wp-image-2758 avia-img-lazy-loading-not-2758\"  data-avia-tooltip='Foto Christian Brems' src=\"http:\/\/www.remmenfoundation.org\/wp-content\/uploads\/2019\/05\/remmen_kirstenastrup_fotochristianbrems-12-of-17-495x400.jpg\" width=\"495\" height=\"400\"  title='remmen_kirstenastrup_fotochristianbrems (12 of 17)' alt='' srcset=\"http:\/\/www.remmenfoundation.org\/wp-content\/uploads\/2019\/05\/remmen_kirstenastrup_fotochristianbrems-12-of-17-495x400.jpg 495w, http:\/\/www.remmenfoundation.org\/wp-content\/uploads\/2019\/05\/remmen_kirstenastrup_fotochristianbrems-12-of-17-845x684.jpg 845w\" sizes=\"(max-width: 495px) 100vw, 495px\" \/><div class='big-prev-fake'><img decoding=\"async\" loading=\"lazy\" class=\"wp-image-2758 avia-img-lazy-loading-2758\"  width=\"495\" height=\"400\" src=\"http:\/\/www.remmenfoundation.org\/wp-content\/uploads\/2019\/05\/remmen_kirstenastrup_fotochristianbrems-12-of-17-495x400.jpg\" title='remmen_kirstenastrup_fotochristianbrems (12 of 17)' alt='' srcset=\"http:\/\/www.remmenfoundation.org\/wp-content\/uploads\/2019\/05\/remmen_kirstenastrup_fotochristianbrems-12-of-17-495x400.jpg 495w, http:\/\/www.remmenfoundation.org\/wp-content\/uploads\/2019\/05\/remmen_kirstenastrup_fotochristianbrems-12-of-17-845x684.jpg 845w\" sizes=\"auto, (max-width: 495px) 100vw, 495px\" \/><\/div><\/a><a href=\"http:\/\/www.remmenfoundation.org\/wp-content\/uploads\/2019\/05\/remmen_kirstenastrup_fotochristianbrems-11-of-17-1030x685.jpg\" data-srcset=\"http:\/\/www.remmenfoundation.org\/wp-content\/uploads\/2019\/05\/remmen_kirstenastrup_fotochristianbrems-11-of-17-1030x685.jpg 1030w, http:\/\/www.remmenfoundation.org\/wp-content\/uploads\/2019\/05\/remmen_kirstenastrup_fotochristianbrems-11-of-17-300x200.jpg 300w, http:\/\/www.remmenfoundation.org\/wp-content\/uploads\/2019\/05\/remmen_kirstenastrup_fotochristianbrems-11-of-17-768x511.jpg 768w, http:\/\/www.remmenfoundation.org\/wp-content\/uploads\/2019\/05\/remmen_kirstenastrup_fotochristianbrems-11-of-17-800x532.jpg 800w, http:\/\/www.remmenfoundation.org\/wp-content\/uploads\/2019\/05\/remmen_kirstenastrup_fotochristianbrems-11-of-17-1500x998.jpg 1500w, http:\/\/www.remmenfoundation.org\/wp-content\/uploads\/2019\/05\/remmen_kirstenastrup_fotochristianbrems-11-of-17-705x469.jpg 705w, http:\/\/www.remmenfoundation.org\/wp-content\/uploads\/2019\/05\/remmen_kirstenastrup_fotochristianbrems-11-of-17-450x299.jpg 450w, http:\/\/www.remmenfoundation.org\/wp-content\/uploads\/2019\/05\/remmen_kirstenastrup_fotochristianbrems-11-of-17.jpg 2000w\" data-sizes=\"(max-width: 1030px) 100vw, 1030px\" data-rel='gallery-1' data-prev-img='http:\/\/www.remmenfoundation.org\/wp-content\/uploads\/2019\/05\/remmen_kirstenastrup_fotochristianbrems-11-of-17-495x400.jpg' class='first_thumb lightbox ' data-onclick='6' title='Foto Christian Brems'  itemprop=\"thumbnailUrl\"  ><img decoding=\"async\" fetchpriority=\"high\" class=\"wp-image-2757 avia-img-lazy-loading-not-2757\"  data-avia-tooltip='Foto Christian Brems' src=\"http:\/\/www.remmenfoundation.org\/wp-content\/uploads\/2019\/05\/remmen_kirstenastrup_fotochristianbrems-11-of-17-495x400.jpg\" width=\"495\" height=\"400\"  title='remmen_kirstenastrup_fotochristianbrems (11 of 17)' alt='' srcset=\"http:\/\/www.remmenfoundation.org\/wp-content\/uploads\/2019\/05\/remmen_kirstenastrup_fotochristianbrems-11-of-17-495x400.jpg 495w, http:\/\/www.remmenfoundation.org\/wp-content\/uploads\/2019\/05\/remmen_kirstenastrup_fotochristianbrems-11-of-17-845x684.jpg 845w\" sizes=\"(max-width: 495px) 100vw, 495px\" \/><div class='big-prev-fake'><img decoding=\"async\" loading=\"lazy\" class=\"wp-image-2757 avia-img-lazy-loading-2757\"  width=\"495\" height=\"400\" src=\"http:\/\/www.remmenfoundation.org\/wp-content\/uploads\/2019\/05\/remmen_kirstenastrup_fotochristianbrems-11-of-17-495x400.jpg\" title='remmen_kirstenastrup_fotochristianbrems (11 of 17)' alt='' srcset=\"http:\/\/www.remmenfoundation.org\/wp-content\/uploads\/2019\/05\/remmen_kirstenastrup_fotochristianbrems-11-of-17-495x400.jpg 495w, http:\/\/www.remmenfoundation.org\/wp-content\/uploads\/2019\/05\/remmen_kirstenastrup_fotochristianbrems-11-of-17-845x684.jpg 845w\" sizes=\"auto, (max-width: 495px) 100vw, 495px\" \/><\/div><\/a><a href=\"http:\/\/www.remmenfoundation.org\/wp-content\/uploads\/2019\/05\/remmen_kirstenastrup_fotochristianbrems-4-of-17-1030x685.jpg\" data-srcset=\"http:\/\/www.remmenfoundation.org\/wp-content\/uploads\/2019\/05\/remmen_kirstenastrup_fotochristianbrems-4-of-17-1030x685.jpg 1030w, http:\/\/www.remmenfoundation.org\/wp-content\/uploads\/2019\/05\/remmen_kirstenastrup_fotochristianbrems-4-of-17-300x200.jpg 300w, http:\/\/www.remmenfoundation.org\/wp-content\/uploads\/2019\/05\/remmen_kirstenastrup_fotochristianbrems-4-of-17-768x511.jpg 768w, http:\/\/www.remmenfoundation.org\/wp-content\/uploads\/2019\/05\/remmen_kirstenastrup_fotochristianbrems-4-of-17-800x532.jpg 800w, http:\/\/www.remmenfoundation.org\/wp-content\/uploads\/2019\/05\/remmen_kirstenastrup_fotochristianbrems-4-of-17-1500x998.jpg 1500w, http:\/\/www.remmenfoundation.org\/wp-content\/uploads\/2019\/05\/remmen_kirstenastrup_fotochristianbrems-4-of-17-705x469.jpg 705w, http:\/\/www.remmenfoundation.org\/wp-content\/uploads\/2019\/05\/remmen_kirstenastrup_fotochristianbrems-4-of-17-450x299.jpg 450w, http:\/\/www.remmenfoundation.org\/wp-content\/uploads\/2019\/05\/remmen_kirstenastrup_fotochristianbrems-4-of-17.jpg 2000w\" data-sizes=\"(max-width: 1030px) 100vw, 1030px\" data-rel='gallery-1' data-prev-img='http:\/\/www.remmenfoundation.org\/wp-content\/uploads\/2019\/05\/remmen_kirstenastrup_fotochristianbrems-4-of-17-495x400.jpg' class='lightbox ' data-onclick='7' title='Foto Christian Brems'  itemprop=\"thumbnailUrl\"  ><img decoding=\"async\" fetchpriority=\"high\" class=\"wp-image-2750 avia-img-lazy-loading-not-2750\"  data-avia-tooltip='Foto Christian Brems' src=\"http:\/\/www.remmenfoundation.org\/wp-content\/uploads\/2019\/05\/remmen_kirstenastrup_fotochristianbrems-4-of-17-495x400.jpg\" width=\"495\" height=\"400\"  title='remmen_kirstenastrup_fotochristianbrems (4 of 17)' alt='' srcset=\"http:\/\/www.remmenfoundation.org\/wp-content\/uploads\/2019\/05\/remmen_kirstenastrup_fotochristianbrems-4-of-17-495x400.jpg 495w, http:\/\/www.remmenfoundation.org\/wp-content\/uploads\/2019\/05\/remmen_kirstenastrup_fotochristianbrems-4-of-17-845x684.jpg 845w\" sizes=\"(max-width: 495px) 100vw, 495px\" \/><div class='big-prev-fake'><img decoding=\"async\" loading=\"lazy\" class=\"wp-image-2750 avia-img-lazy-loading-2750\"  width=\"495\" height=\"400\" src=\"http:\/\/www.remmenfoundation.org\/wp-content\/uploads\/2019\/05\/remmen_kirstenastrup_fotochristianbrems-4-of-17-495x400.jpg\" title='remmen_kirstenastrup_fotochristianbrems (4 of 17)' alt='' srcset=\"http:\/\/www.remmenfoundation.org\/wp-content\/uploads\/2019\/05\/remmen_kirstenastrup_fotochristianbrems-4-of-17-495x400.jpg 495w, http:\/\/www.remmenfoundation.org\/wp-content\/uploads\/2019\/05\/remmen_kirstenastrup_fotochristianbrems-4-of-17-845x684.jpg 845w\" sizes=\"auto, (max-width: 495px) 100vw, 495px\" \/><\/div><\/a><a href=\"http:\/\/www.remmenfoundation.org\/wp-content\/uploads\/2019\/05\/remmen_kirstenastrup_fotochristianbrems-5-of-17-1030x685.jpg\" data-srcset=\"http:\/\/www.remmenfoundation.org\/wp-content\/uploads\/2019\/05\/remmen_kirstenastrup_fotochristianbrems-5-of-17-1030x685.jpg 1030w, http:\/\/www.remmenfoundation.org\/wp-content\/uploads\/2019\/05\/remmen_kirstenastrup_fotochristianbrems-5-of-17-300x200.jpg 300w, http:\/\/www.remmenfoundation.org\/wp-content\/uploads\/2019\/05\/remmen_kirstenastrup_fotochristianbrems-5-of-17-768x511.jpg 768w, http:\/\/www.remmenfoundation.org\/wp-content\/uploads\/2019\/05\/remmen_kirstenastrup_fotochristianbrems-5-of-17-800x532.jpg 800w, http:\/\/www.remmenfoundation.org\/wp-content\/uploads\/2019\/05\/remmen_kirstenastrup_fotochristianbrems-5-of-17-1500x998.jpg 1500w, http:\/\/www.remmenfoundation.org\/wp-content\/uploads\/2019\/05\/remmen_kirstenastrup_fotochristianbrems-5-of-17-705x469.jpg 705w, http:\/\/www.remmenfoundation.org\/wp-content\/uploads\/2019\/05\/remmen_kirstenastrup_fotochristianbrems-5-of-17-450x299.jpg 450w, http:\/\/www.remmenfoundation.org\/wp-content\/uploads\/2019\/05\/remmen_kirstenastrup_fotochristianbrems-5-of-17.jpg 2000w\" data-sizes=\"(max-width: 1030px) 100vw, 1030px\" data-rel='gallery-1' data-prev-img='http:\/\/www.remmenfoundation.org\/wp-content\/uploads\/2019\/05\/remmen_kirstenastrup_fotochristianbrems-5-of-17-495x400.jpg' class='lightbox ' data-onclick='8' title='Foto Christian Brems'  itemprop=\"thumbnailUrl\"  ><img decoding=\"async\" fetchpriority=\"high\" class=\"wp-image-2751 avia-img-lazy-loading-not-2751\"  data-avia-tooltip='Foto Christian Brems' src=\"http:\/\/www.remmenfoundation.org\/wp-content\/uploads\/2019\/05\/remmen_kirstenastrup_fotochristianbrems-5-of-17-495x400.jpg\" width=\"495\" height=\"400\"  title='remmen_kirstenastrup_fotochristianbrems (5 of 17)' alt='' srcset=\"http:\/\/www.remmenfoundation.org\/wp-content\/uploads\/2019\/05\/remmen_kirstenastrup_fotochristianbrems-5-of-17-495x400.jpg 495w, http:\/\/www.remmenfoundation.org\/wp-content\/uploads\/2019\/05\/remmen_kirstenastrup_fotochristianbrems-5-of-17-845x684.jpg 845w\" sizes=\"(max-width: 495px) 100vw, 495px\" \/><div class='big-prev-fake'><img decoding=\"async\" loading=\"lazy\" class=\"wp-image-2751 avia-img-lazy-loading-2751\"  width=\"495\" height=\"400\" src=\"http:\/\/www.remmenfoundation.org\/wp-content\/uploads\/2019\/05\/remmen_kirstenastrup_fotochristianbrems-5-of-17-495x400.jpg\" title='remmen_kirstenastrup_fotochristianbrems (5 of 17)' alt='' srcset=\"http:\/\/www.remmenfoundation.org\/wp-content\/uploads\/2019\/05\/remmen_kirstenastrup_fotochristianbrems-5-of-17-495x400.jpg 495w, http:\/\/www.remmenfoundation.org\/wp-content\/uploads\/2019\/05\/remmen_kirstenastrup_fotochristianbrems-5-of-17-845x684.jpg 845w\" sizes=\"auto, (max-width: 495px) 100vw, 495px\" \/><\/div><\/a><a href=\"http:\/\/www.remmenfoundation.org\/wp-content\/uploads\/2019\/05\/remmen_kirstenastrup_fotochristianbrems-6-of-17-1030x685.jpg\" data-srcset=\"http:\/\/www.remmenfoundation.org\/wp-content\/uploads\/2019\/05\/remmen_kirstenastrup_fotochristianbrems-6-of-17-1030x685.jpg 1030w, http:\/\/www.remmenfoundation.org\/wp-content\/uploads\/2019\/05\/remmen_kirstenastrup_fotochristianbrems-6-of-17-300x200.jpg 300w, http:\/\/www.remmenfoundation.org\/wp-content\/uploads\/2019\/05\/remmen_kirstenastrup_fotochristianbrems-6-of-17-768x511.jpg 768w, http:\/\/www.remmenfoundation.org\/wp-content\/uploads\/2019\/05\/remmen_kirstenastrup_fotochristianbrems-6-of-17-800x532.jpg 800w, http:\/\/www.remmenfoundation.org\/wp-content\/uploads\/2019\/05\/remmen_kirstenastrup_fotochristianbrems-6-of-17-1500x998.jpg 1500w, http:\/\/www.remmenfoundation.org\/wp-content\/uploads\/2019\/05\/remmen_kirstenastrup_fotochristianbrems-6-of-17-705x469.jpg 705w, http:\/\/www.remmenfoundation.org\/wp-content\/uploads\/2019\/05\/remmen_kirstenastrup_fotochristianbrems-6-of-17-450x299.jpg 450w, http:\/\/www.remmenfoundation.org\/wp-content\/uploads\/2019\/05\/remmen_kirstenastrup_fotochristianbrems-6-of-17.jpg 2000w\" data-sizes=\"(max-width: 1030px) 100vw, 1030px\" data-rel='gallery-1' data-prev-img='http:\/\/www.remmenfoundation.org\/wp-content\/uploads\/2019\/05\/remmen_kirstenastrup_fotochristianbrems-6-of-17-495x400.jpg' class='lightbox ' data-onclick='9' title='Foto Christian Brems'  itemprop=\"thumbnailUrl\"  ><img decoding=\"async\" fetchpriority=\"high\" class=\"wp-image-2752 avia-img-lazy-loading-not-2752\"  data-avia-tooltip='Foto Christian Brems' src=\"http:\/\/www.remmenfoundation.org\/wp-content\/uploads\/2019\/05\/remmen_kirstenastrup_fotochristianbrems-6-of-17-495x400.jpg\" width=\"495\" height=\"400\"  title='remmen_kirstenastrup_fotochristianbrems (6 of 17)' alt='' srcset=\"http:\/\/www.remmenfoundation.org\/wp-content\/uploads\/2019\/05\/remmen_kirstenastrup_fotochristianbrems-6-of-17-495x400.jpg 495w, http:\/\/www.remmenfoundation.org\/wp-content\/uploads\/2019\/05\/remmen_kirstenastrup_fotochristianbrems-6-of-17-845x684.jpg 845w\" sizes=\"(max-width: 495px) 100vw, 495px\" \/><div class='big-prev-fake'><img decoding=\"async\" loading=\"lazy\" class=\"wp-image-2752 avia-img-lazy-loading-2752\"  width=\"495\" height=\"400\" src=\"http:\/\/www.remmenfoundation.org\/wp-content\/uploads\/2019\/05\/remmen_kirstenastrup_fotochristianbrems-6-of-17-495x400.jpg\" title='remmen_kirstenastrup_fotochristianbrems (6 of 17)' alt='' srcset=\"http:\/\/www.remmenfoundation.org\/wp-content\/uploads\/2019\/05\/remmen_kirstenastrup_fotochristianbrems-6-of-17-495x400.jpg 495w, http:\/\/www.remmenfoundation.org\/wp-content\/uploads\/2019\/05\/remmen_kirstenastrup_fotochristianbrems-6-of-17-845x684.jpg 845w\" sizes=\"auto, (max-width: 495px) 100vw, 495px\" \/><\/div><\/a><a href=\"http:\/\/www.remmenfoundation.org\/wp-content\/uploads\/2019\/05\/remmen_kirstenastrup_fotochristianbrems-7-of-17-1030x685.jpg\" data-srcset=\"http:\/\/www.remmenfoundation.org\/wp-content\/uploads\/2019\/05\/remmen_kirstenastrup_fotochristianbrems-7-of-17-1030x685.jpg 1030w, http:\/\/www.remmenfoundation.org\/wp-content\/uploads\/2019\/05\/remmen_kirstenastrup_fotochristianbrems-7-of-17-300x200.jpg 300w, http:\/\/www.remmenfoundation.org\/wp-content\/uploads\/2019\/05\/remmen_kirstenastrup_fotochristianbrems-7-of-17-768x511.jpg 768w, http:\/\/www.remmenfoundation.org\/wp-content\/uploads\/2019\/05\/remmen_kirstenastrup_fotochristianbrems-7-of-17-800x532.jpg 800w, http:\/\/www.remmenfoundation.org\/wp-content\/uploads\/2019\/05\/remmen_kirstenastrup_fotochristianbrems-7-of-17-1500x998.jpg 1500w, http:\/\/www.remmenfoundation.org\/wp-content\/uploads\/2019\/05\/remmen_kirstenastrup_fotochristianbrems-7-of-17-705x469.jpg 705w, http:\/\/www.remmenfoundation.org\/wp-content\/uploads\/2019\/05\/remmen_kirstenastrup_fotochristianbrems-7-of-17-450x299.jpg 450w, http:\/\/www.remmenfoundation.org\/wp-content\/uploads\/2019\/05\/remmen_kirstenastrup_fotochristianbrems-7-of-17.jpg 2000w\" data-sizes=\"(max-width: 1030px) 100vw, 1030px\" data-rel='gallery-1' data-prev-img='http:\/\/www.remmenfoundation.org\/wp-content\/uploads\/2019\/05\/remmen_kirstenastrup_fotochristianbrems-7-of-17-495x400.jpg' class='lightbox ' data-onclick='10' title='Foto Christian Brems'  itemprop=\"thumbnailUrl\"  ><img decoding=\"async\" fetchpriority=\"high\" class=\"wp-image-2753 avia-img-lazy-loading-not-2753\"  data-avia-tooltip='Foto Christian Brems' src=\"http:\/\/www.remmenfoundation.org\/wp-content\/uploads\/2019\/05\/remmen_kirstenastrup_fotochristianbrems-7-of-17-495x400.jpg\" width=\"495\" height=\"400\"  title='remmen_kirstenastrup_fotochristianbrems (7 of 17)' alt='' srcset=\"http:\/\/www.remmenfoundation.org\/wp-content\/uploads\/2019\/05\/remmen_kirstenastrup_fotochristianbrems-7-of-17-495x400.jpg 495w, http:\/\/www.remmenfoundation.org\/wp-content\/uploads\/2019\/05\/remmen_kirstenastrup_fotochristianbrems-7-of-17-845x684.jpg 845w\" sizes=\"(max-width: 495px) 100vw, 495px\" \/><div class='big-prev-fake'><img decoding=\"async\" loading=\"lazy\" class=\"wp-image-2753 avia-img-lazy-loading-2753\"  width=\"495\" height=\"400\" src=\"http:\/\/www.remmenfoundation.org\/wp-content\/uploads\/2019\/05\/remmen_kirstenastrup_fotochristianbrems-7-of-17-495x400.jpg\" title='remmen_kirstenastrup_fotochristianbrems (7 of 17)' alt='' srcset=\"http:\/\/www.remmenfoundation.org\/wp-content\/uploads\/2019\/05\/remmen_kirstenastrup_fotochristianbrems-7-of-17-495x400.jpg 495w, http:\/\/www.remmenfoundation.org\/wp-content\/uploads\/2019\/05\/remmen_kirstenastrup_fotochristianbrems-7-of-17-845x684.jpg 845w\" sizes=\"auto, (max-width: 495px) 100vw, 495px\" \/><\/div><\/a><a href=\"http:\/\/www.remmenfoundation.org\/wp-content\/uploads\/2019\/05\/remmen_kirstenastrup_fotochristianbrems-8-of-17-685x1030.jpg\" data-srcset=\"http:\/\/www.remmenfoundation.org\/wp-content\/uploads\/2019\/05\/remmen_kirstenastrup_fotochristianbrems-8-of-17-685x1030.jpg 685w, http:\/\/www.remmenfoundation.org\/wp-content\/uploads\/2019\/05\/remmen_kirstenastrup_fotochristianbrems-8-of-17-200x300.jpg 200w, http:\/\/www.remmenfoundation.org\/wp-content\/uploads\/2019\/05\/remmen_kirstenastrup_fotochristianbrems-8-of-17-768x1154.jpg 768w, http:\/\/www.remmenfoundation.org\/wp-content\/uploads\/2019\/05\/remmen_kirstenastrup_fotochristianbrems-8-of-17-399x600.jpg 399w, http:\/\/www.remmenfoundation.org\/wp-content\/uploads\/2019\/05\/remmen_kirstenastrup_fotochristianbrems-8-of-17-998x1500.jpg 998w, http:\/\/www.remmenfoundation.org\/wp-content\/uploads\/2019\/05\/remmen_kirstenastrup_fotochristianbrems-8-of-17-469x705.jpg 469w, http:\/\/www.remmenfoundation.org\/wp-content\/uploads\/2019\/05\/remmen_kirstenastrup_fotochristianbrems-8-of-17-450x676.jpg 450w, http:\/\/www.remmenfoundation.org\/wp-content\/uploads\/2019\/05\/remmen_kirstenastrup_fotochristianbrems-8-of-17.jpg 1331w\" data-sizes=\"(max-width: 685px) 100vw, 685px\" data-rel='gallery-1' data-prev-img='http:\/\/www.remmenfoundation.org\/wp-content\/uploads\/2019\/05\/remmen_kirstenastrup_fotochristianbrems-8-of-17-495x400.jpg' class='first_thumb lightbox ' data-onclick='11' title='Foto Christian Brems'  itemprop=\"thumbnailUrl\"  ><img decoding=\"async\" fetchpriority=\"high\" class=\"wp-image-2754 avia-img-lazy-loading-not-2754\"  data-avia-tooltip='Foto Christian Brems' src=\"http:\/\/www.remmenfoundation.org\/wp-content\/uploads\/2019\/05\/remmen_kirstenastrup_fotochristianbrems-8-of-17-495x400.jpg\" width=\"495\" height=\"400\"  title='remmen_kirstenastrup_fotochristianbrems (8 of 17)' alt='' srcset=\"http:\/\/www.remmenfoundation.org\/wp-content\/uploads\/2019\/05\/remmen_kirstenastrup_fotochristianbrems-8-of-17-495x400.jpg 495w, http:\/\/www.remmenfoundation.org\/wp-content\/uploads\/2019\/05\/remmen_kirstenastrup_fotochristianbrems-8-of-17-845x684.jpg 845w\" sizes=\"(max-width: 495px) 100vw, 495px\" \/><div class='big-prev-fake'><img decoding=\"async\" loading=\"lazy\" class=\"wp-image-2754 avia-img-lazy-loading-2754\"  width=\"495\" height=\"400\" src=\"http:\/\/www.remmenfoundation.org\/wp-content\/uploads\/2019\/05\/remmen_kirstenastrup_fotochristianbrems-8-of-17-495x400.jpg\" title='remmen_kirstenastrup_fotochristianbrems (8 of 17)' alt='' srcset=\"http:\/\/www.remmenfoundation.org\/wp-content\/uploads\/2019\/05\/remmen_kirstenastrup_fotochristianbrems-8-of-17-495x400.jpg 495w, http:\/\/www.remmenfoundation.org\/wp-content\/uploads\/2019\/05\/remmen_kirstenastrup_fotochristianbrems-8-of-17-845x684.jpg 845w\" sizes=\"auto, (max-width: 495px) 100vw, 495px\" \/><\/div><\/a><a href=\"http:\/\/www.remmenfoundation.org\/wp-content\/uploads\/2019\/05\/remmen_kirstenastrup_fotochristianbrems-9-of-17-1030x685.jpg\" data-srcset=\"http:\/\/www.remmenfoundation.org\/wp-content\/uploads\/2019\/05\/remmen_kirstenastrup_fotochristianbrems-9-of-17-1030x685.jpg 1030w, http:\/\/www.remmenfoundation.org\/wp-content\/uploads\/2019\/05\/remmen_kirstenastrup_fotochristianbrems-9-of-17-300x200.jpg 300w, http:\/\/www.remmenfoundation.org\/wp-content\/uploads\/2019\/05\/remmen_kirstenastrup_fotochristianbrems-9-of-17-768x511.jpg 768w, http:\/\/www.remmenfoundation.org\/wp-content\/uploads\/2019\/05\/remmen_kirstenastrup_fotochristianbrems-9-of-17-800x532.jpg 800w, http:\/\/www.remmenfoundation.org\/wp-content\/uploads\/2019\/05\/remmen_kirstenastrup_fotochristianbrems-9-of-17-1500x998.jpg 1500w, http:\/\/www.remmenfoundation.org\/wp-content\/uploads\/2019\/05\/remmen_kirstenastrup_fotochristianbrems-9-of-17-705x469.jpg 705w, http:\/\/www.remmenfoundation.org\/wp-content\/uploads\/2019\/05\/remmen_kirstenastrup_fotochristianbrems-9-of-17-450x299.jpg 450w, http:\/\/www.remmenfoundation.org\/wp-content\/uploads\/2019\/05\/remmen_kirstenastrup_fotochristianbrems-9-of-17.jpg 2000w\" data-sizes=\"(max-width: 1030px) 100vw, 1030px\" data-rel='gallery-1' data-prev-img='http:\/\/www.remmenfoundation.org\/wp-content\/uploads\/2019\/05\/remmen_kirstenastrup_fotochristianbrems-9-of-17-495x400.jpg' class='lightbox ' data-onclick='12' title='Foto Christian Brems'  itemprop=\"thumbnailUrl\"  ><img decoding=\"async\" fetchpriority=\"high\" class=\"wp-image-2755 avia-img-lazy-loading-not-2755\"  data-avia-tooltip='Foto Christian Brems' src=\"http:\/\/www.remmenfoundation.org\/wp-content\/uploads\/2019\/05\/remmen_kirstenastrup_fotochristianbrems-9-of-17-495x400.jpg\" width=\"495\" height=\"400\"  title='remmen_kirstenastrup_fotochristianbrems (9 of 17)' alt='' srcset=\"http:\/\/www.remmenfoundation.org\/wp-content\/uploads\/2019\/05\/remmen_kirstenastrup_fotochristianbrems-9-of-17-495x400.jpg 495w, http:\/\/www.remmenfoundation.org\/wp-content\/uploads\/2019\/05\/remmen_kirstenastrup_fotochristianbrems-9-of-17-845x684.jpg 845w\" sizes=\"(max-width: 495px) 100vw, 495px\" \/><div class='big-prev-fake'><img decoding=\"async\" loading=\"lazy\" class=\"wp-image-2755 avia-img-lazy-loading-2755\"  width=\"495\" height=\"400\" src=\"http:\/\/www.remmenfoundation.org\/wp-content\/uploads\/2019\/05\/remmen_kirstenastrup_fotochristianbrems-9-of-17-495x400.jpg\" title='remmen_kirstenastrup_fotochristianbrems (9 of 17)' alt='' srcset=\"http:\/\/www.remmenfoundation.org\/wp-content\/uploads\/2019\/05\/remmen_kirstenastrup_fotochristianbrems-9-of-17-495x400.jpg 495w, http:\/\/www.remmenfoundation.org\/wp-content\/uploads\/2019\/05\/remmen_kirstenastrup_fotochristianbrems-9-of-17-845x684.jpg 845w\" sizes=\"auto, (max-width: 495px) 100vw, 495px\" \/><\/div><\/a><a href=\"http:\/\/www.remmenfoundation.org\/wp-content\/uploads\/2019\/05\/remmen_kirstenastrup_fotochristianbrems-10-of-17-1030x685.jpg\" data-srcset=\"http:\/\/www.remmenfoundation.org\/wp-content\/uploads\/2019\/05\/remmen_kirstenastrup_fotochristianbrems-10-of-17-1030x685.jpg 1030w, http:\/\/www.remmenfoundation.org\/wp-content\/uploads\/2019\/05\/remmen_kirstenastrup_fotochristianbrems-10-of-17-300x200.jpg 300w, http:\/\/www.remmenfoundation.org\/wp-content\/uploads\/2019\/05\/remmen_kirstenastrup_fotochristianbrems-10-of-17-768x511.jpg 768w, http:\/\/www.remmenfoundation.org\/wp-content\/uploads\/2019\/05\/remmen_kirstenastrup_fotochristianbrems-10-of-17-800x532.jpg 800w, http:\/\/www.remmenfoundation.org\/wp-content\/uploads\/2019\/05\/remmen_kirstenastrup_fotochristianbrems-10-of-17-1500x998.jpg 1500w, http:\/\/www.remmenfoundation.org\/wp-content\/uploads\/2019\/05\/remmen_kirstenastrup_fotochristianbrems-10-of-17-705x469.jpg 705w, http:\/\/www.remmenfoundation.org\/wp-content\/uploads\/2019\/05\/remmen_kirstenastrup_fotochristianbrems-10-of-17-450x299.jpg 450w, http:\/\/www.remmenfoundation.org\/wp-content\/uploads\/2019\/05\/remmen_kirstenastrup_fotochristianbrems-10-of-17.jpg 2000w\" data-sizes=\"(max-width: 1030px) 100vw, 1030px\" data-rel='gallery-1' data-prev-img='http:\/\/www.remmenfoundation.org\/wp-content\/uploads\/2019\/05\/remmen_kirstenastrup_fotochristianbrems-10-of-17-495x400.jpg' class='lightbox ' data-onclick='13' title='Foto Christian Brems'  itemprop=\"thumbnailUrl\"  ><img decoding=\"async\" fetchpriority=\"high\" class=\"wp-image-2756 avia-img-lazy-loading-not-2756\"  data-avia-tooltip='Foto Christian Brems' src=\"http:\/\/www.remmenfoundation.org\/wp-content\/uploads\/2019\/05\/remmen_kirstenastrup_fotochristianbrems-10-of-17-495x400.jpg\" width=\"495\" height=\"400\"  title='remmen_kirstenastrup_fotochristianbrems (10 of 17)' alt='' srcset=\"http:\/\/www.remmenfoundation.org\/wp-content\/uploads\/2019\/05\/remmen_kirstenastrup_fotochristianbrems-10-of-17-495x400.jpg 495w, http:\/\/www.remmenfoundation.org\/wp-content\/uploads\/2019\/05\/remmen_kirstenastrup_fotochristianbrems-10-of-17-845x684.jpg 845w\" sizes=\"(max-width: 495px) 100vw, 495px\" \/><div class='big-prev-fake'><img decoding=\"async\" loading=\"lazy\" class=\"wp-image-2756 avia-img-lazy-loading-2756\"  width=\"495\" height=\"400\" src=\"http:\/\/www.remmenfoundation.org\/wp-content\/uploads\/2019\/05\/remmen_kirstenastrup_fotochristianbrems-10-of-17-495x400.jpg\" title='remmen_kirstenastrup_fotochristianbrems (10 of 17)' alt='' srcset=\"http:\/\/www.remmenfoundation.org\/wp-content\/uploads\/2019\/05\/remmen_kirstenastrup_fotochristianbrems-10-of-17-495x400.jpg 495w, http:\/\/www.remmenfoundation.org\/wp-content\/uploads\/2019\/05\/remmen_kirstenastrup_fotochristianbrems-10-of-17-845x684.jpg 845w\" sizes=\"auto, (max-width: 495px) 100vw, 495px\" \/><\/div><\/a><a href=\"http:\/\/www.remmenfoundation.org\/wp-content\/uploads\/2019\/05\/remmen_kirstenastrup_fotochristianbrems-3-of-17-1030x685.jpg\" data-srcset=\"http:\/\/www.remmenfoundation.org\/wp-content\/uploads\/2019\/05\/remmen_kirstenastrup_fotochristianbrems-3-of-17-1030x685.jpg 1030w, http:\/\/www.remmenfoundation.org\/wp-content\/uploads\/2019\/05\/remmen_kirstenastrup_fotochristianbrems-3-of-17-300x200.jpg 300w, http:\/\/www.remmenfoundation.org\/wp-content\/uploads\/2019\/05\/remmen_kirstenastrup_fotochristianbrems-3-of-17-768x511.jpg 768w, http:\/\/www.remmenfoundation.org\/wp-content\/uploads\/2019\/05\/remmen_kirstenastrup_fotochristianbrems-3-of-17-800x532.jpg 800w, http:\/\/www.remmenfoundation.org\/wp-content\/uploads\/2019\/05\/remmen_kirstenastrup_fotochristianbrems-3-of-17-1500x998.jpg 1500w, http:\/\/www.remmenfoundation.org\/wp-content\/uploads\/2019\/05\/remmen_kirstenastrup_fotochristianbrems-3-of-17-705x469.jpg 705w, http:\/\/www.remmenfoundation.org\/wp-content\/uploads\/2019\/05\/remmen_kirstenastrup_fotochristianbrems-3-of-17-450x299.jpg 450w, http:\/\/www.remmenfoundation.org\/wp-content\/uploads\/2019\/05\/remmen_kirstenastrup_fotochristianbrems-3-of-17.jpg 2000w\" data-sizes=\"(max-width: 1030px) 100vw, 1030px\" data-rel='gallery-1' data-prev-img='http:\/\/www.remmenfoundation.org\/wp-content\/uploads\/2019\/05\/remmen_kirstenastrup_fotochristianbrems-3-of-17-495x400.jpg' class='lightbox ' data-onclick='14' title='Foto Christian Brems'  itemprop=\"thumbnailUrl\"  ><img decoding=\"async\" fetchpriority=\"high\" class=\"wp-image-2749 avia-img-lazy-loading-not-2749\"  data-avia-tooltip='Foto Christian Brems' src=\"http:\/\/www.remmenfoundation.org\/wp-content\/uploads\/2019\/05\/remmen_kirstenastrup_fotochristianbrems-3-of-17-495x400.jpg\" width=\"495\" height=\"400\"  title='remmen_kirstenastrup_fotochristianbrems (3 of 17)' alt='' srcset=\"http:\/\/www.remmenfoundation.org\/wp-content\/uploads\/2019\/05\/remmen_kirstenastrup_fotochristianbrems-3-of-17-495x400.jpg 495w, http:\/\/www.remmenfoundation.org\/wp-content\/uploads\/2019\/05\/remmen_kirstenastrup_fotochristianbrems-3-of-17-845x684.jpg 845w\" sizes=\"(max-width: 495px) 100vw, 495px\" \/><div class='big-prev-fake'><img decoding=\"async\" loading=\"lazy\" class=\"wp-image-2749 avia-img-lazy-loading-2749\"  width=\"495\" height=\"400\" src=\"http:\/\/www.remmenfoundation.org\/wp-content\/uploads\/2019\/05\/remmen_kirstenastrup_fotochristianbrems-3-of-17-495x400.jpg\" title='remmen_kirstenastrup_fotochristianbrems (3 of 17)' alt='' srcset=\"http:\/\/www.remmenfoundation.org\/wp-content\/uploads\/2019\/05\/remmen_kirstenastrup_fotochristianbrems-3-of-17-495x400.jpg 495w, http:\/\/www.remmenfoundation.org\/wp-content\/uploads\/2019\/05\/remmen_kirstenastrup_fotochristianbrems-3-of-17-845x684.jpg 845w\" sizes=\"auto, (max-width: 495px) 100vw, 495px\" \/><\/div><\/a><a href=\"http:\/\/www.remmenfoundation.org\/wp-content\/uploads\/2019\/05\/remmen_kirstenastrup_fotochristianbrems-2-of-17-1030x685.jpg\" data-srcset=\"http:\/\/www.remmenfoundation.org\/wp-content\/uploads\/2019\/05\/remmen_kirstenastrup_fotochristianbrems-2-of-17-1030x685.jpg 1030w, http:\/\/www.remmenfoundation.org\/wp-content\/uploads\/2019\/05\/remmen_kirstenastrup_fotochristianbrems-2-of-17-300x200.jpg 300w, http:\/\/www.remmenfoundation.org\/wp-content\/uploads\/2019\/05\/remmen_kirstenastrup_fotochristianbrems-2-of-17-768x511.jpg 768w, http:\/\/www.remmenfoundation.org\/wp-content\/uploads\/2019\/05\/remmen_kirstenastrup_fotochristianbrems-2-of-17-800x532.jpg 800w, http:\/\/www.remmenfoundation.org\/wp-content\/uploads\/2019\/05\/remmen_kirstenastrup_fotochristianbrems-2-of-17-1500x998.jpg 1500w, http:\/\/www.remmenfoundation.org\/wp-content\/uploads\/2019\/05\/remmen_kirstenastrup_fotochristianbrems-2-of-17-705x469.jpg 705w, http:\/\/www.remmenfoundation.org\/wp-content\/uploads\/2019\/05\/remmen_kirstenastrup_fotochristianbrems-2-of-17-450x299.jpg 450w, http:\/\/www.remmenfoundation.org\/wp-content\/uploads\/2019\/05\/remmen_kirstenastrup_fotochristianbrems-2-of-17.jpg 2000w\" data-sizes=\"(max-width: 1030px) 100vw, 1030px\" data-rel='gallery-1' data-prev-img='http:\/\/www.remmenfoundation.org\/wp-content\/uploads\/2019\/05\/remmen_kirstenastrup_fotochristianbrems-2-of-17-495x400.jpg' class='lightbox ' data-onclick='15' title='Foto Christian Brems'  itemprop=\"thumbnailUrl\"  ><img decoding=\"async\" fetchpriority=\"high\" class=\"wp-image-2748 avia-img-lazy-loading-not-2748\"  data-avia-tooltip='Foto Christian Brems' src=\"http:\/\/www.remmenfoundation.org\/wp-content\/uploads\/2019\/05\/remmen_kirstenastrup_fotochristianbrems-2-of-17-495x400.jpg\" width=\"495\" height=\"400\"  title='remmen_kirstenastrup_fotochristianbrems (2 of 17)' alt='' srcset=\"http:\/\/www.remmenfoundation.org\/wp-content\/uploads\/2019\/05\/remmen_kirstenastrup_fotochristianbrems-2-of-17-495x400.jpg 495w, http:\/\/www.remmenfoundation.org\/wp-content\/uploads\/2019\/05\/remmen_kirstenastrup_fotochristianbrems-2-of-17-845x684.jpg 845w\" sizes=\"(max-width: 495px) 100vw, 495px\" \/><div class='big-prev-fake'><img decoding=\"async\" loading=\"lazy\" class=\"wp-image-2748 avia-img-lazy-loading-2748\"  width=\"495\" height=\"400\" src=\"http:\/\/www.remmenfoundation.org\/wp-content\/uploads\/2019\/05\/remmen_kirstenastrup_fotochristianbrems-2-of-17-495x400.jpg\" title='remmen_kirstenastrup_fotochristianbrems (2 of 17)' alt='' srcset=\"http:\/\/www.remmenfoundation.org\/wp-content\/uploads\/2019\/05\/remmen_kirstenastrup_fotochristianbrems-2-of-17-495x400.jpg 495w, http:\/\/www.remmenfoundation.org\/wp-content\/uploads\/2019\/05\/remmen_kirstenastrup_fotochristianbrems-2-of-17-845x684.jpg 845w\" sizes=\"auto, (max-width: 495px) 100vw, 495px\" \/><\/div><\/a><a href=\"http:\/\/www.remmenfoundation.org\/wp-content\/uploads\/2019\/05\/remmen_kirstenastrup_fotochristianbrems-1-of-1-1030x685.jpg\" data-srcset=\"http:\/\/www.remmenfoundation.org\/wp-content\/uploads\/2019\/05\/remmen_kirstenastrup_fotochristianbrems-1-of-1-1030x685.jpg 1030w, http:\/\/www.remmenfoundation.org\/wp-content\/uploads\/2019\/05\/remmen_kirstenastrup_fotochristianbrems-1-of-1-300x200.jpg 300w, http:\/\/www.remmenfoundation.org\/wp-content\/uploads\/2019\/05\/remmen_kirstenastrup_fotochristianbrems-1-of-1-768x511.jpg 768w, http:\/\/www.remmenfoundation.org\/wp-content\/uploads\/2019\/05\/remmen_kirstenastrup_fotochristianbrems-1-of-1-800x532.jpg 800w, http:\/\/www.remmenfoundation.org\/wp-content\/uploads\/2019\/05\/remmen_kirstenastrup_fotochristianbrems-1-of-1-1500x998.jpg 1500w, http:\/\/www.remmenfoundation.org\/wp-content\/uploads\/2019\/05\/remmen_kirstenastrup_fotochristianbrems-1-of-1-705x469.jpg 705w, http:\/\/www.remmenfoundation.org\/wp-content\/uploads\/2019\/05\/remmen_kirstenastrup_fotochristianbrems-1-of-1-450x299.jpg 450w, http:\/\/www.remmenfoundation.org\/wp-content\/uploads\/2019\/05\/remmen_kirstenastrup_fotochristianbrems-1-of-1.jpg 2000w\" data-sizes=\"(max-width: 1030px) 100vw, 1030px\" data-rel='gallery-1' data-prev-img='http:\/\/www.remmenfoundation.org\/wp-content\/uploads\/2019\/05\/remmen_kirstenastrup_fotochristianbrems-1-of-1-495x400.jpg' class='first_thumb lightbox ' data-onclick='16' title='Foto Christian Brems'  itemprop=\"thumbnailUrl\"  ><img decoding=\"async\" fetchpriority=\"high\" class=\"wp-image-2747 avia-img-lazy-loading-not-2747\"  data-avia-tooltip='Foto Christian Brems' src=\"http:\/\/www.remmenfoundation.org\/wp-content\/uploads\/2019\/05\/remmen_kirstenastrup_fotochristianbrems-1-of-1-495x400.jpg\" width=\"495\" height=\"400\"  title='remmen_kirstenastrup_fotochristianbrems (1 of 1)' alt='' srcset=\"http:\/\/www.remmenfoundation.org\/wp-content\/uploads\/2019\/05\/remmen_kirstenastrup_fotochristianbrems-1-of-1-495x400.jpg 495w, http:\/\/www.remmenfoundation.org\/wp-content\/uploads\/2019\/05\/remmen_kirstenastrup_fotochristianbrems-1-of-1-845x684.jpg 845w\" sizes=\"(max-width: 495px) 100vw, 495px\" \/><div class='big-prev-fake'><img decoding=\"async\" loading=\"lazy\" class=\"wp-image-2747 avia-img-lazy-loading-2747\"  width=\"495\" height=\"400\" src=\"http:\/\/www.remmenfoundation.org\/wp-content\/uploads\/2019\/05\/remmen_kirstenastrup_fotochristianbrems-1-of-1-495x400.jpg\" title='remmen_kirstenastrup_fotochristianbrems (1 of 1)' alt='' srcset=\"http:\/\/www.remmenfoundation.org\/wp-content\/uploads\/2019\/05\/remmen_kirstenastrup_fotochristianbrems-1-of-1-495x400.jpg 495w, http:\/\/www.remmenfoundation.org\/wp-content\/uploads\/2019\/05\/remmen_kirstenastrup_fotochristianbrems-1-of-1-845x684.jpg 845w\" sizes=\"auto, (max-width: 495px) 100vw, 495px\" \/><\/div><\/a><a href=\"http:\/\/www.remmenfoundation.org\/wp-content\/uploads\/2019\/05\/remmen_foto_christianbrems-1-of-1-2-685x1030.jpg\" data-srcset=\"http:\/\/www.remmenfoundation.org\/wp-content\/uploads\/2019\/05\/remmen_foto_christianbrems-1-of-1-2-685x1030.jpg 685w, http:\/\/www.remmenfoundation.org\/wp-content\/uploads\/2019\/05\/remmen_foto_christianbrems-1-of-1-2-200x300.jpg 200w, http:\/\/www.remmenfoundation.org\/wp-content\/uploads\/2019\/05\/remmen_foto_christianbrems-1-of-1-2-768x1154.jpg 768w, http:\/\/www.remmenfoundation.org\/wp-content\/uploads\/2019\/05\/remmen_foto_christianbrems-1-of-1-2-399x600.jpg 399w, http:\/\/www.remmenfoundation.org\/wp-content\/uploads\/2019\/05\/remmen_foto_christianbrems-1-of-1-2-998x1500.jpg 998w, http:\/\/www.remmenfoundation.org\/wp-content\/uploads\/2019\/05\/remmen_foto_christianbrems-1-of-1-2-469x705.jpg 469w, http:\/\/www.remmenfoundation.org\/wp-content\/uploads\/2019\/05\/remmen_foto_christianbrems-1-of-1-2-450x676.jpg 450w, http:\/\/www.remmenfoundation.org\/wp-content\/uploads\/2019\/05\/remmen_foto_christianbrems-1-of-1-2.jpg 1996w\" data-sizes=\"(max-width: 685px) 100vw, 685px\" data-rel='gallery-1' data-prev-img='http:\/\/www.remmenfoundation.org\/wp-content\/uploads\/2019\/05\/remmen_foto_christianbrems-1-of-1-2-495x400.jpg' class='lightbox ' data-onclick='17' title='Foto Christian Brems'  itemprop=\"thumbnailUrl\"  ><img decoding=\"async\" fetchpriority=\"high\" class=\"wp-image-2746 avia-img-lazy-loading-not-2746\"  data-avia-tooltip='Foto Christian Brems' src=\"http:\/\/www.remmenfoundation.org\/wp-content\/uploads\/2019\/05\/remmen_foto_christianbrems-1-of-1-2-495x400.jpg\" width=\"495\" height=\"400\"  title='remmen_foto_christianbrems (1 of 1)-2' alt='' srcset=\"http:\/\/www.remmenfoundation.org\/wp-content\/uploads\/2019\/05\/remmen_foto_christianbrems-1-of-1-2-495x400.jpg 495w, http:\/\/www.remmenfoundation.org\/wp-content\/uploads\/2019\/05\/remmen_foto_christianbrems-1-of-1-2-845x684.jpg 845w\" sizes=\"(max-width: 495px) 100vw, 495px\" \/><div class='big-prev-fake'><img decoding=\"async\" loading=\"lazy\" class=\"wp-image-2746 avia-img-lazy-loading-2746\"  width=\"495\" height=\"400\" src=\"http:\/\/www.remmenfoundation.org\/wp-content\/uploads\/2019\/05\/remmen_foto_christianbrems-1-of-1-2-495x400.jpg\" title='remmen_foto_christianbrems (1 of 1)-2' alt='' srcset=\"http:\/\/www.remmenfoundation.org\/wp-content\/uploads\/2019\/05\/remmen_foto_christianbrems-1-of-1-2-495x400.jpg 495w, http:\/\/www.remmenfoundation.org\/wp-content\/uploads\/2019\/05\/remmen_foto_christianbrems-1-of-1-2-845x684.jpg 845w\" sizes=\"auto, (max-width: 495px) 100vw, 495px\" \/><\/div><\/a><a href=\"http:\/\/www.remmenfoundation.org\/wp-content\/uploads\/2019\/05\/remmen_foto_christianbrems-1-of-1-1030x685.jpg\" data-srcset=\"http:\/\/www.remmenfoundation.org\/wp-content\/uploads\/2019\/05\/remmen_foto_christianbrems-1-of-1-1030x685.jpg 1030w, http:\/\/www.remmenfoundation.org\/wp-content\/uploads\/2019\/05\/remmen_foto_christianbrems-1-of-1-300x200.jpg 300w, http:\/\/www.remmenfoundation.org\/wp-content\/uploads\/2019\/05\/remmen_foto_christianbrems-1-of-1-768x511.jpg 768w, http:\/\/www.remmenfoundation.org\/wp-content\/uploads\/2019\/05\/remmen_foto_christianbrems-1-of-1-800x532.jpg 800w, http:\/\/www.remmenfoundation.org\/wp-content\/uploads\/2019\/05\/remmen_foto_christianbrems-1-of-1-1500x998.jpg 1500w, http:\/\/www.remmenfoundation.org\/wp-content\/uploads\/2019\/05\/remmen_foto_christianbrems-1-of-1-705x469.jpg 705w, http:\/\/www.remmenfoundation.org\/wp-content\/uploads\/2019\/05\/remmen_foto_christianbrems-1-of-1-450x299.jpg 450w\" data-sizes=\"(max-width: 1030px) 100vw, 1030px\" data-rel='gallery-1' data-prev-img='http:\/\/www.remmenfoundation.org\/wp-content\/uploads\/2019\/05\/remmen_foto_christianbrems-1-of-1-495x400.jpg' class='lightbox ' data-onclick='18' title='Foto Christian Brems'  itemprop=\"thumbnailUrl\"  ><img decoding=\"async\" fetchpriority=\"high\" class=\"wp-image-2745 avia-img-lazy-loading-not-2745\"  data-avia-tooltip='Foto Christian Brems' src=\"http:\/\/www.remmenfoundation.org\/wp-content\/uploads\/2019\/05\/remmen_foto_christianbrems-1-of-1-495x400.jpg\" width=\"495\" height=\"400\"  title='remmen_foto_christianbrems (1 of 1)' alt='' srcset=\"http:\/\/www.remmenfoundation.org\/wp-content\/uploads\/2019\/05\/remmen_foto_christianbrems-1-of-1-495x400.jpg 495w, http:\/\/www.remmenfoundation.org\/wp-content\/uploads\/2019\/05\/remmen_foto_christianbrems-1-of-1-845x684.jpg 845w\" sizes=\"(max-width: 495px) 100vw, 495px\" \/><div class='big-prev-fake'><img decoding=\"async\" loading=\"lazy\" class=\"wp-image-2745 avia-img-lazy-loading-2745\"  width=\"495\" height=\"400\" src=\"http:\/\/www.remmenfoundation.org\/wp-content\/uploads\/2019\/05\/remmen_foto_christianbrems-1-of-1-495x400.jpg\" title='remmen_foto_christianbrems (1 of 1)' alt='' srcset=\"http:\/\/www.remmenfoundation.org\/wp-content\/uploads\/2019\/05\/remmen_foto_christianbrems-1-of-1-495x400.jpg 495w, http:\/\/www.remmenfoundation.org\/wp-content\/uploads\/2019\/05\/remmen_foto_christianbrems-1-of-1-845x684.jpg 845w\" sizes=\"auto, (max-width: 495px) 100vw, 495px\" \/><\/div><\/a><\/div><\/div><\/p><\/div>\n\n<style type=\"text\/css\" data-created_by=\"avia_inline_auto\" id=\"style-css-av-gqkg1k-0d1661bc8c5c56734d25458822255c43\">\n#top .hr.av-gqkg1k-0d1661bc8c5c56734d25458822255c43{\nmargin-top:30px;\nmargin-bottom:30px;\n}\n.hr.av-gqkg1k-0d1661bc8c5c56734d25458822255c43 .hr-inner{\nwidth:2000;\nborder-color:#444444;\n}\n<\/style>\n<div  class='hr av-gqkg1k-0d1661bc8c5c56734d25458822255c43 hr-custom  avia-builder-el-12  el_after_av_one_full  el_before_av_one_third  hr-center hr-icon-no'><span class='hr-inner inner-border-av-border-thin'><span class=\"hr-inner-style\"><\/span><\/span><\/div>\n\n<style type=\"text\/css\" data-created_by=\"avia_inline_auto\" id=\"style-css-av-feo4fc-9cf0d9331839568e1b83bc369723ef33\">\n.flex_column.av-feo4fc-9cf0d9331839568e1b83bc369723ef33{\nborder-radius:0px 0px 0px 0px;\npadding:0px 0px 0px 0px;\n}\n<\/style>\n<div  class='flex_column av-feo4fc-9cf0d9331839568e1b83bc369723ef33 av_one_third  avia-builder-el-13  el_after_av_hr  el_before_av_one_third  first flex_column_div av-zero-column-padding  '     ><p>\n<style type=\"text\/css\" data-created_by=\"avia_inline_auto\" id=\"style-css-av-eiqn94-e5af8e8ec24bd49c13ea9c67e2a5429a\">\n#top .av-special-heading.av-eiqn94-e5af8e8ec24bd49c13ea9c67e2a5429a{\npadding-bottom:10px;\n}\nbody .av-special-heading.av-eiqn94-e5af8e8ec24bd49c13ea9c67e2a5429a .av-special-heading-tag .heading-char{\nfont-size:25px;\n}\n.av-special-heading.av-eiqn94-e5af8e8ec24bd49c13ea9c67e2a5429a .av-subheading{\nfont-size:13px;\n}\n<\/style>\n<div  class='av-special-heading av-eiqn94-e5af8e8ec24bd49c13ea9c67e2a5429a av-special-heading-h2 blockquote modern-quote modern-centered  avia-builder-el-14  el_before_av_button  avia-builder-el-first '><h2 class='av-special-heading-tag '  itemprop=\"headline\"  >THE REMMEN FOUNDATION<\/h2><div class='av-subheading av-subheading_below'><p>The Remmen Foundation (Remmen&#8217;s Stiftung von 1986) was founded by Henning Remmen in 1986. Originally, the purpose of the Foundation was to operate a variety of commercial activities centered around hotels.<\/p>\n<\/div><div class=\"special-heading-border\"><div class=\"special-heading-inner-border\"><\/div><\/div><\/div><br \/>\n<div  class='avia-button-wrap av-cc1zy0-507449bbfbce80bd47d5bc9457f64989-wrap avia-button-center  avia-builder-el-15  el_after_av_heading  avia-builder-el-last '>\n<style type=\"text\/css\" data-created_by=\"avia_inline_auto\" id=\"style-css-av-cc1zy0-507449bbfbce80bd47d5bc9457f64989\">\n#top #wrap_all .avia-button.av-cc1zy0-507449bbfbce80bd47d5bc9457f64989{\nbackground-color:#9eb8bc;\nborder-color:#9eb8bc;\ncolor:#ffffff;\ntransition:all 0.4s ease-in-out;\n}\n<\/style>\n<a href='http:\/\/www.remmenfoundation.org\/en\/about-the-remmen-foundation\/'  class='avia-button av-cc1zy0-507449bbfbce80bd47d5bc9457f64989 av-link-btn avia-icon_select-no avia-size-medium avia-position-center'   aria-label=\"READ MORE\"><span class='avia_iconbox_title' >READ MORE<\/span><\/a><\/div><\/p><\/div>\n\n<style type=\"text\/css\" data-created_by=\"avia_inline_auto\" id=\"style-css-av-anlfgo-355782565a5ea912082a01c5ac538435\">\n.flex_column.av-anlfgo-355782565a5ea912082a01c5ac538435{\nborder-radius:0px 0px 0px 0px;\npadding:0px 0px 0px 0px;\n}\n<\/style>\n<div  class='flex_column av-anlfgo-355782565a5ea912082a01c5ac538435 av_one_third  avia-builder-el-16  el_after_av_one_third  el_before_av_one_third  flex_column_div av-zero-column-padding  '     ><p>\n<style type=\"text\/css\" data-created_by=\"avia_inline_auto\" id=\"style-css-av-8k6vp4-98c0be8514194178af777a81e4470726\">\n#top .av-special-heading.av-8k6vp4-98c0be8514194178af777a81e4470726{\npadding-bottom:10px;\n}\nbody .av-special-heading.av-8k6vp4-98c0be8514194178af777a81e4470726 .av-special-heading-tag .heading-char{\nfont-size:25px;\n}\n.av-special-heading.av-8k6vp4-98c0be8514194178af777a81e4470726 .av-subheading{\nfont-size:13px;\n}\n<\/style>\n<div  class='av-special-heading av-8k6vp4-98c0be8514194178af777a81e4470726 av-special-heading-h2 blockquote modern-quote modern-centered  avia-builder-el-17  el_before_av_button  avia-builder-el-first '><h2 class='av-special-heading-tag '  itemprop=\"headline\"  >APPLY FOR A DONATION<\/h2><div class='av-subheading av-subheading_below'><p>The Remmen Foundation primarily supports projects in Denmark, or projects that benefit Danish people, whether they reside in Denmark or abroad.<\/p>\n<\/div><div class=\"special-heading-border\"><div class=\"special-heading-inner-border\"><\/div><\/div><\/div><br \/>\n<div  class='avia-button-wrap av-6texo8-f16efff1dff3e6576251e61a03a35c71-wrap avia-button-center  avia-builder-el-18  el_after_av_heading  avia-builder-el-last '>\n<style type=\"text\/css\" data-created_by=\"avia_inline_auto\" id=\"style-css-av-6texo8-f16efff1dff3e6576251e61a03a35c71\">\n#top #wrap_all .avia-button.av-6texo8-f16efff1dff3e6576251e61a03a35c71{\nbackground-color:#9eb8bc;\nborder-color:#9eb8bc;\ncolor:#ffffff;\ntransition:all 0.4s ease-in-out;\n}\n<\/style>\n<a href='http:\/\/www.remmenfoundation.org\/en\/applications\/'  class='avia-button av-6texo8-f16efff1dff3e6576251e61a03a35c71 av-link-btn avia-icon_select-no avia-size-medium avia-position-center'   aria-label=\"READ MORE\"><span class='avia_iconbox_title' >READ MORE<\/span><\/a><\/div><\/p><\/div>\n\n<style type=\"text\/css\" data-created_by=\"avia_inline_auto\" id=\"style-css-av-6l6q3c-751f5d4d88303aa8f7e33e5b91a461ca\">\n.flex_column.av-6l6q3c-751f5d4d88303aa8f7e33e5b91a461ca{\nborder-radius:0px 0px 0px 0px;\npadding:0px 0px 0px 0px;\n}\n<\/style>\n<div  class='flex_column av-6l6q3c-751f5d4d88303aa8f7e33e5b91a461ca av_one_third  avia-builder-el-19  el_after_av_one_third  avia-builder-el-last  flex_column_div av-zero-column-padding  '     ><p>\n<style type=\"text\/css\" data-created_by=\"avia_inline_auto\" id=\"style-css-av-48cvtk-8b59345aa32055e1d4a57b8d506cd391\">\n#top .av-special-heading.av-48cvtk-8b59345aa32055e1d4a57b8d506cd391{\npadding-bottom:10px;\n}\nbody .av-special-heading.av-48cvtk-8b59345aa32055e1d4a57b8d506cd391 .av-special-heading-tag .heading-char{\nfont-size:25px;\n}\n.av-special-heading.av-48cvtk-8b59345aa32055e1d4a57b8d506cd391 .av-subheading{\nfont-size:13px;\n}\n<\/style>\n<div  class='av-special-heading av-48cvtk-8b59345aa32055e1d4a57b8d506cd391 av-special-heading-h2 blockquote modern-quote modern-centered  avia-builder-el-20  el_before_av_button  avia-builder-el-first '><h2 class='av-special-heading-tag '  itemprop=\"headline\"  >ALL DONATIONS<\/h2><div class='av-subheading av-subheading_below'><p>Here you can see the list of all the donations The Remmen Foundation have provided. The donations are displayed in chronological sequence to create and ease the overview.<\/p>\n<\/div><div class=\"special-heading-border\"><div class=\"special-heading-inner-border\"><\/div><\/div><\/div><br \/>\n<div  class='avia-button-wrap av-22x8vs-468b0ccfa01f633e093f33fb5c2d4d7c-wrap avia-button-center  avia-builder-el-21  el_after_av_heading  avia-builder-el-last '>\n<style type=\"text\/css\" data-created_by=\"avia_inline_auto\" id=\"style-css-av-22x8vs-468b0ccfa01f633e093f33fb5c2d4d7c\">\n#top #wrap_all .avia-button.av-22x8vs-468b0ccfa01f633e093f33fb5c2d4d7c{\nbackground-color:#9eb8bc;\nborder-color:#9eb8bc;\ncolor:#ffffff;\ntransition:all 0.4s ease-in-out;\n}\n<\/style>\n<a href='http:\/\/www.remmenfoundation.org\/en\/donations\/all-donations\/'  class='avia-button av-22x8vs-468b0ccfa01f633e093f33fb5c2d4d7c av-link-btn avia-icon_select-no avia-size-medium avia-position-center'   aria-label=\"READ MORE\"><span class='avia_iconbox_title' >READ MORE<\/span><\/a><\/div><\/p><\/div>\n","protected":false},"excerpt":{"rendered":"","protected":false},"author":0,"featured_media":2759,"template":"","meta":{"footnotes":""},"tags":[],"portfolio_entries":[62,12,56,14],"class_list":["post-2744","portfolio","type-portfolio","status-publish","has-post-thumbnail","hentry","portfolio_entries-art-prize","portfolio_entries-donationer","portfolio_entries-donations","portfolio_entries-kunstpris"],"yoast_head":"<!-- This site is optimized with the Yoast SEO plugin v27.0 - https:\/\/yoast.com\/product\/yoast-seo-wordpress\/ -->\n<title>ART PRIZE 2019 - REMMEN FONDEN<\/title>\n<meta name=\"robots\" content=\"index, follow, max-snippet:-1, max-image-preview:large, max-video-preview:-1\" \/>\n<link rel=\"canonical\" href=\"http:\/\/www.remmenfoundation.org\/en\/donation\/remmen-foundation-art-prize-2018-2\/\" \/>\n<meta property=\"og:locale\" content=\"en_US\" \/>\n<meta property=\"og:type\" content=\"article\" \/>\n<meta property=\"og:title\" content=\"ART PRIZE 2019 - REMMEN FONDEN\" \/>\n<meta property=\"og:url\" content=\"http:\/\/www.remmenfoundation.org\/en\/donation\/remmen-foundation-art-prize-2018-2\/\" \/>\n<meta property=\"og:site_name\" content=\"REMMEN FONDEN\" \/>\n<meta property=\"article:modified_time\" content=\"2019-05-31T13:30:26+00:00\" \/>\n<meta property=\"og:image\" content=\"http:\/\/www.remmenfoundation.org\/wp-content\/uploads\/2019\/05\/remmen_kirstenastrup_fotochristianbrems-13-of-17.jpg\" \/>\n\t<meta property=\"og:image:width\" content=\"2000\" \/>\n\t<meta property=\"og:image:height\" content=\"1331\" \/>\n\t<meta property=\"og:image:type\" content=\"image\/jpeg\" \/>\n<meta name=\"twitter:card\" content=\"summary_large_image\" \/>\n<meta name=\"twitter:label1\" content=\"Est. reading time\" \/>\n\t<meta name=\"twitter:data1\" content=\"7 minutes\" \/>\n<script type=\"application\/ld+json\" class=\"yoast-schema-graph\">{\"@context\":\"https:\/\/schema.org\",\"@graph\":[{\"@type\":\"WebPage\",\"@id\":\"http:\/\/www.remmenfoundation.org\/en\/donation\/remmen-foundation-art-prize-2018-2\/\",\"url\":\"http:\/\/www.remmenfoundation.org\/en\/donation\/remmen-foundation-art-prize-2018-2\/\",\"name\":\"ART PRIZE 2019 - REMMEN FONDEN\",\"isPartOf\":{\"@id\":\"http:\/\/www.remmenfoundation.org\/en\/#website\"},\"primaryImageOfPage\":{\"@id\":\"http:\/\/www.remmenfoundation.org\/en\/donation\/remmen-foundation-art-prize-2018-2\/#primaryimage\"},\"image\":{\"@id\":\"http:\/\/www.remmenfoundation.org\/en\/donation\/remmen-foundation-art-prize-2018-2\/#primaryimage\"},\"thumbnailUrl\":\"http:\/\/www.remmenfoundation.org\/wp-content\/uploads\/2019\/05\/remmen_kirstenastrup_fotochristianbrems-13-of-17.jpg\",\"datePublished\":\"2019-05-31T12:33:51+00:00\",\"dateModified\":\"2019-05-31T13:30:26+00:00\",\"breadcrumb\":{\"@id\":\"http:\/\/www.remmenfoundation.org\/en\/donation\/remmen-foundation-art-prize-2018-2\/#breadcrumb\"},\"inLanguage\":\"en-US\",\"potentialAction\":[{\"@type\":\"ReadAction\",\"target\":[\"http:\/\/www.remmenfoundation.org\/en\/donation\/remmen-foundation-art-prize-2018-2\/\"]}]},{\"@type\":\"ImageObject\",\"inLanguage\":\"en-US\",\"@id\":\"http:\/\/www.remmenfoundation.org\/en\/donation\/remmen-foundation-art-prize-2018-2\/#primaryimage\",\"url\":\"http:\/\/www.remmenfoundation.org\/wp-content\/uploads\/2019\/05\/remmen_kirstenastrup_fotochristianbrems-13-of-17.jpg\",\"contentUrl\":\"http:\/\/www.remmenfoundation.org\/wp-content\/uploads\/2019\/05\/remmen_kirstenastrup_fotochristianbrems-13-of-17.jpg\",\"width\":2000,\"height\":1331,\"caption\":\"Foto Christian Brems\"},{\"@type\":\"BreadcrumbList\",\"@id\":\"http:\/\/www.remmenfoundation.org\/en\/donation\/remmen-foundation-art-prize-2018-2\/#breadcrumb\",\"itemListElement\":[{\"@type\":\"ListItem\",\"position\":1,\"name\":\"Hjem\",\"item\":\"http:\/\/www.remmenfoundation.org\/en\/\"},{\"@type\":\"ListItem\",\"position\":2,\"name\":\"ART PRIZE 2019\"}]},{\"@type\":\"WebSite\",\"@id\":\"http:\/\/www.remmenfoundation.org\/en\/#website\",\"url\":\"http:\/\/www.remmenfoundation.org\/en\/\",\"name\":\"REMMEN FONDEN\",\"description\":\"The Remmen foundation\",\"potentialAction\":[{\"@type\":\"SearchAction\",\"target\":{\"@type\":\"EntryPoint\",\"urlTemplate\":\"http:\/\/www.remmenfoundation.org\/en\/?s={search_term_string}\"},\"query-input\":{\"@type\":\"PropertyValueSpecification\",\"valueRequired\":true,\"valueName\":\"search_term_string\"}}],\"inLanguage\":\"en-US\"}]}<\/script>\n<!-- \/ Yoast SEO plugin. -->","yoast_head_json":{"title":"ART PRIZE 2019 - REMMEN FONDEN","robots":{"index":"index","follow":"follow","max-snippet":"max-snippet:-1","max-image-preview":"max-image-preview:large","max-video-preview":"max-video-preview:-1"},"canonical":"http:\/\/www.remmenfoundation.org\/en\/donation\/remmen-foundation-art-prize-2018-2\/","og_locale":"en_US","og_type":"article","og_title":"ART PRIZE 2019 - REMMEN FONDEN","og_url":"http:\/\/www.remmenfoundation.org\/en\/donation\/remmen-foundation-art-prize-2018-2\/","og_site_name":"REMMEN FONDEN","article_modified_time":"2019-05-31T13:30:26+00:00","og_image":[{"width":2000,"height":1331,"url":"http:\/\/www.remmenfoundation.org\/wp-content\/uploads\/2019\/05\/remmen_kirstenastrup_fotochristianbrems-13-of-17.jpg","type":"image\/jpeg"}],"twitter_card":"summary_large_image","twitter_misc":{"Est. reading time":"7 minutes"},"schema":{"@context":"https:\/\/schema.org","@graph":[{"@type":"WebPage","@id":"http:\/\/www.remmenfoundation.org\/en\/donation\/remmen-foundation-art-prize-2018-2\/","url":"http:\/\/www.remmenfoundation.org\/en\/donation\/remmen-foundation-art-prize-2018-2\/","name":"ART PRIZE 2019 - REMMEN FONDEN","isPartOf":{"@id":"http:\/\/www.remmenfoundation.org\/en\/#website"},"primaryImageOfPage":{"@id":"http:\/\/www.remmenfoundation.org\/en\/donation\/remmen-foundation-art-prize-2018-2\/#primaryimage"},"image":{"@id":"http:\/\/www.remmenfoundation.org\/en\/donation\/remmen-foundation-art-prize-2018-2\/#primaryimage"},"thumbnailUrl":"http:\/\/www.remmenfoundation.org\/wp-content\/uploads\/2019\/05\/remmen_kirstenastrup_fotochristianbrems-13-of-17.jpg","datePublished":"2019-05-31T12:33:51+00:00","dateModified":"2019-05-31T13:30:26+00:00","breadcrumb":{"@id":"http:\/\/www.remmenfoundation.org\/en\/donation\/remmen-foundation-art-prize-2018-2\/#breadcrumb"},"inLanguage":"en-US","potentialAction":[{"@type":"ReadAction","target":["http:\/\/www.remmenfoundation.org\/en\/donation\/remmen-foundation-art-prize-2018-2\/"]}]},{"@type":"ImageObject","inLanguage":"en-US","@id":"http:\/\/www.remmenfoundation.org\/en\/donation\/remmen-foundation-art-prize-2018-2\/#primaryimage","url":"http:\/\/www.remmenfoundation.org\/wp-content\/uploads\/2019\/05\/remmen_kirstenastrup_fotochristianbrems-13-of-17.jpg","contentUrl":"http:\/\/www.remmenfoundation.org\/wp-content\/uploads\/2019\/05\/remmen_kirstenastrup_fotochristianbrems-13-of-17.jpg","width":2000,"height":1331,"caption":"Foto Christian Brems"},{"@type":"BreadcrumbList","@id":"http:\/\/www.remmenfoundation.org\/en\/donation\/remmen-foundation-art-prize-2018-2\/#breadcrumb","itemListElement":[{"@type":"ListItem","position":1,"name":"Hjem","item":"http:\/\/www.remmenfoundation.org\/en\/"},{"@type":"ListItem","position":2,"name":"ART PRIZE 2019"}]},{"@type":"WebSite","@id":"http:\/\/www.remmenfoundation.org\/en\/#website","url":"http:\/\/www.remmenfoundation.org\/en\/","name":"REMMEN FONDEN","description":"The Remmen foundation","potentialAction":[{"@type":"SearchAction","target":{"@type":"EntryPoint","urlTemplate":"http:\/\/www.remmenfoundation.org\/en\/?s={search_term_string}"},"query-input":{"@type":"PropertyValueSpecification","valueRequired":true,"valueName":"search_term_string"}}],"inLanguage":"en-US"}]}},"_links":{"self":[{"href":"http:\/\/www.remmenfoundation.org\/en\/wp-json\/wp\/v2\/portfolio\/2744","targetHints":{"allow":["GET"]}}],"collection":[{"href":"http:\/\/www.remmenfoundation.org\/en\/wp-json\/wp\/v2\/portfolio"}],"about":[{"href":"http:\/\/www.remmenfoundation.org\/en\/wp-json\/wp\/v2\/types\/portfolio"}],"version-history":[{"count":8,"href":"http:\/\/www.remmenfoundation.org\/en\/wp-json\/wp\/v2\/portfolio\/2744\/revisions"}],"predecessor-version":[{"id":3025,"href":"http:\/\/www.remmenfoundation.org\/en\/wp-json\/wp\/v2\/portfolio\/2744\/revisions\/3025"}],"wp:featuredmedia":[{"embeddable":true,"href":"http:\/\/www.remmenfoundation.org\/en\/wp-json\/wp\/v2\/media\/2759"}],"wp:attachment":[{"href":"http:\/\/www.remmenfoundation.org\/en\/wp-json\/wp\/v2\/media?parent=2744"}],"wp:term":[{"taxonomy":"post_tag","embeddable":true,"href":"http:\/\/www.remmenfoundation.org\/en\/wp-json\/wp\/v2\/tags?post=2744"},{"taxonomy":"portfolio_entries","embeddable":true,"href":"http:\/\/www.remmenfoundation.org\/en\/wp-json\/wp\/v2\/portfolio_entries?post=2744"}],"curies":[{"name":"wp","href":"https:\/\/api.w.org\/{rel}","templated":true}]}}