{"id":2935,"date":"2021-03-12T17:45:41","date_gmt":"2021-03-12T16:45:41","guid":{"rendered":"http:\/\/www.remmenfoundation.org\/?post_type=portfolio&#038;p=2935"},"modified":"2021-03-14T20:19:54","modified_gmt":"2021-03-14T19:19:54","slug":"alle-donationer","status":"publish","type":"portfolio","link":"http:\/\/www.remmenfoundation.org\/en\/donation\/alle-donationer\/","title":{"rendered":"THE ROYAL DANISH AIR FORCE 2021"},"content":{"rendered":"\n<style type=\"text\/css\" data-created_by=\"avia_inline_auto\" id=\"style-css-av-3cegs1-0eaca3ded43ef89646630445b62fa6d0\">\n.flex_column.av-3cegs1-0eaca3ded43ef89646630445b62fa6d0{\nborder-radius:0px 0px 0px 0px;\npadding:0px 0px 0px 0px;\n}\n<\/style>\n<div  class='flex_column av-3cegs1-0eaca3ded43ef89646630445b62fa6d0 av_two_fifth  avia-builder-el-0  el_before_av_three_fifth  avia-builder-el-first  first flex_column_div av-zero-column-padding  '     ><p>\n<style type=\"text\/css\" data-created_by=\"avia_inline_auto\" id=\"style-css-av-av_heading-952acf9cad09270dee98b4fb503806bb\">\n#top .av-special-heading.av-av_heading-952acf9cad09270dee98b4fb503806bb{\npadding-bottom:10px;\n}\nbody .av-special-heading.av-av_heading-952acf9cad09270dee98b4fb503806bb .av-special-heading-tag .heading-char{\nfont-size:25px;\n}\n.av-special-heading.av-av_heading-952acf9cad09270dee98b4fb503806bb .av-subheading{\nfont-size:15px;\n}\n<\/style>\n<div  class='av-special-heading av-av_heading-952acf9cad09270dee98b4fb503806bb av-special-heading-h2 blockquote modern-quote  avia-builder-el-1  el_before_av_textblock  avia-builder-el-first  av-linked-heading'><h2 class='av-special-heading-tag '  itemprop=\"headline\"  >THE REMMEN FOUNDATION SUPPORTS THE ROYAL DANISH AIR FORCE<\/h2><div class='av-subheading av-subheading_below'><p>2021<\/p>\n<\/div><div class=\"special-heading-border\"><div class=\"special-heading-inner-border\"><\/div><\/div><\/div><br \/>\n<section  class='av_textblock_section av-33vn95-0378a5a79117ef56c9c18037964f9f4f '   itemscope=\"itemscope\" itemtype=\"https:\/\/schema.org\/CreativeWork\" ><div class='avia_textblock'  itemprop=\"text\" ><p>In connection with the Royal Danish Air Force&#8217;s 70th birthday &#8211; December 2020 &#8211; the Remmen Foundation chose to award the Air Force with a donation in the form of three grants &#8211; respectively for an officer, a sergeant and a constable within the Air Force.<\/p>\n<p>However, due to the Corona restrictions, it was not possible until\u00a0 March 2021 to hold a small ceremony at the Fighter Wing Skydstrup in honor of the three grant recipients.<\/p>\n<p>Here, Major General Anders Rex was able to present the grants from the Remmen Foundation to Officer, Kristian Kaae Leutscher, Flight Specialist Carsten Hald Jensen and Sergeant Thomas Stoldt.<\/p>\n<p>During the ceremony, Major General Anders Rex gave an adequate justification to each individual explaining why each of them deserved to receive this specific grant.<\/p>\n<p>Through their extraordinary and professional effort within the Air Force, all three have also shown great commitment to their colleagues and thus earned this recognition of the Royal Danish Air Force.<\/p>\n<p>The Remmen Foundation warmly congratulates all three grant recipients.<\/p>\n<div class=\"text_exposed_show\"><\/div>\n<\/div><\/section><br \/>\n\n<style type=\"text\/css\" data-created_by=\"avia_inline_auto\" id=\"style-css-av-2wlsk1-1e8587853ffe31177274dc72cd51449a\">\n#top .hr.hr-invisible.av-2wlsk1-1e8587853ffe31177274dc72cd51449a{\nheight:20px;\n}\n<\/style>\n<div  class='hr av-2wlsk1-1e8587853ffe31177274dc72cd51449a hr-invisible  avia-builder-el-3  el_after_av_textblock  el_before_av_button '><span class='hr-inner '><span class=\"hr-inner-style\"><\/span><\/span><\/div><br \/>\n<div  class='avia-button-wrap av-2qh8qp-0cf6b1d1ffe78d7c83aa6ed6fd99effc-wrap avia-button-left  avia-builder-el-4  el_after_av_hr  avia-builder-el-last '>\n<style type=\"text\/css\" data-created_by=\"avia_inline_auto\" id=\"style-css-av-2qh8qp-0cf6b1d1ffe78d7c83aa6ed6fd99effc\">\n#top #wrap_all .avia-button.av-2qh8qp-0cf6b1d1ffe78d7c83aa6ed6fd99effc{\nbackground-color:#9eb8bc;\nborder-color:#9eb8bc;\ncolor:#ffffff;\ntransition:all 0.4s ease-in-out;\n}\n<\/style>\n<a href='https:\/\/forsvaret.dk\/en\/organisation\/airforce\/' class='avia-button av-2qh8qp-0cf6b1d1ffe78d7c83aa6ed6fd99effc av-link-btn avia-icon_select-no avia-size-medium avia-position-left' target=\"_blank\" rel=\"noopener noreferrer\" aria-label=\"LINK TO THE ROYAL DANISH AIR FORCE\"><span class='avia_iconbox_title' >LINK TO THE ROYAL DANISH AIR FORCE<\/span><\/a><\/div><\/p><\/div>\n<style type=\"text\/css\" data-created_by=\"avia_inline_auto\" id=\"style-css-av-2liyj5-9f75d2bfba381a9c214f6d2eef454bd1\">\n.flex_column.av-2liyj5-9f75d2bfba381a9c214f6d2eef454bd1{\nborder-radius:0px 0px 0px 0px;\npadding:0px 0px 0px 0px;\n}\n<\/style>\n<div  class='flex_column av-2liyj5-9f75d2bfba381a9c214f6d2eef454bd1 av_three_fifth  avia-builder-el-5  el_after_av_two_fifth  el_before_av_hr  flex_column_div av-zero-column-padding  '     ><p>\n<style type=\"text\/css\" data-created_by=\"avia_inline_auto\" id=\"style-css-av-2dzgm1-88a85a6a00e149d771b76c803a48b0ac\">\n.avia-image-container.av-2dzgm1-88a85a6a00e149d771b76c803a48b0ac img.avia_image{\nbox-shadow:none;\n}\n.avia-image-container.av-2dzgm1-88a85a6a00e149d771b76c803a48b0ac .av-image-caption-overlay-center{\ncolor:#ffffff;\n}\n<\/style>\n<div  class='avia-image-container av-2dzgm1-88a85a6a00e149d771b76c803a48b0ac av-styling- avia-align-left  avia-builder-el-6  el_before_av_textblock  avia-builder-el-first '   itemprop=\"image\" itemscope=\"itemscope\" itemtype=\"https:\/\/schema.org\/ImageObject\" ><div class=\"avia-image-container-inner\"><div class=\"avia-image-overlay-wrap\"><img decoding=\"async\" fetchpriority=\"high\" class='wp-image-2925 avia-img-lazy-loading-not-2925 avia_image ' src=\"http:\/\/www.remmenfoundation.org\/wp-content\/uploads\/2021\/03\/FLV_3551-1-scaled.jpg\" alt='' title='FLV_3551'  height=\"1709\" width=\"2560\"  itemprop=\"thumbnailUrl\" srcset=\"http:\/\/www.remmenfoundation.org\/wp-content\/uploads\/2021\/03\/FLV_3551-1-scaled.jpg 2560w, http:\/\/www.remmenfoundation.org\/wp-content\/uploads\/2021\/03\/FLV_3551-1-300x200.jpg 300w, http:\/\/www.remmenfoundation.org\/wp-content\/uploads\/2021\/03\/FLV_3551-1-1030x687.jpg 1030w, http:\/\/www.remmenfoundation.org\/wp-content\/uploads\/2021\/03\/FLV_3551-1-768x513.jpg 768w, http:\/\/www.remmenfoundation.org\/wp-content\/uploads\/2021\/03\/FLV_3551-1-800x534.jpg 800w, http:\/\/www.remmenfoundation.org\/wp-content\/uploads\/2021\/03\/FLV_3551-1-1536x1025.jpg 1536w, http:\/\/www.remmenfoundation.org\/wp-content\/uploads\/2021\/03\/FLV_3551-1-2048x1367.jpg 2048w, http:\/\/www.remmenfoundation.org\/wp-content\/uploads\/2021\/03\/FLV_3551-1-1500x1001.jpg 1500w, http:\/\/www.remmenfoundation.org\/wp-content\/uploads\/2021\/03\/FLV_3551-1-705x471.jpg 705w\" sizes=\"(max-width: 2560px) 100vw, 2560px\" \/><\/div><\/div><\/div><br \/>\n<section  class='av_textblock_section av-28jdyx-3b274fb3edf9993130222995a526e59e '   itemscope=\"itemscope\" itemtype=\"https:\/\/schema.org\/CreativeWork\" ><div class='avia_textblock'  itemprop=\"text\" ><p><small><em>The Chief of the Air Force, Major General Anders Rex, presents the grant from the Remmen Foundation to First Lieutenant Kristian Kaae Leutscher.<\/em><\/small><\/p>\n<\/div><\/section><br \/>\n\n<style type=\"text\/css\" data-created_by=\"avia_inline_auto\" id=\"style-css-av-2dzgm1-dcfa3b213642ae5a44111cc973a4a14d\">\n.avia-image-container.av-2dzgm1-dcfa3b213642ae5a44111cc973a4a14d img.avia_image{\nbox-shadow:none;\n}\n.avia-image-container.av-2dzgm1-dcfa3b213642ae5a44111cc973a4a14d .av-image-caption-overlay-center{\ncolor:#ffffff;\n}\n<\/style>\n<div  class='avia-image-container av-2dzgm1-dcfa3b213642ae5a44111cc973a4a14d av-styling- avia-align-left  avia-builder-el-8  el_after_av_textblock  el_before_av_textblock '   itemprop=\"image\" itemscope=\"itemscope\" itemtype=\"https:\/\/schema.org\/ImageObject\" ><div class=\"avia-image-container-inner\"><div class=\"avia-image-overlay-wrap\"><img decoding=\"async\" fetchpriority=\"high\" class='wp-image-2931 avia-img-lazy-loading-not-2931 avia_image ' src=\"http:\/\/www.remmenfoundation.org\/wp-content\/uploads\/2021\/03\/FLV_3556-scaled.jpg\" alt='' title='FLV_3556'  height=\"1709\" width=\"2560\"  itemprop=\"thumbnailUrl\" srcset=\"http:\/\/www.remmenfoundation.org\/wp-content\/uploads\/2021\/03\/FLV_3556-scaled.jpg 2560w, http:\/\/www.remmenfoundation.org\/wp-content\/uploads\/2021\/03\/FLV_3556-300x200.jpg 300w, http:\/\/www.remmenfoundation.org\/wp-content\/uploads\/2021\/03\/FLV_3556-1030x687.jpg 1030w, http:\/\/www.remmenfoundation.org\/wp-content\/uploads\/2021\/03\/FLV_3556-768x513.jpg 768w, http:\/\/www.remmenfoundation.org\/wp-content\/uploads\/2021\/03\/FLV_3556-800x534.jpg 800w, http:\/\/www.remmenfoundation.org\/wp-content\/uploads\/2021\/03\/FLV_3556-1536x1025.jpg 1536w, http:\/\/www.remmenfoundation.org\/wp-content\/uploads\/2021\/03\/FLV_3556-2048x1367.jpg 2048w, http:\/\/www.remmenfoundation.org\/wp-content\/uploads\/2021\/03\/FLV_3556-1500x1001.jpg 1500w, http:\/\/www.remmenfoundation.org\/wp-content\/uploads\/2021\/03\/FLV_3556-705x471.jpg 705w\" sizes=\"(max-width: 2560px) 100vw, 2560px\" \/><\/div><\/div><\/div><br \/>\n<section  class='av_textblock_section av-28jdyx-3b274fb3edf9993130222995a526e59e '   itemscope=\"itemscope\" itemtype=\"https:\/\/schema.org\/CreativeWork\" ><div class='avia_textblock'  itemprop=\"text\" ><p><small><em>Sergeant Thomas Stoldt receives the grant from the Remmen Foundation &#8211; just like Flight Specialist Carsten Hald Jensen (picture below).<\/em><\/small><\/p>\n<\/div><\/section><br \/>\n\n<style type=\"text\/css\" data-created_by=\"avia_inline_auto\" id=\"style-css-av-22o169-104056d48f41fea519a8bbd81e0db00b\">\n.avia-image-container.av-22o169-104056d48f41fea519a8bbd81e0db00b img.avia_image{\nbox-shadow:none;\n}\n.avia-image-container.av-22o169-104056d48f41fea519a8bbd81e0db00b .av-image-caption-overlay-center{\ncolor:#ffffff;\n}\n<\/style>\n<div  class='avia-image-container av-22o169-104056d48f41fea519a8bbd81e0db00b av-styling- avia-align-left  avia-builder-el-10  el_after_av_textblock  avia-builder-el-last '   itemprop=\"image\" itemscope=\"itemscope\" itemtype=\"https:\/\/schema.org\/ImageObject\" ><div class=\"avia-image-container-inner\"><div class=\"avia-image-overlay-wrap\"><img decoding=\"async\" fetchpriority=\"high\" class='wp-image-2933 avia-img-lazy-loading-not-2933 avia_image ' src=\"http:\/\/www.remmenfoundation.org\/wp-content\/uploads\/2021\/03\/IMG_1290-rotated.jpg\" alt='' title='IMG_1290'  height=\"1632\" width=\"1224\"  itemprop=\"thumbnailUrl\" srcset=\"http:\/\/www.remmenfoundation.org\/wp-content\/uploads\/2021\/03\/IMG_1290-rotated.jpg 1224w, http:\/\/www.remmenfoundation.org\/wp-content\/uploads\/2021\/03\/IMG_1290-225x300.jpg 225w, http:\/\/www.remmenfoundation.org\/wp-content\/uploads\/2021\/03\/IMG_1290-773x1030.jpg 773w, http:\/\/www.remmenfoundation.org\/wp-content\/uploads\/2021\/03\/IMG_1290-768x1024.jpg 768w, http:\/\/www.remmenfoundation.org\/wp-content\/uploads\/2021\/03\/IMG_1290-450x600.jpg 450w, http:\/\/www.remmenfoundation.org\/wp-content\/uploads\/2021\/03\/IMG_1290-1152x1536.jpg 1152w, http:\/\/www.remmenfoundation.org\/wp-content\/uploads\/2021\/03\/IMG_1290-1125x1500.jpg 1125w, http:\/\/www.remmenfoundation.org\/wp-content\/uploads\/2021\/03\/IMG_1290-529x705.jpg 529w\" sizes=\"(max-width: 1224px) 100vw, 1224px\" \/><\/div><\/div><\/div><\/p><\/div><\/p>\n\n<style type=\"text\/css\" data-created_by=\"avia_inline_auto\" id=\"style-css-av-1rsvdt-1c6862459ce218cb0176c176ddb9b107\">\n#top .hr.av-1rsvdt-1c6862459ce218cb0176c176ddb9b107{\nmargin-top:30px;\nmargin-bottom:0px;\n}\n.hr.av-1rsvdt-1c6862459ce218cb0176c176ddb9b107 .hr-inner{\nwidth:2000;\nborder-color:#444444;\n}\n<\/style>\n<div  class='hr av-1rsvdt-1c6862459ce218cb0176c176ddb9b107 hr-custom  avia-builder-el-11  el_after_av_three_fifth  el_before_av_one_third  hr-center hr-icon-no'><span class='hr-inner inner-border-av-border-thin'><span class=\"hr-inner-style\"><\/span><\/span><\/div>\n\n<style type=\"text\/css\" data-created_by=\"avia_inline_auto\" id=\"style-css-av-1kq5mp-5277ada6f18ef7b21b3e7c10c43f90a0\">\n.flex_column.av-1kq5mp-5277ada6f18ef7b21b3e7c10c43f90a0{\nborder-radius:0px 0px 0px 0px;\npadding:0px 0px 0px 0px;\n}\n<\/style>\n<div  class='flex_column av-1kq5mp-5277ada6f18ef7b21b3e7c10c43f90a0 av_one_third  avia-builder-el-12  el_after_av_hr  el_before_av_one_third  first flex_column_div av-zero-column-padding  '     ><p>\n<style type=\"text\/css\" data-created_by=\"avia_inline_auto\" id=\"style-css-av-1f0i2x-f6675c74cf39bbf042596c2218384566\">\n#top .av-special-heading.av-1f0i2x-f6675c74cf39bbf042596c2218384566{\npadding-bottom:10px;\n}\nbody .av-special-heading.av-1f0i2x-f6675c74cf39bbf042596c2218384566 .av-special-heading-tag .heading-char{\nfont-size:25px;\n}\n.av-special-heading.av-1f0i2x-f6675c74cf39bbf042596c2218384566 .av-subheading{\nfont-size:13px;\n}\n<\/style>\n<div  class='av-special-heading av-1f0i2x-f6675c74cf39bbf042596c2218384566 av-special-heading-h2 blockquote modern-quote modern-centered  avia-builder-el-13  el_before_av_button  avia-builder-el-first '><h2 class='av-special-heading-tag '  itemprop=\"headline\"  >REMMEN FONDEN<\/h2><div class='av-subheading av-subheading_below'><p>Remmen Fonden (Remmen\u2019s Stiftung von 1986) blev stiftet af Henning Remmen i 1986 med det oprindelige form\u00e5l at drive en r\u00e6kke kommercielle aktiviteter centreret omkring hoteldrift \u2013 heriblandt Hotel d\u2019Angleterre i K\u00f8benhavn.<\/p>\n<\/div><div class=\"special-heading-border\"><div class=\"special-heading-inner-border\"><\/div><\/div><\/div><br \/>\n<div  class='avia-button-wrap av-16c1mh-1d3fb9efd6d7bfac1ef4d46dde7a23b4-wrap avia-button-center  avia-builder-el-14  el_after_av_heading  avia-builder-el-last '>\n<style type=\"text\/css\" data-created_by=\"avia_inline_auto\" id=\"style-css-av-16c1mh-1d3fb9efd6d7bfac1ef4d46dde7a23b4\">\n#top #wrap_all .avia-button.av-16c1mh-1d3fb9efd6d7bfac1ef4d46dde7a23b4{\nbackground-color:#9eb8bc;\nborder-color:#9eb8bc;\ncolor:#ffffff;\ntransition:all 0.4s ease-in-out;\n}\n<\/style>\n<a href='http:\/\/www.remmenfoundation.org\/remmen-fonden\/'  class='avia-button av-16c1mh-1d3fb9efd6d7bfac1ef4d46dde7a23b4 av-link-btn avia-icon_select-no avia-size-medium avia-position-center'   aria-label=\"L\u00c6S MERE\"><span class='avia_iconbox_title' >L\u00c6S MERE<\/span><\/a><\/div><\/p><\/div>\n\n<style type=\"text\/css\" data-created_by=\"avia_inline_auto\" id=\"style-css-av-14rjo9-d2e8577942f20212011cf75032b9a124\">\n.flex_column.av-14rjo9-d2e8577942f20212011cf75032b9a124{\nborder-radius:0px 0px 0px 0px;\npadding:0px 0px 0px 0px;\n}\n<\/style>\n<div  class='flex_column av-14rjo9-d2e8577942f20212011cf75032b9a124 av_one_third  avia-builder-el-15  el_after_av_one_third  el_before_av_one_third  flex_column_div av-zero-column-padding  '     ><p>\n<style type=\"text\/css\" data-created_by=\"avia_inline_auto\" id=\"style-css-av-x2etl-635df4cbc7ace21e5dbea3a4f07061bc\">\n#top .av-special-heading.av-x2etl-635df4cbc7ace21e5dbea3a4f07061bc{\npadding-bottom:10px;\n}\nbody .av-special-heading.av-x2etl-635df4cbc7ace21e5dbea3a4f07061bc .av-special-heading-tag .heading-char{\nfont-size:25px;\n}\n.av-special-heading.av-x2etl-635df4cbc7ace21e5dbea3a4f07061bc .av-subheading{\nfont-size:13px;\n}\n<\/style>\n<div  class='av-special-heading av-x2etl-635df4cbc7ace21e5dbea3a4f07061bc av-special-heading-h2 blockquote modern-quote modern-centered  avia-builder-el-16  el_before_av_button  avia-builder-el-first '><h2 class='av-special-heading-tag '  itemprop=\"headline\"  >ANS\u00d8GNING OM DONATION<\/h2><div class='av-subheading av-subheading_below'><p>Remmen Fonden st\u00f8tter prim\u00e6rt projekter i Danmark, eller projekter, der gavner danske personer, uanset om disse opholder sig i Danmark eller i udlandet. Aktiviteterne i disse projekter skal v\u00e6re indenfor specifikke fagomr\u00e5der.<\/p>\n<\/div><div class=\"special-heading-border\"><div class=\"special-heading-inner-border\"><\/div><\/div><\/div><br \/>\n<div  class='avia-button-wrap av-qm2mh-8422a52d3b7411983fa06cb074ba2a58-wrap avia-button-center  avia-builder-el-17  el_after_av_heading  avia-builder-el-last '>\n<style type=\"text\/css\" data-created_by=\"avia_inline_auto\" id=\"style-css-av-qm2mh-8422a52d3b7411983fa06cb074ba2a58\">\n#top #wrap_all .avia-button.av-qm2mh-8422a52d3b7411983fa06cb074ba2a58{\nbackground-color:#9eb8bc;\nborder-color:#9eb8bc;\ncolor:#ffffff;\ntransition:all 0.4s ease-in-out;\n}\n<\/style>\n<a href='http:\/\/www.remmenfoundation.org\/ansoeg-om-donation\/'  class='avia-button av-qm2mh-8422a52d3b7411983fa06cb074ba2a58 av-link-btn avia-icon_select-no avia-size-medium avia-position-center'   aria-label=\"L\u00c6S MERE\"><span class='avia_iconbox_title' >L\u00c6S MERE<\/span><\/a><\/div><\/p><\/div>\n\n<style type=\"text\/css\" data-created_by=\"avia_inline_auto\" id=\"style-css-av-8ecp-762c2bfa7d2965f7a0020234778b0ea7\">\n.flex_column.av-8ecp-762c2bfa7d2965f7a0020234778b0ea7{\nborder-radius:0px 0px 0px 0px;\npadding:0px 0px 0px 0px;\n}\n<\/style>\n<div  class='flex_column av-8ecp-762c2bfa7d2965f7a0020234778b0ea7 av_one_third  avia-builder-el-18  el_after_av_one_third  avia-builder-el-last  flex_column_div av-zero-column-padding  '     ><p>\n<style type=\"text\/css\" data-created_by=\"avia_inline_auto\" id=\"style-css-av-crw7l-249617d986e0dbdc495b30bb7896f3dd\">\n#top .av-special-heading.av-crw7l-249617d986e0dbdc495b30bb7896f3dd{\npadding-bottom:10px;\n}\nbody .av-special-heading.av-crw7l-249617d986e0dbdc495b30bb7896f3dd .av-special-heading-tag .heading-char{\nfont-size:25px;\n}\n.av-special-heading.av-crw7l-249617d986e0dbdc495b30bb7896f3dd .av-subheading{\nfont-size:13px;\n}\n<\/style>\n<div  class='av-special-heading av-crw7l-249617d986e0dbdc495b30bb7896f3dd av-special-heading-h2 blockquote modern-quote modern-centered  avia-builder-el-19  el_before_av_button  avia-builder-el-first '><h2 class='av-special-heading-tag '  itemprop=\"headline\"  >ALLE DONATIONER<\/h2><div class='av-subheading av-subheading_below'><p>Her kan du se listen over alle de donationer Remmen Fonden har givet. Donationerne er lagt i kronologisk r\u00e6kkef\u00f8lge s\u00e5 det er nemt at overskue.<\/p>\n<\/div><div class=\"special-heading-border\"><div class=\"special-heading-inner-border\"><\/div><\/div><\/div><br \/>\n<div  class='avia-button-wrap av-9ed7l-6c13fb744371fe6b409ee5cfeafed733-wrap avia-button-center  avia-builder-el-20  el_after_av_heading  avia-builder-el-last '>\n<style type=\"text\/css\" data-created_by=\"avia_inline_auto\" id=\"style-css-av-9ed7l-6c13fb744371fe6b409ee5cfeafed733\">\n#top #wrap_all .avia-button.av-9ed7l-6c13fb744371fe6b409ee5cfeafed733{\nbackground-color:#9eb8bc;\nborder-color:#9eb8bc;\ncolor:#ffffff;\ntransition:all 0.4s ease-in-out;\n}\n<\/style>\n<a href='http:\/\/www.remmenfoundation.org\/donationer\/'  class='avia-button av-9ed7l-6c13fb744371fe6b409ee5cfeafed733 av-link-btn avia-icon_select-no avia-size-medium avia-position-center'   aria-label=\"L\u00c6S MERE\"><span class='avia_iconbox_title' >L\u00c6S MERE<\/span><\/a><\/div><\/p><\/div>\n","protected":false},"excerpt":{"rendered":"","protected":false},"author":3,"featured_media":2925,"template":"","meta":{"footnotes":""},"tags":[],"portfolio_entries":[56],"class_list":["post-2935","portfolio","type-portfolio","status-publish","has-post-thumbnail","hentry","portfolio_entries-donations"],"yoast_head":"<!-- This site is optimized with the Yoast SEO plugin v27.0 - https:\/\/yoast.com\/product\/yoast-seo-wordpress\/ -->\n<title>THE ROYAL DANISH AIR FORCE 2021 - REMMEN FONDEN<\/title>\n<meta name=\"robots\" content=\"index, follow, max-snippet:-1, max-image-preview:large, max-video-preview:-1\" \/>\n<link rel=\"canonical\" href=\"http:\/\/www.remmenfoundation.org\/en\/donation\/alle-donationer\/\" \/>\n<meta property=\"og:locale\" content=\"en_US\" \/>\n<meta property=\"og:type\" content=\"article\" \/>\n<meta property=\"og:title\" content=\"THE ROYAL DANISH AIR FORCE 2021 - REMMEN FONDEN\" \/>\n<meta property=\"og:url\" content=\"http:\/\/www.remmenfoundation.org\/en\/donation\/alle-donationer\/\" \/>\n<meta property=\"og:site_name\" content=\"REMMEN FONDEN\" \/>\n<meta property=\"article:modified_time\" content=\"2021-03-14T19:19:54+00:00\" \/>\n<meta property=\"og:image\" content=\"http:\/\/www.remmenfoundation.org\/wp-content\/uploads\/2021\/03\/FLV_3551-1-1030x687.jpg\" \/>\n\t<meta property=\"og:image:width\" content=\"1030\" \/>\n\t<meta property=\"og:image:height\" content=\"687\" \/>\n\t<meta property=\"og:image:type\" content=\"image\/jpeg\" \/>\n<meta name=\"twitter:card\" content=\"summary_large_image\" \/>\n<meta name=\"twitter:label1\" content=\"Est. reading time\" \/>\n\t<meta name=\"twitter:data1\" content=\"4 minutes\" \/>\n<script type=\"application\/ld+json\" class=\"yoast-schema-graph\">{\"@context\":\"https:\/\/schema.org\",\"@graph\":[{\"@type\":\"WebPage\",\"@id\":\"http:\/\/www.remmenfoundation.org\/en\/donation\/alle-donationer\/\",\"url\":\"http:\/\/www.remmenfoundation.org\/en\/donation\/alle-donationer\/\",\"name\":\"THE ROYAL DANISH AIR FORCE 2021 - REMMEN FONDEN\",\"isPartOf\":{\"@id\":\"http:\/\/www.remmenfoundation.org\/en\/#website\"},\"primaryImageOfPage\":{\"@id\":\"http:\/\/www.remmenfoundation.org\/en\/donation\/alle-donationer\/#primaryimage\"},\"image\":{\"@id\":\"http:\/\/www.remmenfoundation.org\/en\/donation\/alle-donationer\/#primaryimage\"},\"thumbnailUrl\":\"http:\/\/www.remmenfoundation.org\/wp-content\/uploads\/2021\/03\/FLV_3551-1-scaled.jpg\",\"datePublished\":\"2021-03-12T16:45:41+00:00\",\"dateModified\":\"2021-03-14T19:19:54+00:00\",\"breadcrumb\":{\"@id\":\"http:\/\/www.remmenfoundation.org\/en\/donation\/alle-donationer\/#breadcrumb\"},\"inLanguage\":\"en-US\",\"potentialAction\":[{\"@type\":\"ReadAction\",\"target\":[\"http:\/\/www.remmenfoundation.org\/en\/donation\/alle-donationer\/\"]}]},{\"@type\":\"ImageObject\",\"inLanguage\":\"en-US\",\"@id\":\"http:\/\/www.remmenfoundation.org\/en\/donation\/alle-donationer\/#primaryimage\",\"url\":\"http:\/\/www.remmenfoundation.org\/wp-content\/uploads\/2021\/03\/FLV_3551-1-scaled.jpg\",\"contentUrl\":\"http:\/\/www.remmenfoundation.org\/wp-content\/uploads\/2021\/03\/FLV_3551-1-scaled.jpg\",\"width\":2560,\"height\":1709},{\"@type\":\"BreadcrumbList\",\"@id\":\"http:\/\/www.remmenfoundation.org\/en\/donation\/alle-donationer\/#breadcrumb\",\"itemListElement\":[{\"@type\":\"ListItem\",\"position\":1,\"name\":\"Hjem\",\"item\":\"http:\/\/www.remmenfoundation.org\/en\/\"},{\"@type\":\"ListItem\",\"position\":2,\"name\":\"THE ROYAL DANISH AIR FORCE 2021\"}]},{\"@type\":\"WebSite\",\"@id\":\"http:\/\/www.remmenfoundation.org\/en\/#website\",\"url\":\"http:\/\/www.remmenfoundation.org\/en\/\",\"name\":\"REMMEN FONDEN\",\"description\":\"The Remmen foundation\",\"potentialAction\":[{\"@type\":\"SearchAction\",\"target\":{\"@type\":\"EntryPoint\",\"urlTemplate\":\"http:\/\/www.remmenfoundation.org\/en\/?s={search_term_string}\"},\"query-input\":{\"@type\":\"PropertyValueSpecification\",\"valueRequired\":true,\"valueName\":\"search_term_string\"}}],\"inLanguage\":\"en-US\"}]}<\/script>\n<!-- \/ Yoast SEO plugin. -->","yoast_head_json":{"title":"THE ROYAL DANISH AIR FORCE 2021 - REMMEN FONDEN","robots":{"index":"index","follow":"follow","max-snippet":"max-snippet:-1","max-image-preview":"max-image-preview:large","max-video-preview":"max-video-preview:-1"},"canonical":"http:\/\/www.remmenfoundation.org\/en\/donation\/alle-donationer\/","og_locale":"en_US","og_type":"article","og_title":"THE ROYAL DANISH AIR FORCE 2021 - REMMEN FONDEN","og_url":"http:\/\/www.remmenfoundation.org\/en\/donation\/alle-donationer\/","og_site_name":"REMMEN FONDEN","article_modified_time":"2021-03-14T19:19:54+00:00","og_image":[{"width":1030,"height":687,"url":"http:\/\/www.remmenfoundation.org\/wp-content\/uploads\/2021\/03\/FLV_3551-1-1030x687.jpg","type":"image\/jpeg"}],"twitter_card":"summary_large_image","twitter_misc":{"Est. reading time":"4 minutes"},"schema":{"@context":"https:\/\/schema.org","@graph":[{"@type":"WebPage","@id":"http:\/\/www.remmenfoundation.org\/en\/donation\/alle-donationer\/","url":"http:\/\/www.remmenfoundation.org\/en\/donation\/alle-donationer\/","name":"THE ROYAL DANISH AIR FORCE 2021 - REMMEN FONDEN","isPartOf":{"@id":"http:\/\/www.remmenfoundation.org\/en\/#website"},"primaryImageOfPage":{"@id":"http:\/\/www.remmenfoundation.org\/en\/donation\/alle-donationer\/#primaryimage"},"image":{"@id":"http:\/\/www.remmenfoundation.org\/en\/donation\/alle-donationer\/#primaryimage"},"thumbnailUrl":"http:\/\/www.remmenfoundation.org\/wp-content\/uploads\/2021\/03\/FLV_3551-1-scaled.jpg","datePublished":"2021-03-12T16:45:41+00:00","dateModified":"2021-03-14T19:19:54+00:00","breadcrumb":{"@id":"http:\/\/www.remmenfoundation.org\/en\/donation\/alle-donationer\/#breadcrumb"},"inLanguage":"en-US","potentialAction":[{"@type":"ReadAction","target":["http:\/\/www.remmenfoundation.org\/en\/donation\/alle-donationer\/"]}]},{"@type":"ImageObject","inLanguage":"en-US","@id":"http:\/\/www.remmenfoundation.org\/en\/donation\/alle-donationer\/#primaryimage","url":"http:\/\/www.remmenfoundation.org\/wp-content\/uploads\/2021\/03\/FLV_3551-1-scaled.jpg","contentUrl":"http:\/\/www.remmenfoundation.org\/wp-content\/uploads\/2021\/03\/FLV_3551-1-scaled.jpg","width":2560,"height":1709},{"@type":"BreadcrumbList","@id":"http:\/\/www.remmenfoundation.org\/en\/donation\/alle-donationer\/#breadcrumb","itemListElement":[{"@type":"ListItem","position":1,"name":"Hjem","item":"http:\/\/www.remmenfoundation.org\/en\/"},{"@type":"ListItem","position":2,"name":"THE ROYAL DANISH AIR FORCE 2021"}]},{"@type":"WebSite","@id":"http:\/\/www.remmenfoundation.org\/en\/#website","url":"http:\/\/www.remmenfoundation.org\/en\/","name":"REMMEN FONDEN","description":"The Remmen foundation","potentialAction":[{"@type":"SearchAction","target":{"@type":"EntryPoint","urlTemplate":"http:\/\/www.remmenfoundation.org\/en\/?s={search_term_string}"},"query-input":{"@type":"PropertyValueSpecification","valueRequired":true,"valueName":"search_term_string"}}],"inLanguage":"en-US"}]}},"_links":{"self":[{"href":"http:\/\/www.remmenfoundation.org\/en\/wp-json\/wp\/v2\/portfolio\/2935","targetHints":{"allow":["GET"]}}],"collection":[{"href":"http:\/\/www.remmenfoundation.org\/en\/wp-json\/wp\/v2\/portfolio"}],"about":[{"href":"http:\/\/www.remmenfoundation.org\/en\/wp-json\/wp\/v2\/types\/portfolio"}],"author":[{"embeddable":true,"href":"http:\/\/www.remmenfoundation.org\/en\/wp-json\/wp\/v2\/users\/3"}],"version-history":[{"count":8,"href":"http:\/\/www.remmenfoundation.org\/en\/wp-json\/wp\/v2\/portfolio\/2935\/revisions"}],"predecessor-version":[{"id":2977,"href":"http:\/\/www.remmenfoundation.org\/en\/wp-json\/wp\/v2\/portfolio\/2935\/revisions\/2977"}],"wp:featuredmedia":[{"embeddable":true,"href":"http:\/\/www.remmenfoundation.org\/en\/wp-json\/wp\/v2\/media\/2925"}],"wp:attachment":[{"href":"http:\/\/www.remmenfoundation.org\/en\/wp-json\/wp\/v2\/media?parent=2935"}],"wp:term":[{"taxonomy":"post_tag","embeddable":true,"href":"http:\/\/www.remmenfoundation.org\/en\/wp-json\/wp\/v2\/tags?post=2935"},{"taxonomy":"portfolio_entries","embeddable":true,"href":"http:\/\/www.remmenfoundation.org\/en\/wp-json\/wp\/v2\/portfolio_entries?post=2935"}],"curies":[{"name":"wp","href":"https:\/\/api.w.org\/{rel}","templated":true}]}}