{"id":3059,"date":"2021-10-04T18:09:36","date_gmt":"2021-10-04T16:09:36","guid":{"rendered":"http:\/\/www.remmenfoundation.org\/?post_type=portfolio&#038;p=3059"},"modified":"2021-10-04T18:29:38","modified_gmt":"2021-10-04T16:29:38","slug":"remmen-foundation-art-prize-2018-2-2","status":"publish","type":"portfolio","link":"http:\/\/www.remmenfoundation.org\/en\/donation\/remmen-foundation-art-prize-2018-2-2\/","title":{"rendered":"ART PRIZE 2021"},"content":{"rendered":"\n<style type=\"text\/css\" data-created_by=\"avia_inline_auto\" id=\"style-css-av-11ar6g8-7528d38b2d2b8bcf3ad2b1b6b2be3536\">\n.flex_column.av-11ar6g8-7528d38b2d2b8bcf3ad2b1b6b2be3536{\nborder-radius:0px 0px 0px 0px;\npadding:0px 0px 0px 0px;\n}\n<\/style>\n<div  class='flex_column av-11ar6g8-7528d38b2d2b8bcf3ad2b1b6b2be3536 av_two_fifth  avia-builder-el-0  el_before_av_three_fifth  avia-builder-el-first  first flex_column_div av-zero-column-padding  '     ><p>\n<style type=\"text\/css\" data-created_by=\"avia_inline_auto\" id=\"style-css-av-jwc31u8e-36263c1a09c98050b682e8b117de5d74\">\n#top .av-special-heading.av-jwc31u8e-36263c1a09c98050b682e8b117de5d74{\npadding-bottom:10px;\n}\nbody .av-special-heading.av-jwc31u8e-36263c1a09c98050b682e8b117de5d74 .av-special-heading-tag .heading-char{\nfont-size:25px;\n}\n.av-special-heading.av-jwc31u8e-36263c1a09c98050b682e8b117de5d74 .av-subheading{\nfont-size:15px;\n}\n<\/style>\n<div  class='av-special-heading av-jwc31u8e-36263c1a09c98050b682e8b117de5d74 av-special-heading-h2 blockquote modern-quote  avia-builder-el-1  el_before_av_textblock  avia-builder-el-first  av-linked-heading'><h2 class='av-special-heading-tag '  itemprop=\"headline\"  >THE REMMEN FOUNDATION ART PRIZE<\/h2><div class='av-subheading av-subheading_below'><p>2021<\/p>\n<\/div><div class=\"special-heading-border\"><div class=\"special-heading-inner-border\"><\/div><\/div><\/div><br \/>\n<section  class='av_textblock_section av-xj9clk-03a49f656e65c7af1c74758f776d0291 '   itemscope=\"itemscope\" itemtype=\"https:\/\/schema.org\/CreativeWork\" ><div class='avia_textblock'  itemprop=\"text\" ><div class=\"frame\">\n<div class=\"page tlid-homepage homepage translate-text\">\n<div class=\"homepage-content-wrap\">\n<div class=\"tlid-source-target main-header small-font\">\n<div class=\"source-target-row\">\n<div class=\"tlid-results-container results-container\">\n<div class=\"tlid-result result-dict-wrapper\">\n<div class=\"result tlid-copy-target\">\n<div class=\"text-wrap tlid-copy-target\">\n<div class=\"result-shield-container tlid-copy-target\" tabindex=\"0\">\n<p>In connection with Art Week Copenhagen, the Remmen Foundation Art Prize of DKK 100,000 was awarded for the sixth year at Hotel d&#8217;Angleterre.<\/p>\n<p>The Art Foundation&#8217;s jury consists of art collectors Arne Wulff and Barbara Husted Werner, visual artists Bj\u00f8rn N\u00f8rgaard and S\u00f8ren Sejr, Dean Sanne Kofod Olsen and Board Member Mette Remmen.<\/p>\n<p>This year the jury nominated five artists working with everything from steel installations, ceramics, painting and light art to virtual reality.<\/p>\n<p>The art prize of DKK 100,000 was awarded to the 35-year-old painter Ahmad Siyar Qasimi, and justified with the words:<\/p>\n<p><em>&#8220;In recent decades, painting as an art form has, against all predictions, gained widespread popularity &#8211; even among younger artists. In particular, figurative paintings &#8211; often with narrative and allegorical elements &#8211; and with references to the political, private and symbolic have made their mark in recent years.<\/em><\/p>\n<p><em>This year&#8217;s winner joins this tradition, with figurative tableaux that depict the human condition in a distinctive social poetic imagery &#8211; almost like &#8216;breaking news&#8217;. Through his painterly technique, a kind of pointillism, he gives the subjects a strange dreamlike surreal expression, transforming breaking news into a universal poetic expression; it is man at all times&#8221;.<\/em><\/p>\n<p>Since 2015, the Art Prize has been awarded to a young and promising artist &#8211; selected and nominated by the Foundation&#8217;s Art Committee &#8211; so it is not possible to apply for this prize.<\/p>\n<p>The Remmen Foundation congratulates Ahmad Siyar Qasimi on receiving the Art Prize 2021.<\/p>\n<\/div>\n<\/div>\n<\/div>\n<\/div>\n<\/div>\n<\/div>\n<\/div>\n<\/div>\n<\/div>\n<\/div>\n<\/div><\/section><\/p><\/div>\n\n<style type=\"text\/css\" data-created_by=\"avia_inline_auto\" id=\"style-css-av-wo9iug-be5bc1ed8039b6960be2fe37d344604f\">\n.flex_column.av-wo9iug-be5bc1ed8039b6960be2fe37d344604f{\nborder-radius:0px 0px 0px 0px;\npadding:0px 0px 0px 0px;\n}\n<\/style>\n<div  class='flex_column av-wo9iug-be5bc1ed8039b6960be2fe37d344604f av_three_fifth  avia-builder-el-3  el_after_av_two_fifth  el_before_av_hr  flex_column_div av-zero-column-padding  '     ><p>\n<style type=\"text\/css\" data-created_by=\"avia_inline_auto\" id=\"style-css-av-33vmeg-0fc15daaf373f7b6afe0012b4ccb754e\">\n.avia-image-container.av-33vmeg-0fc15daaf373f7b6afe0012b4ccb754e img.avia_image{\nbox-shadow:none;\n}\n.avia-image-container.av-33vmeg-0fc15daaf373f7b6afe0012b4ccb754e .av-image-caption-overlay-center{\ncolor:#ffffff;\n}\n<\/style>\n<div  class='avia-image-container av-33vmeg-0fc15daaf373f7b6afe0012b4ccb754e av-styling- avia-align-left  avia-builder-el-4  el_before_av_textblock  avia-builder-el-first '   itemprop=\"image\" itemscope=\"itemscope\" itemtype=\"https:\/\/schema.org\/ImageObject\" ><div class=\"avia-image-container-inner\"><div class=\"avia-image-overlay-wrap\"><img decoding=\"async\" fetchpriority=\"high\" class='wp-image-3064 avia-img-lazy-loading-not-3064 avia_image ' src=\"http:\/\/www.remmenfoundation.org\/wp-content\/uploads\/2021\/10\/Gruppebillede-Foto-Kim-Roslyng_2021-1-scaled.jpg\" alt='' title='Gruppebillede'  height=\"1711\" width=\"2560\"  itemprop=\"thumbnailUrl\" srcset=\"http:\/\/www.remmenfoundation.org\/wp-content\/uploads\/2021\/10\/Gruppebillede-Foto-Kim-Roslyng_2021-1-scaled.jpg 2560w, http:\/\/www.remmenfoundation.org\/wp-content\/uploads\/2021\/10\/Gruppebillede-Foto-Kim-Roslyng_2021-1-300x201.jpg 300w, http:\/\/www.remmenfoundation.org\/wp-content\/uploads\/2021\/10\/Gruppebillede-Foto-Kim-Roslyng_2021-1-1030x688.jpg 1030w, http:\/\/www.remmenfoundation.org\/wp-content\/uploads\/2021\/10\/Gruppebillede-Foto-Kim-Roslyng_2021-1-768x513.jpg 768w, http:\/\/www.remmenfoundation.org\/wp-content\/uploads\/2021\/10\/Gruppebillede-Foto-Kim-Roslyng_2021-1-800x535.jpg 800w, http:\/\/www.remmenfoundation.org\/wp-content\/uploads\/2021\/10\/Gruppebillede-Foto-Kim-Roslyng_2021-1-1536x1027.jpg 1536w, http:\/\/www.remmenfoundation.org\/wp-content\/uploads\/2021\/10\/Gruppebillede-Foto-Kim-Roslyng_2021-1-2048x1369.jpg 2048w, http:\/\/www.remmenfoundation.org\/wp-content\/uploads\/2021\/10\/Gruppebillede-Foto-Kim-Roslyng_2021-1-1500x1003.jpg 1500w, http:\/\/www.remmenfoundation.org\/wp-content\/uploads\/2021\/10\/Gruppebillede-Foto-Kim-Roslyng_2021-1-705x471.jpg 705w\" sizes=\"(max-width: 2560px) 100vw, 2560px\" \/><\/div><\/div><\/div><br \/>\n<section  class='av_textblock_section av-ton7jc-423bbc9e54831f2b6bf834f178a5b5ff '   itemscope=\"itemscope\" itemtype=\"https:\/\/schema.org\/CreativeWork\" ><div class='avia_textblock'  itemprop=\"text\" ><p class=\"p1\"><span class=\"s1\">The Remmen Foundation&#8217;s Art Prize 2021. The committee and the nominees.<\/span><span class=\"s1\">\u00a0<\/span><span class=\"s1\">Photo:\u00a0<\/span><span class=\"s1\">Christian Brems<\/span><\/p>\n<\/div><\/section><br \/>\n\n<style type=\"text\/css\" data-created_by=\"avia_inline_auto\" id=\"style-css-av-r8n4m0-668216fe6ee441070684aebbbcac9a71\">\n.avia-image-container.av-r8n4m0-668216fe6ee441070684aebbbcac9a71 img.avia_image{\nbox-shadow:none;\n}\n.avia-image-container.av-r8n4m0-668216fe6ee441070684aebbbcac9a71 .av-image-caption-overlay-center{\ncolor:#ffffff;\n}\n<\/style>\n<div  class='avia-image-container av-r8n4m0-668216fe6ee441070684aebbbcac9a71 av-styling- avia-align-left  avia-builder-el-6  el_after_av_textblock  el_before_av_textblock '   itemprop=\"image\" itemscope=\"itemscope\" itemtype=\"https:\/\/schema.org\/ImageObject\" ><div class=\"avia-image-container-inner\"><div class=\"avia-image-overlay-wrap\"><img decoding=\"async\" fetchpriority=\"high\" class='wp-image-3057 avia-img-lazy-loading-not-3057 avia_image ' src=\"http:\/\/www.remmenfoundation.org\/wp-content\/uploads\/2021\/10\/Remmen-Fondens-Kunstpris-2021-the-winner-scaled.jpg\" alt='' title='Remmen Fondens Kunstpris 2021-The Winner'  height=\"2560\" width=\"1920\"  itemprop=\"thumbnailUrl\" srcset=\"http:\/\/www.remmenfoundation.org\/wp-content\/uploads\/2021\/10\/Remmen-Fondens-Kunstpris-2021-the-winner-scaled.jpg 1920w, http:\/\/www.remmenfoundation.org\/wp-content\/uploads\/2021\/10\/Remmen-Fondens-Kunstpris-2021-the-winner-225x300.jpg 225w, http:\/\/www.remmenfoundation.org\/wp-content\/uploads\/2021\/10\/Remmen-Fondens-Kunstpris-2021-the-winner-773x1030.jpg 773w, http:\/\/www.remmenfoundation.org\/wp-content\/uploads\/2021\/10\/Remmen-Fondens-Kunstpris-2021-the-winner-768x1024.jpg 768w, http:\/\/www.remmenfoundation.org\/wp-content\/uploads\/2021\/10\/Remmen-Fondens-Kunstpris-2021-the-winner-450x600.jpg 450w, http:\/\/www.remmenfoundation.org\/wp-content\/uploads\/2021\/10\/Remmen-Fondens-Kunstpris-2021-the-winner-1152x1536.jpg 1152w, http:\/\/www.remmenfoundation.org\/wp-content\/uploads\/2021\/10\/Remmen-Fondens-Kunstpris-2021-the-winner-1536x2048.jpg 1536w, http:\/\/www.remmenfoundation.org\/wp-content\/uploads\/2021\/10\/Remmen-Fondens-Kunstpris-2021-the-winner-1125x1500.jpg 1125w, http:\/\/www.remmenfoundation.org\/wp-content\/uploads\/2021\/10\/Remmen-Fondens-Kunstpris-2021-the-winner-529x705.jpg 529w\" sizes=\"(max-width: 1920px) 100vw, 1920px\" \/><\/div><\/div><\/div><br \/>\n<section  class='av_textblock_section av-pzcomg-5e8753264924a84bc67ad531152313e3 '   itemscope=\"itemscope\" itemtype=\"https:\/\/schema.org\/CreativeWork\" ><div class='avia_textblock'  itemprop=\"text\" ><p>The Prize Winner 2021 Ahmad Siyar Qasimi. <span class=\"s1\">Photo:\u00a0<\/span><span class=\"s1\">Christian Brems<\/span><\/p>\n<\/div><\/section><\/p><\/div>\n\n<style type=\"text\/css\" data-created_by=\"avia_inline_auto\" id=\"style-css-av-nytfzs-28a78c7023b9cb9741f93a3ec97e9f1f\">\n#top .hr.av-nytfzs-28a78c7023b9cb9741f93a3ec97e9f1f{\nmargin-top:30px;\nmargin-bottom:30px;\n}\n.hr.av-nytfzs-28a78c7023b9cb9741f93a3ec97e9f1f .hr-inner{\nwidth:2000;\nborder-color:#444444;\n}\n<\/style>\n<div  class='hr av-nytfzs-28a78c7023b9cb9741f93a3ec97e9f1f hr-custom  avia-builder-el-8  el_after_av_three_fifth  el_before_av_one_full  hr-center hr-icon-no'><span class='hr-inner inner-border-av-border-thin'><span class=\"hr-inner-style\"><\/span><\/span><\/div>\n\n<style type=\"text\/css\" data-created_by=\"avia_inline_auto\" id=\"style-css-av-mhsd54-811d8afbc7efe4b282d75bbfcef6d7b5\">\n.flex_column.av-mhsd54-811d8afbc7efe4b282d75bbfcef6d7b5{\nborder-radius:0px 0px 0px 0px;\npadding:0px 0px 0px 0px;\n}\n<\/style>\n<div  class='flex_column av-mhsd54-811d8afbc7efe4b282d75bbfcef6d7b5 av_one_full  avia-builder-el-9  el_after_av_hr  el_before_av_hr  first flex_column_div av-zero-column-padding  '     ><p>\n<style type=\"text\/css\" data-created_by=\"avia_inline_auto\" id=\"style-css-av-jwc2l817-ff1e7bf68a393bc61bbf78f7224ce6c8\">\n#top .av-special-heading.av-jwc2l817-ff1e7bf68a393bc61bbf78f7224ce6c8{\npadding-bottom:10px;\n}\nbody .av-special-heading.av-jwc2l817-ff1e7bf68a393bc61bbf78f7224ce6c8 .av-special-heading-tag .heading-char{\nfont-size:25px;\n}\n.av-special-heading.av-jwc2l817-ff1e7bf68a393bc61bbf78f7224ce6c8 .av-subheading{\nfont-size:15px;\n}\n<\/style>\n<div  class='av-special-heading av-jwc2l817-ff1e7bf68a393bc61bbf78f7224ce6c8 av-special-heading-h3 blockquote modern-quote modern-centered  avia-builder-el-10  el_before_av_gallery  avia-builder-el-first '><h3 class='av-special-heading-tag '  itemprop=\"headline\"  >PICTURES FROM THE PRIZE CEREMONY 2019<\/h3><div class='av-subheading av-subheading_below'><p>Click on one of the pictures in order to open the picture gallery<\/p>\n<\/div><div class=\"special-heading-border\"><div class=\"special-heading-inner-border\"><\/div><\/div><\/div><br \/>\n\n<style type=\"text\/css\" data-created_by=\"avia_inline_auto\" id=\"style-css-av-jqk9go-bb1a25219091d3f62903bfea74394a88\">\n#top .avia-gallery.av-jqk9go-bb1a25219091d3f62903bfea74394a88 .avia-gallery-thumb a{\nwidth:20%;\n}\n<\/style>\n<div  class='avia-gallery av-jqk9go-bb1a25219091d3f62903bfea74394a88 avia_animate_when_visible  avia-builder-el-11  el_after_av_heading  avia-builder-el-last  avia_lazyload avia-gallery-animate avia-gallery-1'  itemprop=\"image\" itemscope=\"itemscope\" itemtype=\"https:\/\/schema.org\/ImageObject\" ><meta itemprop=\"contentURL\" content=\"http:\/\/www.remmenfoundation.org\/en\/donation\/remmen-foundation-art-prize-2018-2-2\/\"><div class='avia-gallery-thumb'><a href=\"http:\/\/www.remmenfoundation.org\/wp-content\/uploads\/2021\/10\/Remmen-Fondens-Kunstpris-2021-the-winner-773x1030.jpg\" data-srcset=\"http:\/\/www.remmenfoundation.org\/wp-content\/uploads\/2021\/10\/Remmen-Fondens-Kunstpris-2021-the-winner-773x1030.jpg 773w, http:\/\/www.remmenfoundation.org\/wp-content\/uploads\/2021\/10\/Remmen-Fondens-Kunstpris-2021-the-winner-225x300.jpg 225w, http:\/\/www.remmenfoundation.org\/wp-content\/uploads\/2021\/10\/Remmen-Fondens-Kunstpris-2021-the-winner-768x1024.jpg 768w, http:\/\/www.remmenfoundation.org\/wp-content\/uploads\/2021\/10\/Remmen-Fondens-Kunstpris-2021-the-winner-450x600.jpg 450w, http:\/\/www.remmenfoundation.org\/wp-content\/uploads\/2021\/10\/Remmen-Fondens-Kunstpris-2021-the-winner-1152x1536.jpg 1152w, http:\/\/www.remmenfoundation.org\/wp-content\/uploads\/2021\/10\/Remmen-Fondens-Kunstpris-2021-the-winner-1536x2048.jpg 1536w, http:\/\/www.remmenfoundation.org\/wp-content\/uploads\/2021\/10\/Remmen-Fondens-Kunstpris-2021-the-winner-1125x1500.jpg 1125w, http:\/\/www.remmenfoundation.org\/wp-content\/uploads\/2021\/10\/Remmen-Fondens-Kunstpris-2021-the-winner-529x705.jpg 529w, http:\/\/www.remmenfoundation.org\/wp-content\/uploads\/2021\/10\/Remmen-Fondens-Kunstpris-2021-the-winner-scaled.jpg 1920w\" data-sizes=\"(max-width: 773px) 100vw, 773px\" data-rel='gallery-1' data-prev-img='http:\/\/www.remmenfoundation.org\/wp-content\/uploads\/2021\/10\/Remmen-Fondens-Kunstpris-2021-the-winner-495x400.jpg' class='first_thumb lightbox ' data-onclick='1' title='Ahmad Siyar Qasimi Foto: Christian Brems'  itemprop=\"thumbnailUrl\"  ><img decoding=\"async\" fetchpriority=\"high\" class=\"wp-image-3057 avia-img-lazy-loading-not-3057\"  data-avia-tooltip='Ahmad Siyar Qasimi Foto: Christian Brems' src=\"http:\/\/www.remmenfoundation.org\/wp-content\/uploads\/2021\/10\/Remmen-Fondens-Kunstpris-2021-the-winner-495x400.jpg\" width=\"495\" height=\"400\"  title='Remmen Fondens Kunstpris 2021-The Winner' alt='' srcset=\"http:\/\/www.remmenfoundation.org\/wp-content\/uploads\/2021\/10\/Remmen-Fondens-Kunstpris-2021-the-winner-495x400.jpg 495w, http:\/\/www.remmenfoundation.org\/wp-content\/uploads\/2021\/10\/Remmen-Fondens-Kunstpris-2021-the-winner-845x684.jpg 845w\" sizes=\"(max-width: 495px) 100vw, 495px\" \/><div class='big-prev-fake'><img decoding=\"async\" loading=\"lazy\" class=\"wp-image-3057 avia-img-lazy-loading-3057\"  width=\"495\" height=\"400\" src=\"http:\/\/www.remmenfoundation.org\/wp-content\/uploads\/2021\/10\/Remmen-Fondens-Kunstpris-2021-the-winner-495x400.jpg\" title='Remmen Fondens Kunstpris 2021-The Winner' alt='' srcset=\"http:\/\/www.remmenfoundation.org\/wp-content\/uploads\/2021\/10\/Remmen-Fondens-Kunstpris-2021-the-winner-495x400.jpg 495w, http:\/\/www.remmenfoundation.org\/wp-content\/uploads\/2021\/10\/Remmen-Fondens-Kunstpris-2021-the-winner-845x684.jpg 845w\" sizes=\"auto, (max-width: 495px) 100vw, 495px\" \/><\/div><\/a><a href=\"http:\/\/www.remmenfoundation.org\/wp-content\/uploads\/2021\/10\/Remmen-Fondens-Kunstpris-2021-4-773x1030.jpg\" data-srcset=\"http:\/\/www.remmenfoundation.org\/wp-content\/uploads\/2021\/10\/Remmen-Fondens-Kunstpris-2021-4-773x1030.jpg 773w, http:\/\/www.remmenfoundation.org\/wp-content\/uploads\/2021\/10\/Remmen-Fondens-Kunstpris-2021-4-225x300.jpg 225w, http:\/\/www.remmenfoundation.org\/wp-content\/uploads\/2021\/10\/Remmen-Fondens-Kunstpris-2021-4-768x1024.jpg 768w, http:\/\/www.remmenfoundation.org\/wp-content\/uploads\/2021\/10\/Remmen-Fondens-Kunstpris-2021-4-450x600.jpg 450w, http:\/\/www.remmenfoundation.org\/wp-content\/uploads\/2021\/10\/Remmen-Fondens-Kunstpris-2021-4-1152x1536.jpg 1152w, http:\/\/www.remmenfoundation.org\/wp-content\/uploads\/2021\/10\/Remmen-Fondens-Kunstpris-2021-4-1536x2048.jpg 1536w, http:\/\/www.remmenfoundation.org\/wp-content\/uploads\/2021\/10\/Remmen-Fondens-Kunstpris-2021-4-1125x1500.jpg 1125w, http:\/\/www.remmenfoundation.org\/wp-content\/uploads\/2021\/10\/Remmen-Fondens-Kunstpris-2021-4-529x705.jpg 529w, http:\/\/www.remmenfoundation.org\/wp-content\/uploads\/2021\/10\/Remmen-Fondens-Kunstpris-2021-4-scaled.jpg 1920w\" data-sizes=\"(max-width: 773px) 100vw, 773px\" data-rel='gallery-1' data-prev-img='http:\/\/www.remmenfoundation.org\/wp-content\/uploads\/2021\/10\/Remmen-Fondens-Kunstpris-2021-4-495x400.jpg' class='lightbox ' data-onclick='2' title='Amalie Jakobsen Foto: Christian Brems'  itemprop=\"thumbnailUrl\"  ><img decoding=\"async\" fetchpriority=\"high\" class=\"wp-image-3055 avia-img-lazy-loading-not-3055\"  data-avia-tooltip='Amalie Jakobsen Foto: Christian Brems' src=\"http:\/\/www.remmenfoundation.org\/wp-content\/uploads\/2021\/10\/Remmen-Fondens-Kunstpris-2021-4-495x400.jpg\" width=\"495\" height=\"400\"  title='Remmen Fondens Kunstpris 2021-4' alt='' srcset=\"http:\/\/www.remmenfoundation.org\/wp-content\/uploads\/2021\/10\/Remmen-Fondens-Kunstpris-2021-4-495x400.jpg 495w, http:\/\/www.remmenfoundation.org\/wp-content\/uploads\/2021\/10\/Remmen-Fondens-Kunstpris-2021-4-845x684.jpg 845w\" sizes=\"(max-width: 495px) 100vw, 495px\" \/><div class='big-prev-fake'><img decoding=\"async\" loading=\"lazy\" class=\"wp-image-3055 avia-img-lazy-loading-3055\"  width=\"495\" height=\"400\" src=\"http:\/\/www.remmenfoundation.org\/wp-content\/uploads\/2021\/10\/Remmen-Fondens-Kunstpris-2021-4-495x400.jpg\" title='Remmen Fondens Kunstpris 2021-4' alt='' srcset=\"http:\/\/www.remmenfoundation.org\/wp-content\/uploads\/2021\/10\/Remmen-Fondens-Kunstpris-2021-4-495x400.jpg 495w, http:\/\/www.remmenfoundation.org\/wp-content\/uploads\/2021\/10\/Remmen-Fondens-Kunstpris-2021-4-845x684.jpg 845w\" sizes=\"auto, (max-width: 495px) 100vw, 495px\" \/><\/div><\/a><a href=\"http:\/\/www.remmenfoundation.org\/wp-content\/uploads\/2021\/10\/Remmen-Fondens-Kunstpris-2021-3-1030x773.jpg\" data-srcset=\"http:\/\/www.remmenfoundation.org\/wp-content\/uploads\/2021\/10\/Remmen-Fondens-Kunstpris-2021-3-1030x773.jpg 1030w, http:\/\/www.remmenfoundation.org\/wp-content\/uploads\/2021\/10\/Remmen-Fondens-Kunstpris-2021-3-300x225.jpg 300w, http:\/\/www.remmenfoundation.org\/wp-content\/uploads\/2021\/10\/Remmen-Fondens-Kunstpris-2021-3-768x576.jpg 768w, http:\/\/www.remmenfoundation.org\/wp-content\/uploads\/2021\/10\/Remmen-Fondens-Kunstpris-2021-3-800x600.jpg 800w, http:\/\/www.remmenfoundation.org\/wp-content\/uploads\/2021\/10\/Remmen-Fondens-Kunstpris-2021-3-1536x1152.jpg 1536w, http:\/\/www.remmenfoundation.org\/wp-content\/uploads\/2021\/10\/Remmen-Fondens-Kunstpris-2021-3-2048x1536.jpg 2048w, http:\/\/www.remmenfoundation.org\/wp-content\/uploads\/2021\/10\/Remmen-Fondens-Kunstpris-2021-3-1500x1125.jpg 1500w, http:\/\/www.remmenfoundation.org\/wp-content\/uploads\/2021\/10\/Remmen-Fondens-Kunstpris-2021-3-705x529.jpg 705w\" data-sizes=\"(max-width: 1030px) 100vw, 1030px\" data-rel='gallery-1' data-prev-img='http:\/\/www.remmenfoundation.org\/wp-content\/uploads\/2021\/10\/Remmen-Fondens-Kunstpris-2021-3-495x400.jpg' class='lightbox ' data-onclick='3' title='Jakob Kudsk Steensen Foto: Christian Brems'  itemprop=\"thumbnailUrl\"  ><img decoding=\"async\" fetchpriority=\"high\" class=\"wp-image-3053 avia-img-lazy-loading-not-3053\"  data-avia-tooltip='Jakob Kudsk Steensen Foto: Christian Brems' src=\"http:\/\/www.remmenfoundation.org\/wp-content\/uploads\/2021\/10\/Remmen-Fondens-Kunstpris-2021-3-495x400.jpg\" width=\"495\" height=\"400\"  title='Remmen Fondens Kunstpris 2021-3' alt='' srcset=\"http:\/\/www.remmenfoundation.org\/wp-content\/uploads\/2021\/10\/Remmen-Fondens-Kunstpris-2021-3-495x400.jpg 495w, http:\/\/www.remmenfoundation.org\/wp-content\/uploads\/2021\/10\/Remmen-Fondens-Kunstpris-2021-3-845x684.jpg 845w\" sizes=\"(max-width: 495px) 100vw, 495px\" \/><div class='big-prev-fake'><img decoding=\"async\" loading=\"lazy\" class=\"wp-image-3053 avia-img-lazy-loading-3053\"  width=\"495\" height=\"400\" src=\"http:\/\/www.remmenfoundation.org\/wp-content\/uploads\/2021\/10\/Remmen-Fondens-Kunstpris-2021-3-495x400.jpg\" title='Remmen Fondens Kunstpris 2021-3' alt='' srcset=\"http:\/\/www.remmenfoundation.org\/wp-content\/uploads\/2021\/10\/Remmen-Fondens-Kunstpris-2021-3-495x400.jpg 495w, http:\/\/www.remmenfoundation.org\/wp-content\/uploads\/2021\/10\/Remmen-Fondens-Kunstpris-2021-3-845x684.jpg 845w\" sizes=\"auto, (max-width: 495px) 100vw, 495px\" \/><\/div><\/a><a href=\"http:\/\/www.remmenfoundation.org\/wp-content\/uploads\/2021\/10\/Remmen-Fondens-Kunstpris-2021-2-773x1030.jpg\" data-srcset=\"http:\/\/www.remmenfoundation.org\/wp-content\/uploads\/2021\/10\/Remmen-Fondens-Kunstpris-2021-2-773x1030.jpg 773w, http:\/\/www.remmenfoundation.org\/wp-content\/uploads\/2021\/10\/Remmen-Fondens-Kunstpris-2021-2-225x300.jpg 225w, http:\/\/www.remmenfoundation.org\/wp-content\/uploads\/2021\/10\/Remmen-Fondens-Kunstpris-2021-2-768x1024.jpg 768w, http:\/\/www.remmenfoundation.org\/wp-content\/uploads\/2021\/10\/Remmen-Fondens-Kunstpris-2021-2-450x600.jpg 450w, http:\/\/www.remmenfoundation.org\/wp-content\/uploads\/2021\/10\/Remmen-Fondens-Kunstpris-2021-2-1152x1536.jpg 1152w, http:\/\/www.remmenfoundation.org\/wp-content\/uploads\/2021\/10\/Remmen-Fondens-Kunstpris-2021-2-1536x2048.jpg 1536w, http:\/\/www.remmenfoundation.org\/wp-content\/uploads\/2021\/10\/Remmen-Fondens-Kunstpris-2021-2-1125x1500.jpg 1125w, http:\/\/www.remmenfoundation.org\/wp-content\/uploads\/2021\/10\/Remmen-Fondens-Kunstpris-2021-2-529x705.jpg 529w, http:\/\/www.remmenfoundation.org\/wp-content\/uploads\/2021\/10\/Remmen-Fondens-Kunstpris-2021-2-scaled.jpg 1920w\" data-sizes=\"(max-width: 773px) 100vw, 773px\" data-rel='gallery-1' data-prev-img='http:\/\/www.remmenfoundation.org\/wp-content\/uploads\/2021\/10\/Remmen-Fondens-Kunstpris-2021-2-495x400.jpg' class='lightbox ' data-onclick='4' title='Klara Lilja Foto: Christian Brems'  itemprop=\"thumbnailUrl\"  ><img decoding=\"async\" fetchpriority=\"high\" class=\"wp-image-3051 avia-img-lazy-loading-not-3051\"  data-avia-tooltip='Klara Lilja Foto: Christian Brems' src=\"http:\/\/www.remmenfoundation.org\/wp-content\/uploads\/2021\/10\/Remmen-Fondens-Kunstpris-2021-2-495x400.jpg\" width=\"495\" height=\"400\"  title='Remmen Fondens Kunstpris 2021-2' alt='' srcset=\"http:\/\/www.remmenfoundation.org\/wp-content\/uploads\/2021\/10\/Remmen-Fondens-Kunstpris-2021-2-495x400.jpg 495w, http:\/\/www.remmenfoundation.org\/wp-content\/uploads\/2021\/10\/Remmen-Fondens-Kunstpris-2021-2-845x684.jpg 845w\" sizes=\"(max-width: 495px) 100vw, 495px\" \/><div class='big-prev-fake'><img decoding=\"async\" loading=\"lazy\" class=\"wp-image-3051 avia-img-lazy-loading-3051\"  width=\"495\" height=\"400\" src=\"http:\/\/www.remmenfoundation.org\/wp-content\/uploads\/2021\/10\/Remmen-Fondens-Kunstpris-2021-2-495x400.jpg\" title='Remmen Fondens Kunstpris 2021-2' alt='' srcset=\"http:\/\/www.remmenfoundation.org\/wp-content\/uploads\/2021\/10\/Remmen-Fondens-Kunstpris-2021-2-495x400.jpg 495w, http:\/\/www.remmenfoundation.org\/wp-content\/uploads\/2021\/10\/Remmen-Fondens-Kunstpris-2021-2-845x684.jpg 845w\" sizes=\"auto, (max-width: 495px) 100vw, 495px\" \/><\/div><\/a><a href=\"http:\/\/www.remmenfoundation.org\/wp-content\/uploads\/2021\/10\/Remmen-Fondens-Kunstpris-2021-1-773x1030.jpg\" data-srcset=\"http:\/\/www.remmenfoundation.org\/wp-content\/uploads\/2021\/10\/Remmen-Fondens-Kunstpris-2021-1-773x1030.jpg 773w, http:\/\/www.remmenfoundation.org\/wp-content\/uploads\/2021\/10\/Remmen-Fondens-Kunstpris-2021-1-225x300.jpg 225w, http:\/\/www.remmenfoundation.org\/wp-content\/uploads\/2021\/10\/Remmen-Fondens-Kunstpris-2021-1-768x1024.jpg 768w, http:\/\/www.remmenfoundation.org\/wp-content\/uploads\/2021\/10\/Remmen-Fondens-Kunstpris-2021-1-450x600.jpg 450w, http:\/\/www.remmenfoundation.org\/wp-content\/uploads\/2021\/10\/Remmen-Fondens-Kunstpris-2021-1-1152x1536.jpg 1152w, http:\/\/www.remmenfoundation.org\/wp-content\/uploads\/2021\/10\/Remmen-Fondens-Kunstpris-2021-1-1536x2048.jpg 1536w, http:\/\/www.remmenfoundation.org\/wp-content\/uploads\/2021\/10\/Remmen-Fondens-Kunstpris-2021-1-1125x1500.jpg 1125w, http:\/\/www.remmenfoundation.org\/wp-content\/uploads\/2021\/10\/Remmen-Fondens-Kunstpris-2021-1-529x705.jpg 529w, http:\/\/www.remmenfoundation.org\/wp-content\/uploads\/2021\/10\/Remmen-Fondens-Kunstpris-2021-1-scaled.jpg 1920w\" data-sizes=\"(max-width: 773px) 100vw, 773px\" data-rel='gallery-1' data-prev-img='http:\/\/www.remmenfoundation.org\/wp-content\/uploads\/2021\/10\/Remmen-Fondens-Kunstpris-2021-1-495x400.jpg' class='lightbox ' data-onclick='5' title='Nat Bloch Gregersen Foto: Christian Brems'  itemprop=\"thumbnailUrl\"  ><img decoding=\"async\" fetchpriority=\"high\" class=\"wp-image-3049 avia-img-lazy-loading-not-3049\"  data-avia-tooltip='Nat Bloch Gregersen Foto: Christian Brems' src=\"http:\/\/www.remmenfoundation.org\/wp-content\/uploads\/2021\/10\/Remmen-Fondens-Kunstpris-2021-1-495x400.jpg\" width=\"495\" height=\"400\"  title='Remmen Fondens Kunstpris 2021-1' alt='' srcset=\"http:\/\/www.remmenfoundation.org\/wp-content\/uploads\/2021\/10\/Remmen-Fondens-Kunstpris-2021-1-495x400.jpg 495w, http:\/\/www.remmenfoundation.org\/wp-content\/uploads\/2021\/10\/Remmen-Fondens-Kunstpris-2021-1-845x684.jpg 845w\" sizes=\"(max-width: 495px) 100vw, 495px\" \/><div class='big-prev-fake'><img decoding=\"async\" loading=\"lazy\" class=\"wp-image-3049 avia-img-lazy-loading-3049\"  width=\"495\" height=\"400\" src=\"http:\/\/www.remmenfoundation.org\/wp-content\/uploads\/2021\/10\/Remmen-Fondens-Kunstpris-2021-1-495x400.jpg\" title='Remmen Fondens Kunstpris 2021-1' alt='' srcset=\"http:\/\/www.remmenfoundation.org\/wp-content\/uploads\/2021\/10\/Remmen-Fondens-Kunstpris-2021-1-495x400.jpg 495w, http:\/\/www.remmenfoundation.org\/wp-content\/uploads\/2021\/10\/Remmen-Fondens-Kunstpris-2021-1-845x684.jpg 845w\" sizes=\"auto, (max-width: 495px) 100vw, 495px\" \/><\/div><\/a><a href=\"http:\/\/www.remmenfoundation.org\/wp-content\/uploads\/2021\/10\/Gruppebillede-Foto-Kim-Roslyng_2021-1-1030x688.jpg\" data-srcset=\"http:\/\/www.remmenfoundation.org\/wp-content\/uploads\/2021\/10\/Gruppebillede-Foto-Kim-Roslyng_2021-1-1030x688.jpg 1030w, http:\/\/www.remmenfoundation.org\/wp-content\/uploads\/2021\/10\/Gruppebillede-Foto-Kim-Roslyng_2021-1-300x201.jpg 300w, http:\/\/www.remmenfoundation.org\/wp-content\/uploads\/2021\/10\/Gruppebillede-Foto-Kim-Roslyng_2021-1-768x513.jpg 768w, http:\/\/www.remmenfoundation.org\/wp-content\/uploads\/2021\/10\/Gruppebillede-Foto-Kim-Roslyng_2021-1-800x535.jpg 800w, http:\/\/www.remmenfoundation.org\/wp-content\/uploads\/2021\/10\/Gruppebillede-Foto-Kim-Roslyng_2021-1-1536x1027.jpg 1536w, http:\/\/www.remmenfoundation.org\/wp-content\/uploads\/2021\/10\/Gruppebillede-Foto-Kim-Roslyng_2021-1-2048x1369.jpg 2048w, http:\/\/www.remmenfoundation.org\/wp-content\/uploads\/2021\/10\/Gruppebillede-Foto-Kim-Roslyng_2021-1-1500x1003.jpg 1500w, http:\/\/www.remmenfoundation.org\/wp-content\/uploads\/2021\/10\/Gruppebillede-Foto-Kim-Roslyng_2021-1-705x471.jpg 705w\" data-sizes=\"(max-width: 1030px) 100vw, 1030px\" data-rel='gallery-1' data-prev-img='http:\/\/www.remmenfoundation.org\/wp-content\/uploads\/2021\/10\/Gruppebillede-Foto-Kim-Roslyng_2021-1-495x400.jpg' class='first_thumb lightbox ' data-onclick='6' title='The committee and the nominees. Foto Christian Brems'  itemprop=\"thumbnailUrl\"  ><img decoding=\"async\" fetchpriority=\"high\" class=\"wp-image-3064 avia-img-lazy-loading-not-3064\"  data-avia-tooltip='The committee and the nominees. Foto Christian Brems' src=\"http:\/\/www.remmenfoundation.org\/wp-content\/uploads\/2021\/10\/Gruppebillede-Foto-Kim-Roslyng_2021-1-495x400.jpg\" width=\"495\" height=\"400\"  title='Gruppebillede' alt='' srcset=\"http:\/\/www.remmenfoundation.org\/wp-content\/uploads\/2021\/10\/Gruppebillede-Foto-Kim-Roslyng_2021-1-495x400.jpg 495w, http:\/\/www.remmenfoundation.org\/wp-content\/uploads\/2021\/10\/Gruppebillede-Foto-Kim-Roslyng_2021-1-845x684.jpg 845w\" sizes=\"(max-width: 495px) 100vw, 495px\" \/><div class='big-prev-fake'><img decoding=\"async\" loading=\"lazy\" class=\"wp-image-3064 avia-img-lazy-loading-3064\"  width=\"495\" height=\"400\" src=\"http:\/\/www.remmenfoundation.org\/wp-content\/uploads\/2021\/10\/Gruppebillede-Foto-Kim-Roslyng_2021-1-495x400.jpg\" title='Gruppebillede' alt='' srcset=\"http:\/\/www.remmenfoundation.org\/wp-content\/uploads\/2021\/10\/Gruppebillede-Foto-Kim-Roslyng_2021-1-495x400.jpg 495w, http:\/\/www.remmenfoundation.org\/wp-content\/uploads\/2021\/10\/Gruppebillede-Foto-Kim-Roslyng_2021-1-845x684.jpg 845w\" sizes=\"auto, (max-width: 495px) 100vw, 495px\" \/><\/div><\/a><a href=\"http:\/\/www.remmenfoundation.org\/wp-content\/uploads\/2021\/10\/Remmen-Fondens-Kunstpris-2021-1030x656.jpg\" data-srcset=\"http:\/\/www.remmenfoundation.org\/wp-content\/uploads\/2021\/10\/Remmen-Fondens-Kunstpris-2021-1030x656.jpg 1030w, http:\/\/www.remmenfoundation.org\/wp-content\/uploads\/2021\/10\/Remmen-Fondens-Kunstpris-2021-300x191.jpg 300w, http:\/\/www.remmenfoundation.org\/wp-content\/uploads\/2021\/10\/Remmen-Fondens-Kunstpris-2021-768x489.jpg 768w, http:\/\/www.remmenfoundation.org\/wp-content\/uploads\/2021\/10\/Remmen-Fondens-Kunstpris-2021-800x510.jpg 800w, http:\/\/www.remmenfoundation.org\/wp-content\/uploads\/2021\/10\/Remmen-Fondens-Kunstpris-2021-705x449.jpg 705w, http:\/\/www.remmenfoundation.org\/wp-content\/uploads\/2021\/10\/Remmen-Fondens-Kunstpris-2021.jpg 1389w\" data-sizes=\"(max-width: 1030px) 100vw, 1030px\" data-rel='gallery-1' data-prev-img='http:\/\/www.remmenfoundation.org\/wp-content\/uploads\/2021\/10\/Remmen-Fondens-Kunstpris-2021-495x400.jpg' class='lightbox ' data-onclick='7' title='Foto: Christian Brems'  itemprop=\"thumbnailUrl\"  ><img decoding=\"async\" fetchpriority=\"high\" class=\"wp-image-3047 avia-img-lazy-loading-not-3047\"  data-avia-tooltip='Foto: Christian Brems' src=\"http:\/\/www.remmenfoundation.org\/wp-content\/uploads\/2021\/10\/Remmen-Fondens-Kunstpris-2021-495x400.jpg\" width=\"495\" height=\"400\"  title='Remmen Fondens Kunstpris 2021' alt='' srcset=\"http:\/\/www.remmenfoundation.org\/wp-content\/uploads\/2021\/10\/Remmen-Fondens-Kunstpris-2021-495x400.jpg 495w, http:\/\/www.remmenfoundation.org\/wp-content\/uploads\/2021\/10\/Remmen-Fondens-Kunstpris-2021-845x684.jpg 845w\" sizes=\"(max-width: 495px) 100vw, 495px\" \/><div class='big-prev-fake'><img decoding=\"async\" loading=\"lazy\" class=\"wp-image-3047 avia-img-lazy-loading-3047\"  width=\"495\" height=\"400\" src=\"http:\/\/www.remmenfoundation.org\/wp-content\/uploads\/2021\/10\/Remmen-Fondens-Kunstpris-2021-495x400.jpg\" title='Remmen Fondens Kunstpris 2021' alt='' srcset=\"http:\/\/www.remmenfoundation.org\/wp-content\/uploads\/2021\/10\/Remmen-Fondens-Kunstpris-2021-495x400.jpg 495w, http:\/\/www.remmenfoundation.org\/wp-content\/uploads\/2021\/10\/Remmen-Fondens-Kunstpris-2021-845x684.jpg 845w\" sizes=\"auto, (max-width: 495px) 100vw, 495px\" \/><\/div><\/a><a href=\"http:\/\/www.remmenfoundation.org\/wp-content\/uploads\/2021\/10\/Pris-2021-1030x996.jpg\" data-srcset=\"http:\/\/www.remmenfoundation.org\/wp-content\/uploads\/2021\/10\/Pris-2021-1030x996.jpg 1030w, http:\/\/www.remmenfoundation.org\/wp-content\/uploads\/2021\/10\/Pris-2021-300x290.jpg 300w, http:\/\/www.remmenfoundation.org\/wp-content\/uploads\/2021\/10\/Pris-2021-768x743.jpg 768w, http:\/\/www.remmenfoundation.org\/wp-content\/uploads\/2021\/10\/Pris-2021-620x600.jpg 620w, http:\/\/www.remmenfoundation.org\/wp-content\/uploads\/2021\/10\/Pris-2021-1536x1486.jpg 1536w, http:\/\/www.remmenfoundation.org\/wp-content\/uploads\/2021\/10\/Pris-2021-36x36.jpg 36w, http:\/\/www.remmenfoundation.org\/wp-content\/uploads\/2021\/10\/Pris-2021-1500x1451.jpg 1500w, http:\/\/www.remmenfoundation.org\/wp-content\/uploads\/2021\/10\/Pris-2021-705x682.jpg 705w, http:\/\/www.remmenfoundation.org\/wp-content\/uploads\/2021\/10\/Pris-2021.jpg 2048w\" data-sizes=\"(max-width: 1030px) 100vw, 1030px\" data-rel='gallery-1' data-prev-img='http:\/\/www.remmenfoundation.org\/wp-content\/uploads\/2021\/10\/Pris-2021-495x400.jpg' class='lightbox ' data-onclick='8' title='Foto: Christian Brems'  itemprop=\"thumbnailUrl\"  ><img decoding=\"async\" fetchpriority=\"high\" class=\"wp-image-3045 avia-img-lazy-loading-not-3045\"  data-avia-tooltip='Foto: Christian Brems' src=\"http:\/\/www.remmenfoundation.org\/wp-content\/uploads\/2021\/10\/Pris-2021-495x400.jpg\" width=\"495\" height=\"400\"  title='Pris-2021' alt='' srcset=\"http:\/\/www.remmenfoundation.org\/wp-content\/uploads\/2021\/10\/Pris-2021-495x400.jpg 495w, http:\/\/www.remmenfoundation.org\/wp-content\/uploads\/2021\/10\/Pris-2021-845x684.jpg 845w\" sizes=\"(max-width: 495px) 100vw, 495px\" \/><div class='big-prev-fake'><img decoding=\"async\" loading=\"lazy\" class=\"wp-image-3045 avia-img-lazy-loading-3045\"  width=\"495\" height=\"400\" src=\"http:\/\/www.remmenfoundation.org\/wp-content\/uploads\/2021\/10\/Pris-2021-495x400.jpg\" title='Pris-2021' alt='' srcset=\"http:\/\/www.remmenfoundation.org\/wp-content\/uploads\/2021\/10\/Pris-2021-495x400.jpg 495w, http:\/\/www.remmenfoundation.org\/wp-content\/uploads\/2021\/10\/Pris-2021-845x684.jpg 845w\" sizes=\"auto, (max-width: 495px) 100vw, 495px\" \/><\/div><\/a><\/div><\/div><\/p><\/div>\n<style type=\"text\/css\" data-created_by=\"avia_inline_auto\" id=\"style-css-av-gqkg1k-0d1661bc8c5c56734d25458822255c43\">\n#top .hr.av-gqkg1k-0d1661bc8c5c56734d25458822255c43{\nmargin-top:30px;\nmargin-bottom:30px;\n}\n.hr.av-gqkg1k-0d1661bc8c5c56734d25458822255c43 .hr-inner{\nwidth:2000;\nborder-color:#444444;\n}\n<\/style>\n<div  class='hr av-gqkg1k-0d1661bc8c5c56734d25458822255c43 hr-custom  avia-builder-el-12  el_after_av_one_full  el_before_av_one_third  hr-center hr-icon-no'><span class='hr-inner inner-border-av-border-thin'><span class=\"hr-inner-style\"><\/span><\/span><\/div><\/p>\n\n<style type=\"text\/css\" data-created_by=\"avia_inline_auto\" id=\"style-css-av-feo4fc-9cf0d9331839568e1b83bc369723ef33\">\n.flex_column.av-feo4fc-9cf0d9331839568e1b83bc369723ef33{\nborder-radius:0px 0px 0px 0px;\npadding:0px 0px 0px 0px;\n}\n<\/style>\n<div  class='flex_column av-feo4fc-9cf0d9331839568e1b83bc369723ef33 av_one_third  avia-builder-el-13  el_after_av_hr  el_before_av_one_third  first flex_column_div av-zero-column-padding  '     ><p>\n<style type=\"text\/css\" data-created_by=\"avia_inline_auto\" id=\"style-css-av-eiqn94-e5af8e8ec24bd49c13ea9c67e2a5429a\">\n#top .av-special-heading.av-eiqn94-e5af8e8ec24bd49c13ea9c67e2a5429a{\npadding-bottom:10px;\n}\nbody .av-special-heading.av-eiqn94-e5af8e8ec24bd49c13ea9c67e2a5429a .av-special-heading-tag .heading-char{\nfont-size:25px;\n}\n.av-special-heading.av-eiqn94-e5af8e8ec24bd49c13ea9c67e2a5429a .av-subheading{\nfont-size:13px;\n}\n<\/style>\n<div  class='av-special-heading av-eiqn94-e5af8e8ec24bd49c13ea9c67e2a5429a av-special-heading-h2 blockquote modern-quote modern-centered  avia-builder-el-14  el_before_av_button  avia-builder-el-first '><h2 class='av-special-heading-tag '  itemprop=\"headline\"  >THE REMMEN FOUNDATION<\/h2><div class='av-subheading av-subheading_below'><p>The Remmen Foundation (Remmen&#8217;s Stiftung von 1986) was founded by Henning Remmen in 1986. Originally, the purpose of the Foundation was to operate a variety of commercial activities centered around hotels.<\/p>\n<\/div><div class=\"special-heading-border\"><div class=\"special-heading-inner-border\"><\/div><\/div><\/div><br \/>\n<div  class='avia-button-wrap av-cc1zy0-507449bbfbce80bd47d5bc9457f64989-wrap avia-button-center  avia-builder-el-15  el_after_av_heading  avia-builder-el-last '>\n<style type=\"text\/css\" data-created_by=\"avia_inline_auto\" id=\"style-css-av-cc1zy0-507449bbfbce80bd47d5bc9457f64989\">\n#top #wrap_all .avia-button.av-cc1zy0-507449bbfbce80bd47d5bc9457f64989{\nbackground-color:#9eb8bc;\nborder-color:#9eb8bc;\ncolor:#ffffff;\ntransition:all 0.4s ease-in-out;\n}\n<\/style>\n<a href='http:\/\/www.remmenfoundation.org\/en\/about-the-remmen-foundation\/'  class='avia-button av-cc1zy0-507449bbfbce80bd47d5bc9457f64989 av-link-btn avia-icon_select-no avia-size-medium avia-position-center'   aria-label=\"READ MORE\"><span class='avia_iconbox_title' >READ MORE<\/span><\/a><\/div><\/p><\/div>\n\n<style type=\"text\/css\" data-created_by=\"avia_inline_auto\" id=\"style-css-av-anlfgo-355782565a5ea912082a01c5ac538435\">\n.flex_column.av-anlfgo-355782565a5ea912082a01c5ac538435{\nborder-radius:0px 0px 0px 0px;\npadding:0px 0px 0px 0px;\n}\n<\/style>\n<div  class='flex_column av-anlfgo-355782565a5ea912082a01c5ac538435 av_one_third  avia-builder-el-16  el_after_av_one_third  el_before_av_one_third  flex_column_div av-zero-column-padding  '     ><p>\n<style type=\"text\/css\" data-created_by=\"avia_inline_auto\" id=\"style-css-av-8k6vp4-98c0be8514194178af777a81e4470726\">\n#top .av-special-heading.av-8k6vp4-98c0be8514194178af777a81e4470726{\npadding-bottom:10px;\n}\nbody .av-special-heading.av-8k6vp4-98c0be8514194178af777a81e4470726 .av-special-heading-tag .heading-char{\nfont-size:25px;\n}\n.av-special-heading.av-8k6vp4-98c0be8514194178af777a81e4470726 .av-subheading{\nfont-size:13px;\n}\n<\/style>\n<div  class='av-special-heading av-8k6vp4-98c0be8514194178af777a81e4470726 av-special-heading-h2 blockquote modern-quote modern-centered  avia-builder-el-17  el_before_av_button  avia-builder-el-first '><h2 class='av-special-heading-tag '  itemprop=\"headline\"  >APPLY FOR A DONATION<\/h2><div class='av-subheading av-subheading_below'><p>The Remmen Foundation primarily supports projects in Denmark, or projects that benefit Danish people, whether they reside in Denmark or abroad.<\/p>\n<\/div><div class=\"special-heading-border\"><div class=\"special-heading-inner-border\"><\/div><\/div><\/div><br \/>\n<div  class='avia-button-wrap av-6texo8-f16efff1dff3e6576251e61a03a35c71-wrap avia-button-center  avia-builder-el-18  el_after_av_heading  avia-builder-el-last '>\n<style type=\"text\/css\" data-created_by=\"avia_inline_auto\" id=\"style-css-av-6texo8-f16efff1dff3e6576251e61a03a35c71\">\n#top #wrap_all .avia-button.av-6texo8-f16efff1dff3e6576251e61a03a35c71{\nbackground-color:#9eb8bc;\nborder-color:#9eb8bc;\ncolor:#ffffff;\ntransition:all 0.4s ease-in-out;\n}\n<\/style>\n<a href='http:\/\/www.remmenfoundation.org\/en\/applications\/'  class='avia-button av-6texo8-f16efff1dff3e6576251e61a03a35c71 av-link-btn avia-icon_select-no avia-size-medium avia-position-center'   aria-label=\"READ MORE\"><span class='avia_iconbox_title' >READ MORE<\/span><\/a><\/div><\/p><\/div>\n\n<style type=\"text\/css\" data-created_by=\"avia_inline_auto\" id=\"style-css-av-6l6q3c-751f5d4d88303aa8f7e33e5b91a461ca\">\n.flex_column.av-6l6q3c-751f5d4d88303aa8f7e33e5b91a461ca{\nborder-radius:0px 0px 0px 0px;\npadding:0px 0px 0px 0px;\n}\n<\/style>\n<div  class='flex_column av-6l6q3c-751f5d4d88303aa8f7e33e5b91a461ca av_one_third  avia-builder-el-19  el_after_av_one_third  avia-builder-el-last  flex_column_div av-zero-column-padding  '     ><p>\n<style type=\"text\/css\" data-created_by=\"avia_inline_auto\" id=\"style-css-av-48cvtk-8b59345aa32055e1d4a57b8d506cd391\">\n#top .av-special-heading.av-48cvtk-8b59345aa32055e1d4a57b8d506cd391{\npadding-bottom:10px;\n}\nbody .av-special-heading.av-48cvtk-8b59345aa32055e1d4a57b8d506cd391 .av-special-heading-tag .heading-char{\nfont-size:25px;\n}\n.av-special-heading.av-48cvtk-8b59345aa32055e1d4a57b8d506cd391 .av-subheading{\nfont-size:13px;\n}\n<\/style>\n<div  class='av-special-heading av-48cvtk-8b59345aa32055e1d4a57b8d506cd391 av-special-heading-h2 blockquote modern-quote modern-centered  avia-builder-el-20  el_before_av_button  avia-builder-el-first '><h2 class='av-special-heading-tag '  itemprop=\"headline\"  >ALL DONATIONS<\/h2><div class='av-subheading av-subheading_below'><p>Here you can see the list of all the donations The Remmen Foundation have provided. The donations are displayed in chronological sequence to create and ease the overview.<\/p>\n<\/div><div class=\"special-heading-border\"><div class=\"special-heading-inner-border\"><\/div><\/div><\/div><br \/>\n<div  class='avia-button-wrap av-22x8vs-468b0ccfa01f633e093f33fb5c2d4d7c-wrap avia-button-center  avia-builder-el-21  el_after_av_heading  avia-builder-el-last '>\n<style type=\"text\/css\" data-created_by=\"avia_inline_auto\" id=\"style-css-av-22x8vs-468b0ccfa01f633e093f33fb5c2d4d7c\">\n#top #wrap_all .avia-button.av-22x8vs-468b0ccfa01f633e093f33fb5c2d4d7c{\nbackground-color:#9eb8bc;\nborder-color:#9eb8bc;\ncolor:#ffffff;\ntransition:all 0.4s ease-in-out;\n}\n<\/style>\n<a href='http:\/\/www.remmenfoundation.org\/en\/donations\/all-donations\/'  class='avia-button av-22x8vs-468b0ccfa01f633e093f33fb5c2d4d7c av-link-btn avia-icon_select-no avia-size-medium avia-position-center'   aria-label=\"READ MORE\"><span class='avia_iconbox_title' >READ MORE<\/span><\/a><\/div><\/p><\/div>\n","protected":false},"excerpt":{"rendered":"","protected":false},"author":3,"featured_media":3064,"template":"","meta":{"footnotes":""},"tags":[],"portfolio_entries":[62,56],"class_list":["post-3059","portfolio","type-portfolio","status-publish","has-post-thumbnail","hentry","portfolio_entries-art-prize","portfolio_entries-donations"],"yoast_head":"<!-- This site is optimized with the Yoast SEO plugin v27.0 - https:\/\/yoast.com\/product\/yoast-seo-wordpress\/ -->\n<title>ART PRIZE 2021 - REMMEN FONDEN<\/title>\n<meta name=\"robots\" content=\"index, follow, max-snippet:-1, max-image-preview:large, max-video-preview:-1\" \/>\n<link rel=\"canonical\" href=\"http:\/\/www.remmenfoundation.org\/en\/donation\/remmen-foundation-art-prize-2018-2-2\/\" \/>\n<meta property=\"og:locale\" content=\"en_US\" \/>\n<meta property=\"og:type\" content=\"article\" \/>\n<meta property=\"og:title\" content=\"ART PRIZE 2021 - REMMEN FONDEN\" \/>\n<meta property=\"og:url\" content=\"http:\/\/www.remmenfoundation.org\/en\/donation\/remmen-foundation-art-prize-2018-2-2\/\" \/>\n<meta property=\"og:site_name\" content=\"REMMEN FONDEN\" \/>\n<meta property=\"article:modified_time\" content=\"2021-10-04T16:29:38+00:00\" \/>\n<meta property=\"og:image\" content=\"http:\/\/www.remmenfoundation.org\/wp-content\/uploads\/2021\/10\/Gruppebillede-Foto-Kim-Roslyng_2021-1-1030x688.jpg\" \/>\n\t<meta property=\"og:image:width\" content=\"1030\" \/>\n\t<meta property=\"og:image:height\" content=\"688\" \/>\n\t<meta property=\"og:image:type\" content=\"image\/jpeg\" \/>\n<meta name=\"twitter:card\" content=\"summary_large_image\" \/>\n<meta name=\"twitter:label1\" content=\"Est. reading time\" \/>\n\t<meta name=\"twitter:data1\" content=\"8 minutes\" \/>\n<script type=\"application\/ld+json\" class=\"yoast-schema-graph\">{\"@context\":\"https:\/\/schema.org\",\"@graph\":[{\"@type\":\"WebPage\",\"@id\":\"http:\/\/www.remmenfoundation.org\/en\/donation\/remmen-foundation-art-prize-2018-2-2\/\",\"url\":\"http:\/\/www.remmenfoundation.org\/en\/donation\/remmen-foundation-art-prize-2018-2-2\/\",\"name\":\"ART PRIZE 2021 - REMMEN FONDEN\",\"isPartOf\":{\"@id\":\"http:\/\/www.remmenfoundation.org\/en\/#website\"},\"primaryImageOfPage\":{\"@id\":\"http:\/\/www.remmenfoundation.org\/en\/donation\/remmen-foundation-art-prize-2018-2-2\/#primaryimage\"},\"image\":{\"@id\":\"http:\/\/www.remmenfoundation.org\/en\/donation\/remmen-foundation-art-prize-2018-2-2\/#primaryimage\"},\"thumbnailUrl\":\"http:\/\/www.remmenfoundation.org\/wp-content\/uploads\/2021\/10\/Gruppebillede-Foto-Kim-Roslyng_2021-1-scaled.jpg\",\"datePublished\":\"2021-10-04T16:09:36+00:00\",\"dateModified\":\"2021-10-04T16:29:38+00:00\",\"breadcrumb\":{\"@id\":\"http:\/\/www.remmenfoundation.org\/en\/donation\/remmen-foundation-art-prize-2018-2-2\/#breadcrumb\"},\"inLanguage\":\"en-US\",\"potentialAction\":[{\"@type\":\"ReadAction\",\"target\":[\"http:\/\/www.remmenfoundation.org\/en\/donation\/remmen-foundation-art-prize-2018-2-2\/\"]}]},{\"@type\":\"ImageObject\",\"inLanguage\":\"en-US\",\"@id\":\"http:\/\/www.remmenfoundation.org\/en\/donation\/remmen-foundation-art-prize-2018-2-2\/#primaryimage\",\"url\":\"http:\/\/www.remmenfoundation.org\/wp-content\/uploads\/2021\/10\/Gruppebillede-Foto-Kim-Roslyng_2021-1-scaled.jpg\",\"contentUrl\":\"http:\/\/www.remmenfoundation.org\/wp-content\/uploads\/2021\/10\/Gruppebillede-Foto-Kim-Roslyng_2021-1-scaled.jpg\",\"width\":2560,\"height\":1711,\"caption\":\"The committee and the nominees. Foto Christian Brems\"},{\"@type\":\"BreadcrumbList\",\"@id\":\"http:\/\/www.remmenfoundation.org\/en\/donation\/remmen-foundation-art-prize-2018-2-2\/#breadcrumb\",\"itemListElement\":[{\"@type\":\"ListItem\",\"position\":1,\"name\":\"Hjem\",\"item\":\"http:\/\/www.remmenfoundation.org\/en\/\"},{\"@type\":\"ListItem\",\"position\":2,\"name\":\"ART PRIZE 2021\"}]},{\"@type\":\"WebSite\",\"@id\":\"http:\/\/www.remmenfoundation.org\/en\/#website\",\"url\":\"http:\/\/www.remmenfoundation.org\/en\/\",\"name\":\"REMMEN FONDEN\",\"description\":\"The Remmen foundation\",\"potentialAction\":[{\"@type\":\"SearchAction\",\"target\":{\"@type\":\"EntryPoint\",\"urlTemplate\":\"http:\/\/www.remmenfoundation.org\/en\/?s={search_term_string}\"},\"query-input\":{\"@type\":\"PropertyValueSpecification\",\"valueRequired\":true,\"valueName\":\"search_term_string\"}}],\"inLanguage\":\"en-US\"}]}<\/script>\n<!-- \/ Yoast SEO plugin. -->","yoast_head_json":{"title":"ART PRIZE 2021 - REMMEN FONDEN","robots":{"index":"index","follow":"follow","max-snippet":"max-snippet:-1","max-image-preview":"max-image-preview:large","max-video-preview":"max-video-preview:-1"},"canonical":"http:\/\/www.remmenfoundation.org\/en\/donation\/remmen-foundation-art-prize-2018-2-2\/","og_locale":"en_US","og_type":"article","og_title":"ART PRIZE 2021 - REMMEN FONDEN","og_url":"http:\/\/www.remmenfoundation.org\/en\/donation\/remmen-foundation-art-prize-2018-2-2\/","og_site_name":"REMMEN FONDEN","article_modified_time":"2021-10-04T16:29:38+00:00","og_image":[{"width":1030,"height":688,"url":"http:\/\/www.remmenfoundation.org\/wp-content\/uploads\/2021\/10\/Gruppebillede-Foto-Kim-Roslyng_2021-1-1030x688.jpg","type":"image\/jpeg"}],"twitter_card":"summary_large_image","twitter_misc":{"Est. reading time":"8 minutes"},"schema":{"@context":"https:\/\/schema.org","@graph":[{"@type":"WebPage","@id":"http:\/\/www.remmenfoundation.org\/en\/donation\/remmen-foundation-art-prize-2018-2-2\/","url":"http:\/\/www.remmenfoundation.org\/en\/donation\/remmen-foundation-art-prize-2018-2-2\/","name":"ART PRIZE 2021 - REMMEN FONDEN","isPartOf":{"@id":"http:\/\/www.remmenfoundation.org\/en\/#website"},"primaryImageOfPage":{"@id":"http:\/\/www.remmenfoundation.org\/en\/donation\/remmen-foundation-art-prize-2018-2-2\/#primaryimage"},"image":{"@id":"http:\/\/www.remmenfoundation.org\/en\/donation\/remmen-foundation-art-prize-2018-2-2\/#primaryimage"},"thumbnailUrl":"http:\/\/www.remmenfoundation.org\/wp-content\/uploads\/2021\/10\/Gruppebillede-Foto-Kim-Roslyng_2021-1-scaled.jpg","datePublished":"2021-10-04T16:09:36+00:00","dateModified":"2021-10-04T16:29:38+00:00","breadcrumb":{"@id":"http:\/\/www.remmenfoundation.org\/en\/donation\/remmen-foundation-art-prize-2018-2-2\/#breadcrumb"},"inLanguage":"en-US","potentialAction":[{"@type":"ReadAction","target":["http:\/\/www.remmenfoundation.org\/en\/donation\/remmen-foundation-art-prize-2018-2-2\/"]}]},{"@type":"ImageObject","inLanguage":"en-US","@id":"http:\/\/www.remmenfoundation.org\/en\/donation\/remmen-foundation-art-prize-2018-2-2\/#primaryimage","url":"http:\/\/www.remmenfoundation.org\/wp-content\/uploads\/2021\/10\/Gruppebillede-Foto-Kim-Roslyng_2021-1-scaled.jpg","contentUrl":"http:\/\/www.remmenfoundation.org\/wp-content\/uploads\/2021\/10\/Gruppebillede-Foto-Kim-Roslyng_2021-1-scaled.jpg","width":2560,"height":1711,"caption":"The committee and the nominees. Foto Christian Brems"},{"@type":"BreadcrumbList","@id":"http:\/\/www.remmenfoundation.org\/en\/donation\/remmen-foundation-art-prize-2018-2-2\/#breadcrumb","itemListElement":[{"@type":"ListItem","position":1,"name":"Hjem","item":"http:\/\/www.remmenfoundation.org\/en\/"},{"@type":"ListItem","position":2,"name":"ART PRIZE 2021"}]},{"@type":"WebSite","@id":"http:\/\/www.remmenfoundation.org\/en\/#website","url":"http:\/\/www.remmenfoundation.org\/en\/","name":"REMMEN FONDEN","description":"The Remmen foundation","potentialAction":[{"@type":"SearchAction","target":{"@type":"EntryPoint","urlTemplate":"http:\/\/www.remmenfoundation.org\/en\/?s={search_term_string}"},"query-input":{"@type":"PropertyValueSpecification","valueRequired":true,"valueName":"search_term_string"}}],"inLanguage":"en-US"}]}},"_links":{"self":[{"href":"http:\/\/www.remmenfoundation.org\/en\/wp-json\/wp\/v2\/portfolio\/3059","targetHints":{"allow":["GET"]}}],"collection":[{"href":"http:\/\/www.remmenfoundation.org\/en\/wp-json\/wp\/v2\/portfolio"}],"about":[{"href":"http:\/\/www.remmenfoundation.org\/en\/wp-json\/wp\/v2\/types\/portfolio"}],"author":[{"embeddable":true,"href":"http:\/\/www.remmenfoundation.org\/en\/wp-json\/wp\/v2\/users\/3"}],"version-history":[{"count":7,"href":"http:\/\/www.remmenfoundation.org\/en\/wp-json\/wp\/v2\/portfolio\/3059\/revisions"}],"predecessor-version":[{"id":3127,"href":"http:\/\/www.remmenfoundation.org\/en\/wp-json\/wp\/v2\/portfolio\/3059\/revisions\/3127"}],"wp:featuredmedia":[{"embeddable":true,"href":"http:\/\/www.remmenfoundation.org\/en\/wp-json\/wp\/v2\/media\/3064"}],"wp:attachment":[{"href":"http:\/\/www.remmenfoundation.org\/en\/wp-json\/wp\/v2\/media?parent=3059"}],"wp:term":[{"taxonomy":"post_tag","embeddable":true,"href":"http:\/\/www.remmenfoundation.org\/en\/wp-json\/wp\/v2\/tags?post=3059"},{"taxonomy":"portfolio_entries","embeddable":true,"href":"http:\/\/www.remmenfoundation.org\/en\/wp-json\/wp\/v2\/portfolio_entries?post=3059"}],"curies":[{"name":"wp","href":"https:\/\/api.w.org\/{rel}","templated":true}]}}