{"id":3182,"date":"2022-02-28T13:38:50","date_gmt":"2022-02-28T12:38:50","guid":{"rendered":"http:\/\/www.remmenfoundation.org\/?post_type=portfolio&#038;p=3182"},"modified":"2022-02-28T13:51:53","modified_gmt":"2022-02-28T12:51:53","slug":"henning-remmens-stoettefond-gardere-2018-2-2-2-2","status":"publish","type":"portfolio","link":"http:\/\/www.remmenfoundation.org\/en\/donation\/henning-remmens-stoettefond-gardere-2018-2-2-2-2\/","title":{"rendered":"HENNING REMMENS ST\u00d8TTEFOND FOR GARDERE 2022"},"content":{"rendered":"\n<style type=\"text\/css\" data-created_by=\"avia_inline_auto\" id=\"style-css-av-tf9mpw-ea4282eaabbede4a7fa8caacf6f84163\">\n.flex_column.av-tf9mpw-ea4282eaabbede4a7fa8caacf6f84163{\nborder-radius:0px 0px 0px 0px;\npadding:0px 0px 0px 0px;\n}\n<\/style>\n<div  class='flex_column av-tf9mpw-ea4282eaabbede4a7fa8caacf6f84163 av_two_fifth  avia-builder-el-0  el_before_av_three_fifth  avia-builder-el-first  first flex_column_div av-zero-column-padding  '     ><p>\n<style type=\"text\/css\" data-created_by=\"avia_inline_auto\" id=\"style-css-av-kpbl8ad1-fecef849e0a2e48d64ff13347f12ffc6\">\n#top .av-special-heading.av-kpbl8ad1-fecef849e0a2e48d64ff13347f12ffc6{\npadding-bottom:10px;\n}\nbody .av-special-heading.av-kpbl8ad1-fecef849e0a2e48d64ff13347f12ffc6 .av-special-heading-tag .heading-char{\nfont-size:25px;\n}\n.av-special-heading.av-kpbl8ad1-fecef849e0a2e48d64ff13347f12ffc6 .av-subheading{\nfont-size:15px;\n}\n<\/style>\n<div  class='av-special-heading av-kpbl8ad1-fecef849e0a2e48d64ff13347f12ffc6 av-special-heading-h2 blockquote modern-quote  avia-builder-el-1  el_before_av_textblock  avia-builder-el-first  av-linked-heading'><h2 class='av-special-heading-tag '  itemprop=\"headline\"  >HENNING REMMENS ST\u00d8TTEFOND FOR GARDERE 2022<\/h2><div class=\"special-heading-border\"><div class=\"special-heading-inner-border\"><\/div><\/div><\/div><br \/>\n<section  class='av_textblock_section av-jsgdbfcn-cf8624013238de71a92668e1768e2f56 '   itemscope=\"itemscope\" itemtype=\"https:\/\/schema.org\/CreativeWork\" ><div class='avia_textblock'  itemprop=\"text\" ><p>\u201cHenning Remmens St\u00f8ttefond for Gardere\u201d handed out the honorary grants for 2022 at the Royal\u00a0Life Guard Barracks in Copenhagen.<\/p>\n<p>The Head of the Royal Life Guards Colonel Mads Rahbek, made a personal motivational speech to all 5 grant recipients, after which Mrs. Remmen, Chairman of the Remmen Foundation, congratulated and presented the grants to each recipient.<\/p>\n<p>A special donation was presented this year by the Remmen Foundation to the Chairman of the Friends of the Livgarden Historiske Samlings Venner, Georg Vind.<\/p>\n<p>The donation makes it possible to arrange a soccer match between the Danish Royal Life Guards and the Swedish Svea Life Guards at Rosenborg Square on 13 August 2022.<\/p>\n<p>The match will mark the 100th anniversary of the first soccer battle between the Livgarden and its Swedish sister regiment &#8211; believed to be one of the very first soccer battles between Denmark and Sweden.<\/p>\n<p>In addition, Master of Ceremonies, Chamberlain Lasse Harkj\u00e6r and Major S\u00f8ren P. \u00d8sterg\u00e5rd received a special grant for taking the initiative in 2021, to visit all the graves of fallen Royal Life Guards.<\/p>\n<p>The Remmen Foundation thanks all the Royal Life Guards for their great efforts and congratulates the grant recipients.<\/p>\n<\/div><\/section><br \/>\n\n<style type=\"text\/css\" data-created_by=\"avia_inline_auto\" id=\"style-css-av-rfdr50-f30abf3c6eb7d8a293a4e62ba5e88ffd\">\n#top .hr.hr-invisible.av-rfdr50-f30abf3c6eb7d8a293a4e62ba5e88ffd{\nheight:20px;\n}\n<\/style>\n<div  class='hr av-rfdr50-f30abf3c6eb7d8a293a4e62ba5e88ffd hr-invisible  avia-builder-el-3  el_after_av_textblock  el_before_av_button '><span class='hr-inner '><span class=\"hr-inner-style\"><\/span><\/span><\/div><br \/>\n<div  class='avia-button-wrap av-pj6ric-f3f320e47715bf45a2919b78f457f3e0-wrap avia-button-left  avia-builder-el-4  el_after_av_hr  avia-builder-el-last '>\n<style type=\"text\/css\" data-created_by=\"avia_inline_auto\" id=\"style-css-av-pj6ric-f3f320e47715bf45a2919b78f457f3e0\">\n#top #wrap_all .avia-button.av-pj6ric-f3f320e47715bf45a2919b78f457f3e0{\nbackground-color:#9eb8bc;\nborder-color:#9eb8bc;\ncolor:#ffffff;\ntransition:all 0.4s ease-in-out;\n}\n<\/style>\n<a href='https:\/\/www2.forsvaret.dk\/omos\/organisation\/haeren\/organisation\/den-kongelige-livgarde\/Pages\/Den-Kongelige-Livgarde.aspx' class='avia-button av-pj6ric-f3f320e47715bf45a2919b78f457f3e0 av-link-btn avia-icon_select-no avia-size-medium avia-position-left' target=\"_blank\" rel=\"noopener noreferrer\" aria-label=\"LINK TO THE ROYAL LIFE GUARDS\"><span class='avia_iconbox_title' >LINK TO THE ROYAL LIFE GUARDS<\/span><\/a><\/div><\/p><\/div>\n\n<style type=\"text\/css\" data-created_by=\"avia_inline_auto\" id=\"style-css-av-o1ir1g-633cf729b935fc7073f0b8d942429494\">\n.flex_column.av-o1ir1g-633cf729b935fc7073f0b8d942429494{\nborder-radius:0px 0px 0px 0px;\npadding:0px 0px 0px 0px;\n}\n<\/style>\n<div  class='flex_column av-o1ir1g-633cf729b935fc7073f0b8d942429494 av_three_fifth  avia-builder-el-5  el_after_av_two_fifth  el_before_av_hr  flex_column_div av-zero-column-padding  '     ><p>\n<style type=\"text\/css\" data-created_by=\"avia_inline_auto\" id=\"style-css-av-lsuikk-9b1711dfe7392bf0eff42bb7c7641223\">\n.avia-image-container.av-lsuikk-9b1711dfe7392bf0eff42bb7c7641223 img.avia_image{\nbox-shadow:none;\n}\n.avia-image-container.av-lsuikk-9b1711dfe7392bf0eff42bb7c7641223 .av-image-caption-overlay-center{\ncolor:#ffffff;\n}\n<\/style>\n<div  class='avia-image-container av-lsuikk-9b1711dfe7392bf0eff42bb7c7641223 av-styling- avia-align-left  avia-builder-el-6  el_before_av_textblock  avia-builder-el-first '   itemprop=\"image\" itemscope=\"itemscope\" itemtype=\"https:\/\/schema.org\/ImageObject\" ><div class=\"avia-image-container-inner\"><div class=\"avia-image-overlay-wrap\"><img decoding=\"async\" fetchpriority=\"high\" class='wp-image-3169 avia-img-lazy-loading-not-3169 avia_image ' src=\"http:\/\/www.remmenfoundation.org\/wp-content\/uploads\/2022\/02\/Donation_2022-1.jpg\" alt='' title='Donation_2022'  height=\"1388\" width=\"1641\"  itemprop=\"thumbnailUrl\" srcset=\"http:\/\/www.remmenfoundation.org\/wp-content\/uploads\/2022\/02\/Donation_2022-1.jpg 1641w, http:\/\/www.remmenfoundation.org\/wp-content\/uploads\/2022\/02\/Donation_2022-1-300x254.jpg 300w, http:\/\/www.remmenfoundation.org\/wp-content\/uploads\/2022\/02\/Donation_2022-1-1030x871.jpg 1030w, http:\/\/www.remmenfoundation.org\/wp-content\/uploads\/2022\/02\/Donation_2022-1-768x650.jpg 768w, http:\/\/www.remmenfoundation.org\/wp-content\/uploads\/2022\/02\/Donation_2022-1-709x600.jpg 709w, http:\/\/www.remmenfoundation.org\/wp-content\/uploads\/2022\/02\/Donation_2022-1-1536x1299.jpg 1536w, http:\/\/www.remmenfoundation.org\/wp-content\/uploads\/2022\/02\/Donation_2022-1-1500x1269.jpg 1500w, http:\/\/www.remmenfoundation.org\/wp-content\/uploads\/2022\/02\/Donation_2022-1-705x596.jpg 705w\" sizes=\"(max-width: 1641px) 100vw, 1641px\" \/><\/div><\/div><\/div><br \/>\n<section  class='av_textblock_section av-jsgdbyen-554cdee65a287f567ffb854edb105398 '   itemscope=\"itemscope\" itemtype=\"https:\/\/schema.org\/CreativeWork\" ><div class='avia_textblock'  itemprop=\"text\" ><p><small>Chairman of the Remmen Foundation, Mrs. Remmen\u00a0 together with her son, Lars Svensson, and all the persons present, who received the honorary grant 2022. Colonel Mads Rahbek (below) Photo: Daniel Clemmesen, The Royal Life Guards<em>.<\/em><\/small><\/p>\n<\/div><\/section><br \/>\n\n<style type=\"text\/css\" data-created_by=\"avia_inline_auto\" id=\"style-css-av-kl3sr8-cfcf62712e0b84546741ddeaf2790536\">\n.avia-image-container.av-kl3sr8-cfcf62712e0b84546741ddeaf2790536 img.avia_image{\nbox-shadow:none;\n}\n.avia-image-container.av-kl3sr8-cfcf62712e0b84546741ddeaf2790536 .av-image-caption-overlay-center{\ncolor:#ffffff;\n}\n<\/style>\n<div  class='avia-image-container av-kl3sr8-cfcf62712e0b84546741ddeaf2790536 av-styling- avia-align-left  avia-builder-el-8  el_after_av_textblock  avia-builder-el-last '   itemprop=\"image\" itemscope=\"itemscope\" itemtype=\"https:\/\/schema.org\/ImageObject\" ><div class=\"avia-image-container-inner\"><div class=\"avia-image-overlay-wrap\"><img decoding=\"async\" fetchpriority=\"high\" class='wp-image-3155 avia-img-lazy-loading-not-3155 avia_image ' src=\"http:\/\/www.remmenfoundation.org\/wp-content\/uploads\/2022\/02\/donation_2022-2.jpg\" alt='' title='donation_2022-2'  height=\"2048\" width=\"1365\"  itemprop=\"thumbnailUrl\" srcset=\"http:\/\/www.remmenfoundation.org\/wp-content\/uploads\/2022\/02\/donation_2022-2.jpg 1365w, http:\/\/www.remmenfoundation.org\/wp-content\/uploads\/2022\/02\/donation_2022-2-200x300.jpg 200w, http:\/\/www.remmenfoundation.org\/wp-content\/uploads\/2022\/02\/donation_2022-2-686x1030.jpg 686w, http:\/\/www.remmenfoundation.org\/wp-content\/uploads\/2022\/02\/donation_2022-2-768x1152.jpg 768w, http:\/\/www.remmenfoundation.org\/wp-content\/uploads\/2022\/02\/donation_2022-2-400x600.jpg 400w, http:\/\/www.remmenfoundation.org\/wp-content\/uploads\/2022\/02\/donation_2022-2-1024x1536.jpg 1024w, http:\/\/www.remmenfoundation.org\/wp-content\/uploads\/2022\/02\/donation_2022-2-1000x1500.jpg 1000w, http:\/\/www.remmenfoundation.org\/wp-content\/uploads\/2022\/02\/donation_2022-2-470x705.jpg 470w\" sizes=\"(max-width: 1365px) 100vw, 1365px\" \/><\/div><\/div><\/div><\/p><\/div><div  class='hr av-34vumm-e5f0d8904b4df690e65c87c1b293f97a hr-default  avia-builder-el-9  el_after_av_three_fifth  el_before_av_heading '><span class='hr-inner '><span class=\"hr-inner-style\"><\/span><\/span><\/div><\/p>\n\n<style type=\"text\/css\" data-created_by=\"avia_inline_auto\" id=\"style-css-av-kpblal4t-2d7a4d224aca23b505cc5cca7d848694\">\n#top .av-special-heading.av-kpblal4t-2d7a4d224aca23b505cc5cca7d848694{\npadding-bottom:10px;\n}\nbody .av-special-heading.av-kpblal4t-2d7a4d224aca23b505cc5cca7d848694 .av-special-heading-tag .heading-char{\nfont-size:25px;\n}\n.av-special-heading.av-kpblal4t-2d7a4d224aca23b505cc5cca7d848694 .av-subheading{\nfont-size:15px;\n}\n<\/style>\n<div  class='av-special-heading av-kpblal4t-2d7a4d224aca23b505cc5cca7d848694 av-special-heading-h3 blockquote modern-quote modern-centered  avia-builder-el-10  el_after_av_hr  el_before_av_gallery '><h3 class='av-special-heading-tag '  itemprop=\"headline\"  >Pictures from the ceremony 2022<\/h3><div class='av-subheading av-subheading_below'><p>Click on one of the pictures in order to open the picture gallery<\/p>\n<\/div><div class=\"special-heading-border\"><div class=\"special-heading-inner-border\"><\/div><\/div><\/div>\n\n<style type=\"text\/css\" data-created_by=\"avia_inline_auto\" id=\"style-css-av-kpblh8ad-316a23039f6a38e53c73015565b46dc2\">\n#top .avia-gallery.av-kpblh8ad-316a23039f6a38e53c73015565b46dc2 .avia-gallery-thumb a{\nwidth:20%;\n}\n<\/style>\n<div  class='avia-gallery av-kpblh8ad-316a23039f6a38e53c73015565b46dc2 avia_animate_when_visible  avia-builder-el-11  el_after_av_heading  el_before_av_hr  avia_lazyload avia-gallery-animate avia-gallery-1'  itemprop=\"image\" itemscope=\"itemscope\" itemtype=\"https:\/\/schema.org\/ImageObject\" ><meta itemprop=\"contentURL\" content=\"http:\/\/www.remmenfoundation.org\/en\/donation\/henning-remmens-stoettefond-gardere-2018-2-2-2-2\/\"><div class='avia-gallery-thumb'><a href=\"http:\/\/www.remmenfoundation.org\/wp-content\/uploads\/2022\/02\/Donation_2022-1030x871.jpg\" data-srcset=\"http:\/\/www.remmenfoundation.org\/wp-content\/uploads\/2022\/02\/Donation_2022-1030x871.jpg 1030w, http:\/\/www.remmenfoundation.org\/wp-content\/uploads\/2022\/02\/Donation_2022-300x254.jpg 300w, http:\/\/www.remmenfoundation.org\/wp-content\/uploads\/2022\/02\/Donation_2022-768x650.jpg 768w, http:\/\/www.remmenfoundation.org\/wp-content\/uploads\/2022\/02\/Donation_2022-709x600.jpg 709w, http:\/\/www.remmenfoundation.org\/wp-content\/uploads\/2022\/02\/Donation_2022-1536x1299.jpg 1536w, http:\/\/www.remmenfoundation.org\/wp-content\/uploads\/2022\/02\/Donation_2022-1500x1269.jpg 1500w, http:\/\/www.remmenfoundation.org\/wp-content\/uploads\/2022\/02\/Donation_2022-705x596.jpg 705w, http:\/\/www.remmenfoundation.org\/wp-content\/uploads\/2022\/02\/Donation_2022.jpg 1641w\" data-sizes=\"(max-width: 1030px) 100vw, 1030px\" data-rel='gallery-1' data-prev-img='http:\/\/www.remmenfoundation.org\/wp-content\/uploads\/2022\/02\/Donation_2022-495x400.jpg' class='first_thumb lightbox ' data-onclick='1' title='Mrs. Remmen with her son, Lars Svensson, and all the grant recipients present'  itemprop=\"thumbnailUrl\"  ><img decoding=\"async\" fetchpriority=\"high\" class=\"wp-image-3153 avia-img-lazy-loading-not-3153\"  data-avia-tooltip='Mrs. Remmen with her son, Lars Svensson, and all the grant recipients present' src=\"http:\/\/www.remmenfoundation.org\/wp-content\/uploads\/2022\/02\/Donation_2022-495x400.jpg\" width=\"495\" height=\"400\"  title='Donation_2022' alt='' srcset=\"http:\/\/www.remmenfoundation.org\/wp-content\/uploads\/2022\/02\/Donation_2022-495x400.jpg 495w, http:\/\/www.remmenfoundation.org\/wp-content\/uploads\/2022\/02\/Donation_2022-845x684.jpg 845w\" sizes=\"(max-width: 495px) 100vw, 495px\" \/><div class='big-prev-fake'><img decoding=\"async\" loading=\"lazy\" class=\"wp-image-3153 avia-img-lazy-loading-3153\"  width=\"495\" height=\"400\" src=\"http:\/\/www.remmenfoundation.org\/wp-content\/uploads\/2022\/02\/Donation_2022-495x400.jpg\" title='Donation_2022' alt='' srcset=\"http:\/\/www.remmenfoundation.org\/wp-content\/uploads\/2022\/02\/Donation_2022-495x400.jpg 495w, http:\/\/www.remmenfoundation.org\/wp-content\/uploads\/2022\/02\/Donation_2022-845x684.jpg 845w\" sizes=\"auto, (max-width: 495px) 100vw, 495px\" \/><\/div><\/a><a href=\"http:\/\/www.remmenfoundation.org\/wp-content\/uploads\/2022\/02\/donation_2022-2-686x1030.jpg\" data-srcset=\"http:\/\/www.remmenfoundation.org\/wp-content\/uploads\/2022\/02\/donation_2022-2-686x1030.jpg 686w, http:\/\/www.remmenfoundation.org\/wp-content\/uploads\/2022\/02\/donation_2022-2-200x300.jpg 200w, http:\/\/www.remmenfoundation.org\/wp-content\/uploads\/2022\/02\/donation_2022-2-768x1152.jpg 768w, http:\/\/www.remmenfoundation.org\/wp-content\/uploads\/2022\/02\/donation_2022-2-400x600.jpg 400w, http:\/\/www.remmenfoundation.org\/wp-content\/uploads\/2022\/02\/donation_2022-2-1024x1536.jpg 1024w, http:\/\/www.remmenfoundation.org\/wp-content\/uploads\/2022\/02\/donation_2022-2-1000x1500.jpg 1000w, http:\/\/www.remmenfoundation.org\/wp-content\/uploads\/2022\/02\/donation_2022-2-470x705.jpg 470w, http:\/\/www.remmenfoundation.org\/wp-content\/uploads\/2022\/02\/donation_2022-2.jpg 1365w\" data-sizes=\"(max-width: 686px) 100vw, 686px\" data-rel='gallery-1' data-prev-img='http:\/\/www.remmenfoundation.org\/wp-content\/uploads\/2022\/02\/donation_2022-2-495x400.jpg' class='lightbox ' data-onclick='2' title='Colonel Mads Rahbek making a personal speech to each grant recipient'  itemprop=\"thumbnailUrl\"  ><img decoding=\"async\" fetchpriority=\"high\" class=\"wp-image-3155 avia-img-lazy-loading-not-3155\"  data-avia-tooltip='Colonel Mads Rahbek making a personal speech to each grant recipient' src=\"http:\/\/www.remmenfoundation.org\/wp-content\/uploads\/2022\/02\/donation_2022-2-495x400.jpg\" width=\"495\" height=\"400\"  title='donation_2022-2' alt='' srcset=\"http:\/\/www.remmenfoundation.org\/wp-content\/uploads\/2022\/02\/donation_2022-2-495x400.jpg 495w, http:\/\/www.remmenfoundation.org\/wp-content\/uploads\/2022\/02\/donation_2022-2-845x684.jpg 845w\" sizes=\"(max-width: 495px) 100vw, 495px\" \/><div class='big-prev-fake'><img decoding=\"async\" loading=\"lazy\" class=\"wp-image-3155 avia-img-lazy-loading-3155\"  width=\"495\" height=\"400\" src=\"http:\/\/www.remmenfoundation.org\/wp-content\/uploads\/2022\/02\/donation_2022-2-495x400.jpg\" title='donation_2022-2' alt='' srcset=\"http:\/\/www.remmenfoundation.org\/wp-content\/uploads\/2022\/02\/donation_2022-2-495x400.jpg 495w, http:\/\/www.remmenfoundation.org\/wp-content\/uploads\/2022\/02\/donation_2022-2-845x684.jpg 845w\" sizes=\"auto, (max-width: 495px) 100vw, 495px\" \/><\/div><\/a><a href=\"http:\/\/www.remmenfoundation.org\/wp-content\/uploads\/2022\/02\/donation_2022-3-1030x882.jpg\" data-srcset=\"http:\/\/www.remmenfoundation.org\/wp-content\/uploads\/2022\/02\/donation_2022-3-1030x882.jpg 1030w, http:\/\/www.remmenfoundation.org\/wp-content\/uploads\/2022\/02\/donation_2022-3-300x257.jpg 300w, http:\/\/www.remmenfoundation.org\/wp-content\/uploads\/2022\/02\/donation_2022-3-768x658.jpg 768w, http:\/\/www.remmenfoundation.org\/wp-content\/uploads\/2022\/02\/donation_2022-3-700x600.jpg 700w, http:\/\/www.remmenfoundation.org\/wp-content\/uploads\/2022\/02\/donation_2022-3-1536x1316.jpg 1536w, http:\/\/www.remmenfoundation.org\/wp-content\/uploads\/2022\/02\/donation_2022-3-1500x1285.jpg 1500w, http:\/\/www.remmenfoundation.org\/wp-content\/uploads\/2022\/02\/donation_2022-3-705x604.jpg 705w, http:\/\/www.remmenfoundation.org\/wp-content\/uploads\/2022\/02\/donation_2022-3.jpg 1883w\" data-sizes=\"(max-width: 1030px) 100vw, 1030px\" data-rel='gallery-1' data-prev-img='http:\/\/www.remmenfoundation.org\/wp-content\/uploads\/2022\/02\/donation_2022-3-495x400.jpg' class='lightbox ' data-onclick='3' title='Colonel Lasse Harkj\u00e6r and major S\u00f8ren P. \u00d8sterg\u00e5rd &#8211; receiving their grants'  itemprop=\"thumbnailUrl\"  ><img decoding=\"async\" fetchpriority=\"high\" class=\"wp-image-3157 avia-img-lazy-loading-not-3157\"  data-avia-tooltip='Colonel Lasse Harkj\u00e6r and major S\u00f8ren P. \u00d8sterg\u00e5rd &#8211; receiving their grants' src=\"http:\/\/www.remmenfoundation.org\/wp-content\/uploads\/2022\/02\/donation_2022-3-495x400.jpg\" width=\"495\" height=\"400\"  title='donation_2022-3' alt='' srcset=\"http:\/\/www.remmenfoundation.org\/wp-content\/uploads\/2022\/02\/donation_2022-3-495x400.jpg 495w, http:\/\/www.remmenfoundation.org\/wp-content\/uploads\/2022\/02\/donation_2022-3-845x684.jpg 845w\" sizes=\"(max-width: 495px) 100vw, 495px\" \/><div class='big-prev-fake'><img decoding=\"async\" loading=\"lazy\" class=\"wp-image-3157 avia-img-lazy-loading-3157\"  width=\"495\" height=\"400\" src=\"http:\/\/www.remmenfoundation.org\/wp-content\/uploads\/2022\/02\/donation_2022-3-495x400.jpg\" title='donation_2022-3' alt='' srcset=\"http:\/\/www.remmenfoundation.org\/wp-content\/uploads\/2022\/02\/donation_2022-3-495x400.jpg 495w, http:\/\/www.remmenfoundation.org\/wp-content\/uploads\/2022\/02\/donation_2022-3-845x684.jpg 845w\" sizes=\"auto, (max-width: 495px) 100vw, 495px\" \/><\/div><\/a><a href=\"http:\/\/www.remmenfoundation.org\/wp-content\/uploads\/2022\/02\/donation_2022-8jpg-1030x687.jpg\" data-srcset=\"http:\/\/www.remmenfoundation.org\/wp-content\/uploads\/2022\/02\/donation_2022-8jpg-1030x687.jpg 1030w, http:\/\/www.remmenfoundation.org\/wp-content\/uploads\/2022\/02\/donation_2022-8jpg-300x200.jpg 300w, http:\/\/www.remmenfoundation.org\/wp-content\/uploads\/2022\/02\/donation_2022-8jpg-768x512.jpg 768w, http:\/\/www.remmenfoundation.org\/wp-content\/uploads\/2022\/02\/donation_2022-8jpg-800x534.jpg 800w, http:\/\/www.remmenfoundation.org\/wp-content\/uploads\/2022\/02\/donation_2022-8jpg-1536x1025.jpg 1536w, http:\/\/www.remmenfoundation.org\/wp-content\/uploads\/2022\/02\/donation_2022-8jpg-1500x1001.jpg 1500w, http:\/\/www.remmenfoundation.org\/wp-content\/uploads\/2022\/02\/donation_2022-8jpg-705x470.jpg 705w, http:\/\/www.remmenfoundation.org\/wp-content\/uploads\/2022\/02\/donation_2022-8jpg.jpg 1671w\" data-sizes=\"(max-width: 1030px) 100vw, 1030px\" data-rel='gallery-1' data-prev-img='http:\/\/www.remmenfoundation.org\/wp-content\/uploads\/2022\/02\/donation_2022-8jpg-495x400.jpg' class='lightbox ' data-onclick='4' title='Mrs. Remmen congratulates each person receiving the grant'  itemprop=\"thumbnailUrl\"  ><img decoding=\"async\" fetchpriority=\"high\" class=\"wp-image-3174 avia-img-lazy-loading-not-3174\"  data-avia-tooltip='Mrs. Remmen congratulates each person receiving the grant' src=\"http:\/\/www.remmenfoundation.org\/wp-content\/uploads\/2022\/02\/donation_2022-8jpg-495x400.jpg\" width=\"495\" height=\"400\"  title='donation_2022-8jpg' alt='' srcset=\"http:\/\/www.remmenfoundation.org\/wp-content\/uploads\/2022\/02\/donation_2022-8jpg-495x400.jpg 495w, http:\/\/www.remmenfoundation.org\/wp-content\/uploads\/2022\/02\/donation_2022-8jpg-845x684.jpg 845w\" sizes=\"(max-width: 495px) 100vw, 495px\" \/><div class='big-prev-fake'><img decoding=\"async\" loading=\"lazy\" class=\"wp-image-3174 avia-img-lazy-loading-3174\"  width=\"495\" height=\"400\" src=\"http:\/\/www.remmenfoundation.org\/wp-content\/uploads\/2022\/02\/donation_2022-8jpg-495x400.jpg\" title='donation_2022-8jpg' alt='' srcset=\"http:\/\/www.remmenfoundation.org\/wp-content\/uploads\/2022\/02\/donation_2022-8jpg-495x400.jpg 495w, http:\/\/www.remmenfoundation.org\/wp-content\/uploads\/2022\/02\/donation_2022-8jpg-845x684.jpg 845w\" sizes=\"auto, (max-width: 495px) 100vw, 495px\" \/><\/div><\/a><a href=\"http:\/\/www.remmenfoundation.org\/wp-content\/uploads\/2022\/02\/donation_2022-5-1030x581.jpg\" data-srcset=\"http:\/\/www.remmenfoundation.org\/wp-content\/uploads\/2022\/02\/donation_2022-5-1030x581.jpg 1030w, http:\/\/www.remmenfoundation.org\/wp-content\/uploads\/2022\/02\/donation_2022-5-300x169.jpg 300w, http:\/\/www.remmenfoundation.org\/wp-content\/uploads\/2022\/02\/donation_2022-5-768x433.jpg 768w, http:\/\/www.remmenfoundation.org\/wp-content\/uploads\/2022\/02\/donation_2022-5-800x451.jpg 800w, http:\/\/www.remmenfoundation.org\/wp-content\/uploads\/2022\/02\/donation_2022-5-1536x866.jpg 1536w, http:\/\/www.remmenfoundation.org\/wp-content\/uploads\/2022\/02\/donation_2022-5-1500x846.jpg 1500w, http:\/\/www.remmenfoundation.org\/wp-content\/uploads\/2022\/02\/donation_2022-5-705x397.jpg 705w, http:\/\/www.remmenfoundation.org\/wp-content\/uploads\/2022\/02\/donation_2022-5.jpg 1802w\" data-sizes=\"(max-width: 1030px) 100vw, 1030px\" data-rel='gallery-1' data-prev-img='http:\/\/www.remmenfoundation.org\/wp-content\/uploads\/2022\/02\/donation_2022-5-495x400.jpg' class='lightbox ' data-onclick='5' title='Mrs. Remmen congratulates each person receiving the grant'  itemprop=\"thumbnailUrl\"  ><img decoding=\"async\" fetchpriority=\"high\" class=\"wp-image-3161 avia-img-lazy-loading-not-3161\"  data-avia-tooltip='Mrs. Remmen congratulates each person receiving the grant' src=\"http:\/\/www.remmenfoundation.org\/wp-content\/uploads\/2022\/02\/donation_2022-5-495x400.jpg\" width=\"495\" height=\"400\"  title='donation_2022-5' alt='' srcset=\"http:\/\/www.remmenfoundation.org\/wp-content\/uploads\/2022\/02\/donation_2022-5-495x400.jpg 495w, http:\/\/www.remmenfoundation.org\/wp-content\/uploads\/2022\/02\/donation_2022-5-845x684.jpg 845w\" sizes=\"(max-width: 495px) 100vw, 495px\" \/><div class='big-prev-fake'><img decoding=\"async\" loading=\"lazy\" class=\"wp-image-3161 avia-img-lazy-loading-3161\"  width=\"495\" height=\"400\" src=\"http:\/\/www.remmenfoundation.org\/wp-content\/uploads\/2022\/02\/donation_2022-5-495x400.jpg\" title='donation_2022-5' alt='' srcset=\"http:\/\/www.remmenfoundation.org\/wp-content\/uploads\/2022\/02\/donation_2022-5-495x400.jpg 495w, http:\/\/www.remmenfoundation.org\/wp-content\/uploads\/2022\/02\/donation_2022-5-845x684.jpg 845w\" sizes=\"auto, (max-width: 495px) 100vw, 495px\" \/><\/div><\/a><a href=\"http:\/\/www.remmenfoundation.org\/wp-content\/uploads\/2022\/02\/donation_2022-6-1030x731.jpg\" data-srcset=\"http:\/\/www.remmenfoundation.org\/wp-content\/uploads\/2022\/02\/donation_2022-6-1030x731.jpg 1030w, http:\/\/www.remmenfoundation.org\/wp-content\/uploads\/2022\/02\/donation_2022-6-300x213.jpg 300w, http:\/\/www.remmenfoundation.org\/wp-content\/uploads\/2022\/02\/donation_2022-6-768x545.jpg 768w, http:\/\/www.remmenfoundation.org\/wp-content\/uploads\/2022\/02\/donation_2022-6-800x568.jpg 800w, http:\/\/www.remmenfoundation.org\/wp-content\/uploads\/2022\/02\/donation_2022-6-1536x1090.jpg 1536w, http:\/\/www.remmenfoundation.org\/wp-content\/uploads\/2022\/02\/donation_2022-6-1500x1064.jpg 1500w, http:\/\/www.remmenfoundation.org\/wp-content\/uploads\/2022\/02\/donation_2022-6-260x185.jpg 260w, http:\/\/www.remmenfoundation.org\/wp-content\/uploads\/2022\/02\/donation_2022-6-705x500.jpg 705w, http:\/\/www.remmenfoundation.org\/wp-content\/uploads\/2022\/02\/donation_2022-6.jpg 1583w\" data-sizes=\"(max-width: 1030px) 100vw, 1030px\" data-rel='gallery-1' data-prev-img='http:\/\/www.remmenfoundation.org\/wp-content\/uploads\/2022\/02\/donation_2022-6-495x400.jpg' class='first_thumb lightbox ' data-onclick='6' title='Mrs. Remmen congratulates each person receiving the grant'  itemprop=\"thumbnailUrl\"  ><img decoding=\"async\" fetchpriority=\"high\" class=\"wp-image-3163 avia-img-lazy-loading-not-3163\"  data-avia-tooltip='Mrs. Remmen congratulates each person receiving the grant' src=\"http:\/\/www.remmenfoundation.org\/wp-content\/uploads\/2022\/02\/donation_2022-6-495x400.jpg\" width=\"495\" height=\"400\"  title='donation_2022-6' alt='' srcset=\"http:\/\/www.remmenfoundation.org\/wp-content\/uploads\/2022\/02\/donation_2022-6-495x400.jpg 495w, http:\/\/www.remmenfoundation.org\/wp-content\/uploads\/2022\/02\/donation_2022-6-845x684.jpg 845w\" sizes=\"(max-width: 495px) 100vw, 495px\" \/><div class='big-prev-fake'><img decoding=\"async\" loading=\"lazy\" class=\"wp-image-3163 avia-img-lazy-loading-3163\"  width=\"495\" height=\"400\" src=\"http:\/\/www.remmenfoundation.org\/wp-content\/uploads\/2022\/02\/donation_2022-6-495x400.jpg\" title='donation_2022-6' alt='' srcset=\"http:\/\/www.remmenfoundation.org\/wp-content\/uploads\/2022\/02\/donation_2022-6-495x400.jpg 495w, http:\/\/www.remmenfoundation.org\/wp-content\/uploads\/2022\/02\/donation_2022-6-845x684.jpg 845w\" sizes=\"auto, (max-width: 495px) 100vw, 495px\" \/><\/div><\/a><a href=\"http:\/\/www.remmenfoundation.org\/wp-content\/uploads\/2022\/02\/donation_2022-4-565x1030.jpg\" data-srcset=\"http:\/\/www.remmenfoundation.org\/wp-content\/uploads\/2022\/02\/donation_2022-4-565x1030.jpg 565w, http:\/\/www.remmenfoundation.org\/wp-content\/uploads\/2022\/02\/donation_2022-4-164x300.jpg 164w, http:\/\/www.remmenfoundation.org\/wp-content\/uploads\/2022\/02\/donation_2022-4-768x1401.jpg 768w, http:\/\/www.remmenfoundation.org\/wp-content\/uploads\/2022\/02\/donation_2022-4-329x600.jpg 329w, http:\/\/www.remmenfoundation.org\/wp-content\/uploads\/2022\/02\/donation_2022-4-842x1536.jpg 842w, http:\/\/www.remmenfoundation.org\/wp-content\/uploads\/2022\/02\/donation_2022-4-822x1500.jpg 822w, http:\/\/www.remmenfoundation.org\/wp-content\/uploads\/2022\/02\/donation_2022-4-387x705.jpg 387w, http:\/\/www.remmenfoundation.org\/wp-content\/uploads\/2022\/02\/donation_2022-4.jpg 1005w\" data-sizes=\"(max-width: 565px) 100vw, 565px\" data-rel='gallery-1' data-prev-img='http:\/\/www.remmenfoundation.org\/wp-content\/uploads\/2022\/02\/donation_2022-4-495x400.jpg' class='lightbox ' data-onclick='7' title='Mrs. Remmen congratulating all the Royal Guards'  itemprop=\"thumbnailUrl\"  ><img decoding=\"async\" fetchpriority=\"high\" class=\"wp-image-3159 avia-img-lazy-loading-not-3159\"  data-avia-tooltip='Mrs. Remmen congratulating all the Royal Guards' src=\"http:\/\/www.remmenfoundation.org\/wp-content\/uploads\/2022\/02\/donation_2022-4-495x400.jpg\" width=\"495\" height=\"400\"  title='donation_2022-4' alt='' srcset=\"http:\/\/www.remmenfoundation.org\/wp-content\/uploads\/2022\/02\/donation_2022-4-495x400.jpg 495w, http:\/\/www.remmenfoundation.org\/wp-content\/uploads\/2022\/02\/donation_2022-4-845x684.jpg 845w\" sizes=\"(max-width: 495px) 100vw, 495px\" \/><div class='big-prev-fake'><img decoding=\"async\" loading=\"lazy\" class=\"wp-image-3159 avia-img-lazy-loading-3159\"  width=\"495\" height=\"400\" src=\"http:\/\/www.remmenfoundation.org\/wp-content\/uploads\/2022\/02\/donation_2022-4-495x400.jpg\" title='donation_2022-4' alt='' srcset=\"http:\/\/www.remmenfoundation.org\/wp-content\/uploads\/2022\/02\/donation_2022-4-495x400.jpg 495w, http:\/\/www.remmenfoundation.org\/wp-content\/uploads\/2022\/02\/donation_2022-4-845x684.jpg 845w\" sizes=\"auto, (max-width: 495px) 100vw, 495px\" \/><\/div><\/a><a href=\"http:\/\/www.remmenfoundation.org\/wp-content\/uploads\/2022\/02\/donation_2022-7jpg-1-868x1030.jpg\" data-srcset=\"http:\/\/www.remmenfoundation.org\/wp-content\/uploads\/2022\/02\/donation_2022-7jpg-1-868x1030.jpg 868w, http:\/\/www.remmenfoundation.org\/wp-content\/uploads\/2022\/02\/donation_2022-7jpg-1-253x300.jpg 253w, http:\/\/www.remmenfoundation.org\/wp-content\/uploads\/2022\/02\/donation_2022-7jpg-1-768x912.jpg 768w, http:\/\/www.remmenfoundation.org\/wp-content\/uploads\/2022\/02\/donation_2022-7jpg-1-505x600.jpg 505w, http:\/\/www.remmenfoundation.org\/wp-content\/uploads\/2022\/02\/donation_2022-7jpg-1-1294x1536.jpg 1294w, http:\/\/www.remmenfoundation.org\/wp-content\/uploads\/2022\/02\/donation_2022-7jpg-1-1264x1500.jpg 1264w, http:\/\/www.remmenfoundation.org\/wp-content\/uploads\/2022\/02\/donation_2022-7jpg-1-594x705.jpg 594w, http:\/\/www.remmenfoundation.org\/wp-content\/uploads\/2022\/02\/donation_2022-7jpg-1.jpg 1523w\" data-sizes=\"(max-width: 868px) 100vw, 868px\" data-rel='gallery-1' data-prev-img='http:\/\/www.remmenfoundation.org\/wp-content\/uploads\/2022\/02\/donation_2022-7jpg-1-495x400.jpg' class='lightbox ' data-onclick='8' title='Lars Svensson, son of Mrs. Remmen, handing over the donation for the soccer event '  itemprop=\"thumbnailUrl\"  ><img decoding=\"async\" fetchpriority=\"high\" class=\"wp-image-3176 avia-img-lazy-loading-not-3176\"  data-avia-tooltip='Lars Svensson, son of Mrs. Remmen, handing over the donation for the soccer event ' src=\"http:\/\/www.remmenfoundation.org\/wp-content\/uploads\/2022\/02\/donation_2022-7jpg-1-495x400.jpg\" width=\"495\" height=\"400\"  title='donation_2022-7jpg' alt='' srcset=\"http:\/\/www.remmenfoundation.org\/wp-content\/uploads\/2022\/02\/donation_2022-7jpg-1-495x400.jpg 495w, http:\/\/www.remmenfoundation.org\/wp-content\/uploads\/2022\/02\/donation_2022-7jpg-1-845x684.jpg 845w\" sizes=\"(max-width: 495px) 100vw, 495px\" \/><div class='big-prev-fake'><img decoding=\"async\" loading=\"lazy\" class=\"wp-image-3176 avia-img-lazy-loading-3176\"  width=\"495\" height=\"400\" src=\"http:\/\/www.remmenfoundation.org\/wp-content\/uploads\/2022\/02\/donation_2022-7jpg-1-495x400.jpg\" title='donation_2022-7jpg' alt='' srcset=\"http:\/\/www.remmenfoundation.org\/wp-content\/uploads\/2022\/02\/donation_2022-7jpg-1-495x400.jpg 495w, http:\/\/www.remmenfoundation.org\/wp-content\/uploads\/2022\/02\/donation_2022-7jpg-1-845x684.jpg 845w\" sizes=\"auto, (max-width: 495px) 100vw, 495px\" \/><\/div><\/a><\/div><\/div>\n\n<style type=\"text\/css\" data-created_by=\"avia_inline_auto\" id=\"style-css-av-hqwj1w-9dcbd1d2f8b5c4817c1c9cce666fa38b\">\n#top .hr.av-hqwj1w-9dcbd1d2f8b5c4817c1c9cce666fa38b{\nmargin-top:30px;\nmargin-bottom:20px;\n}\n.hr.av-hqwj1w-9dcbd1d2f8b5c4817c1c9cce666fa38b .hr-inner{\nwidth:2000;\nborder-color:#444444;\n}\n<\/style>\n<div  class='hr av-hqwj1w-9dcbd1d2f8b5c4817c1c9cce666fa38b hr-custom  avia-builder-el-12  el_after_av_gallery  el_before_av_one_third  hr-center hr-icon-no'><span class='hr-inner inner-border-av-border-thin'><span class=\"hr-inner-style\"><\/span><\/span><\/div>\n\n<style type=\"text\/css\" data-created_by=\"avia_inline_auto\" id=\"style-css-av-fmdgyc-c7075598e1f74dc1cea87915f82e9640\">\n.flex_column.av-fmdgyc-c7075598e1f74dc1cea87915f82e9640{\nborder-radius:0px 0px 0px 0px;\npadding:0px 0px 0px 0px;\n}\n<\/style>\n<div  class='flex_column av-fmdgyc-c7075598e1f74dc1cea87915f82e9640 av_one_third  avia-builder-el-13  el_after_av_hr  el_before_av_one_third  first flex_column_div av-zero-column-padding  '     ><p>\n<style type=\"text\/css\" data-created_by=\"avia_inline_auto\" id=\"style-css-av-efoovo-50f979ca838965d11ce5d71e53d5fb6d\">\n#top .av-special-heading.av-efoovo-50f979ca838965d11ce5d71e53d5fb6d{\npadding-bottom:10px;\n}\nbody .av-special-heading.av-efoovo-50f979ca838965d11ce5d71e53d5fb6d .av-special-heading-tag .heading-char{\nfont-size:25px;\n}\n.av-special-heading.av-efoovo-50f979ca838965d11ce5d71e53d5fb6d .av-subheading{\nfont-size:13px;\n}\n<\/style>\n<div  class='av-special-heading av-efoovo-50f979ca838965d11ce5d71e53d5fb6d av-special-heading-h2 blockquote modern-quote modern-centered  avia-builder-el-14  el_before_av_button  avia-builder-el-first '><h2 class='av-special-heading-tag '  itemprop=\"headline\"  >THE REMMEN FOUNDATION<\/h2><div class='av-subheading av-subheading_below'><p>The Remmen Foundation (Remmen&#8217;s Stiftung von 1986) was founded by Henning Remmen in 1986. Originally, the purpose of the Foundation was to operate a variety of commercial activities centered around hotels.<\/p>\n<\/div><div class=\"special-heading-border\"><div class=\"special-heading-inner-border\"><\/div><\/div><\/div><br \/>\n<div  class='avia-button-wrap av-d21510-47d32950cb9b8fa97c8eab2b48c03012-wrap avia-button-center  avia-builder-el-15  el_after_av_heading  avia-builder-el-last '>\n<style type=\"text\/css\" data-created_by=\"avia_inline_auto\" id=\"style-css-av-d21510-47d32950cb9b8fa97c8eab2b48c03012\">\n#top #wrap_all .avia-button.av-d21510-47d32950cb9b8fa97c8eab2b48c03012{\nbackground-color:#9eb8bc;\nborder-color:#9eb8bc;\ncolor:#ffffff;\ntransition:all 0.4s ease-in-out;\n}\n<\/style>\n<a href='http:\/\/www.remmenfoundation.org\/en\/about-the-remmen-foundation\/'  class='avia-button av-d21510-47d32950cb9b8fa97c8eab2b48c03012 av-link-btn avia-icon_select-no avia-size-medium avia-position-center'   aria-label=\"READ MORE\"><span class='avia_iconbox_title' >READ MORE<\/span><\/a><\/div><\/p><\/div>\n\n<style type=\"text\/css\" data-created_by=\"avia_inline_auto\" id=\"style-css-av-amumx0-a511f9cb0da36229fd926f44294012ab\">\n.flex_column.av-amumx0-a511f9cb0da36229fd926f44294012ab{\nborder-radius:0px 0px 0px 0px;\npadding:0px 0px 0px 0px;\n}\n<\/style>\n<div  class='flex_column av-amumx0-a511f9cb0da36229fd926f44294012ab av_one_third  avia-builder-el-16  el_after_av_one_third  el_before_av_one_third  flex_column_div av-zero-column-padding  '     ><p>\n<style type=\"text\/css\" data-created_by=\"avia_inline_auto\" id=\"style-css-av-8v0jfo-99a67de3e9203a2e182b4a7f7fb51ec1\">\n#top .av-special-heading.av-8v0jfo-99a67de3e9203a2e182b4a7f7fb51ec1{\npadding-bottom:10px;\n}\nbody .av-special-heading.av-8v0jfo-99a67de3e9203a2e182b4a7f7fb51ec1 .av-special-heading-tag .heading-char{\nfont-size:25px;\n}\n.av-special-heading.av-8v0jfo-99a67de3e9203a2e182b4a7f7fb51ec1 .av-subheading{\nfont-size:13px;\n}\n<\/style>\n<div  class='av-special-heading av-8v0jfo-99a67de3e9203a2e182b4a7f7fb51ec1 av-special-heading-h2 blockquote modern-quote modern-centered  avia-builder-el-17  el_before_av_button  avia-builder-el-first '><h2 class='av-special-heading-tag '  itemprop=\"headline\"  >APPLY FOR A DONATION<\/h2><div class='av-subheading av-subheading_below'><p>The Remmen Foundation primarily supports projects in Denmark, or projects that benefit Danish people, whether they reside in Denmark or abroad.<\/p>\n<\/div><div class=\"special-heading-border\"><div class=\"special-heading-inner-border\"><\/div><\/div><\/div><br \/>\n<div  class='avia-button-wrap av-7774ac-4d86c43ca50e6a33572ff906d2f1fa10-wrap avia-button-center  avia-builder-el-18  el_after_av_heading  avia-builder-el-last '>\n<style type=\"text\/css\" data-created_by=\"avia_inline_auto\" id=\"style-css-av-7774ac-4d86c43ca50e6a33572ff906d2f1fa10\">\n#top #wrap_all .avia-button.av-7774ac-4d86c43ca50e6a33572ff906d2f1fa10{\nbackground-color:#9eb8bc;\nborder-color:#9eb8bc;\ncolor:#ffffff;\ntransition:all 0.4s ease-in-out;\n}\n<\/style>\n<a href='http:\/\/www.remmenfoundation.org\/en\/applications\/'  class='avia-button av-7774ac-4d86c43ca50e6a33572ff906d2f1fa10 av-link-btn avia-icon_select-no avia-size-medium avia-position-center'   aria-label=\"READ MORE\"><span class='avia_iconbox_title' >READ MORE<\/span><\/a><\/div><\/p><\/div>\n\n<style type=\"text\/css\" data-created_by=\"avia_inline_auto\" id=\"style-css-av-5nrg5g-caeeb53ca3ca4762a077bcdccda7369c\">\n.flex_column.av-5nrg5g-caeeb53ca3ca4762a077bcdccda7369c{\nborder-radius:0px 0px 0px 0px;\npadding:0px 0px 0px 0px;\n}\n<\/style>\n<div  class='flex_column av-5nrg5g-caeeb53ca3ca4762a077bcdccda7369c av_one_third  avia-builder-el-19  el_after_av_one_third  avia-builder-el-last  flex_column_div av-zero-column-padding  '     ><p>\n<style type=\"text\/css\" data-created_by=\"avia_inline_auto\" id=\"style-css-av-4f50d0-33ede4cbe0257a434beffac16bdfc469\">\n#top .av-special-heading.av-4f50d0-33ede4cbe0257a434beffac16bdfc469{\npadding-bottom:10px;\n}\nbody .av-special-heading.av-4f50d0-33ede4cbe0257a434beffac16bdfc469 .av-special-heading-tag .heading-char{\nfont-size:25px;\n}\n.av-special-heading.av-4f50d0-33ede4cbe0257a434beffac16bdfc469 .av-subheading{\nfont-size:13px;\n}\n<\/style>\n<div  class='av-special-heading av-4f50d0-33ede4cbe0257a434beffac16bdfc469 av-special-heading-h2 blockquote modern-quote modern-centered  avia-builder-el-20  el_before_av_button  avia-builder-el-first '><h2 class='av-special-heading-tag '  itemprop=\"headline\"  >ALL DONATIONS<\/h2><div class='av-subheading av-subheading_below'><p>Here you can see the list of all the donations The Remmen Foundation have provided. The donations are displayed in chronological sequence to create and ease the overview.<\/p>\n<\/div><div class=\"special-heading-border\"><div class=\"special-heading-inner-border\"><\/div><\/div><\/div><br \/>\n<div  class='avia-button-wrap av-2ffzp0-e6679da06031bd89ce1f1b1ca9464ccf-wrap avia-button-center  avia-builder-el-21  el_after_av_heading  avia-builder-el-last '>\n<style type=\"text\/css\" data-created_by=\"avia_inline_auto\" id=\"style-css-av-2ffzp0-e6679da06031bd89ce1f1b1ca9464ccf\">\n#top #wrap_all .avia-button.av-2ffzp0-e6679da06031bd89ce1f1b1ca9464ccf{\nbackground-color:#9eb8bc;\nborder-color:#9eb8bc;\ncolor:#ffffff;\ntransition:all 0.4s ease-in-out;\n}\n<\/style>\n<a href='http:\/\/www.remmenfoundation.org\/en\/donations\/all-donations\/'  class='avia-button av-2ffzp0-e6679da06031bd89ce1f1b1ca9464ccf av-link-btn avia-icon_select-no avia-size-medium avia-position-center'   aria-label=\"READ MORE\"><span class='avia_iconbox_title' >READ MORE<\/span><\/a><\/div><\/p><\/div>\n","protected":false},"excerpt":{"rendered":"","protected":false},"author":3,"featured_media":3169,"template":"","meta":{"footnotes":""},"tags":[],"portfolio_entries":[57],"class_list":["post-3182","portfolio","type-portfolio","status-publish","has-post-thumbnail","hentry","portfolio_entries-the-guards"],"yoast_head":"<!-- This site is optimized with the Yoast SEO plugin v27.0 - https:\/\/yoast.com\/product\/yoast-seo-wordpress\/ -->\n<title>HENNING REMMENS ST\u00d8TTEFOND FOR GARDERE 2022 - REMMEN FONDEN<\/title>\n<meta name=\"robots\" content=\"index, follow, max-snippet:-1, max-image-preview:large, max-video-preview:-1\" \/>\n<link rel=\"canonical\" href=\"http:\/\/www.remmenfoundation.org\/en\/donation\/henning-remmens-stoettefond-gardere-2018-2-2-2-2\/\" \/>\n<meta property=\"og:locale\" content=\"en_US\" \/>\n<meta property=\"og:type\" content=\"article\" \/>\n<meta property=\"og:title\" content=\"HENNING REMMENS ST\u00d8TTEFOND FOR GARDERE 2022 - REMMEN FONDEN\" \/>\n<meta property=\"og:url\" content=\"http:\/\/www.remmenfoundation.org\/en\/donation\/henning-remmens-stoettefond-gardere-2018-2-2-2-2\/\" \/>\n<meta property=\"og:site_name\" content=\"REMMEN FONDEN\" \/>\n<meta property=\"article:modified_time\" content=\"2022-02-28T12:51:53+00:00\" \/>\n<meta property=\"og:image\" content=\"http:\/\/www.remmenfoundation.org\/wp-content\/uploads\/2022\/02\/Donation_2022-1.jpg\" \/>\n\t<meta property=\"og:image:width\" content=\"1641\" \/>\n\t<meta property=\"og:image:height\" content=\"1388\" \/>\n\t<meta property=\"og:image:type\" content=\"image\/jpeg\" \/>\n<meta name=\"twitter:card\" content=\"summary_large_image\" \/>\n<meta name=\"twitter:label1\" content=\"Est. reading time\" \/>\n\t<meta name=\"twitter:data1\" content=\"4 minutes\" \/>\n<script type=\"application\/ld+json\" class=\"yoast-schema-graph\">{\"@context\":\"https:\/\/schema.org\",\"@graph\":[{\"@type\":\"WebPage\",\"@id\":\"http:\/\/www.remmenfoundation.org\/en\/donation\/henning-remmens-stoettefond-gardere-2018-2-2-2-2\/\",\"url\":\"http:\/\/www.remmenfoundation.org\/en\/donation\/henning-remmens-stoettefond-gardere-2018-2-2-2-2\/\",\"name\":\"HENNING REMMENS ST\u00d8TTEFOND FOR GARDERE 2022 - REMMEN FONDEN\",\"isPartOf\":{\"@id\":\"http:\/\/www.remmenfoundation.org\/en\/#website\"},\"primaryImageOfPage\":{\"@id\":\"http:\/\/www.remmenfoundation.org\/en\/donation\/henning-remmens-stoettefond-gardere-2018-2-2-2-2\/#primaryimage\"},\"image\":{\"@id\":\"http:\/\/www.remmenfoundation.org\/en\/donation\/henning-remmens-stoettefond-gardere-2018-2-2-2-2\/#primaryimage\"},\"thumbnailUrl\":\"http:\/\/www.remmenfoundation.org\/wp-content\/uploads\/2022\/02\/Donation_2022-1.jpg\",\"datePublished\":\"2022-02-28T12:38:50+00:00\",\"dateModified\":\"2022-02-28T12:51:53+00:00\",\"breadcrumb\":{\"@id\":\"http:\/\/www.remmenfoundation.org\/en\/donation\/henning-remmens-stoettefond-gardere-2018-2-2-2-2\/#breadcrumb\"},\"inLanguage\":\"en-US\",\"potentialAction\":[{\"@type\":\"ReadAction\",\"target\":[\"http:\/\/www.remmenfoundation.org\/en\/donation\/henning-remmens-stoettefond-gardere-2018-2-2-2-2\/\"]}]},{\"@type\":\"ImageObject\",\"inLanguage\":\"en-US\",\"@id\":\"http:\/\/www.remmenfoundation.org\/en\/donation\/henning-remmens-stoettefond-gardere-2018-2-2-2-2\/#primaryimage\",\"url\":\"http:\/\/www.remmenfoundation.org\/wp-content\/uploads\/2022\/02\/Donation_2022-1.jpg\",\"contentUrl\":\"http:\/\/www.remmenfoundation.org\/wp-content\/uploads\/2022\/02\/Donation_2022-1.jpg\",\"width\":1641,\"height\":1388},{\"@type\":\"BreadcrumbList\",\"@id\":\"http:\/\/www.remmenfoundation.org\/en\/donation\/henning-remmens-stoettefond-gardere-2018-2-2-2-2\/#breadcrumb\",\"itemListElement\":[{\"@type\":\"ListItem\",\"position\":1,\"name\":\"Hjem\",\"item\":\"http:\/\/www.remmenfoundation.org\/en\/\"},{\"@type\":\"ListItem\",\"position\":2,\"name\":\"HENNING REMMENS ST\u00d8TTEFOND FOR GARDERE 2022\"}]},{\"@type\":\"WebSite\",\"@id\":\"http:\/\/www.remmenfoundation.org\/en\/#website\",\"url\":\"http:\/\/www.remmenfoundation.org\/en\/\",\"name\":\"REMMEN FONDEN\",\"description\":\"The Remmen foundation\",\"potentialAction\":[{\"@type\":\"SearchAction\",\"target\":{\"@type\":\"EntryPoint\",\"urlTemplate\":\"http:\/\/www.remmenfoundation.org\/en\/?s={search_term_string}\"},\"query-input\":{\"@type\":\"PropertyValueSpecification\",\"valueRequired\":true,\"valueName\":\"search_term_string\"}}],\"inLanguage\":\"en-US\"}]}<\/script>\n<!-- \/ Yoast SEO plugin. -->","yoast_head_json":{"title":"HENNING REMMENS ST\u00d8TTEFOND FOR GARDERE 2022 - REMMEN FONDEN","robots":{"index":"index","follow":"follow","max-snippet":"max-snippet:-1","max-image-preview":"max-image-preview:large","max-video-preview":"max-video-preview:-1"},"canonical":"http:\/\/www.remmenfoundation.org\/en\/donation\/henning-remmens-stoettefond-gardere-2018-2-2-2-2\/","og_locale":"en_US","og_type":"article","og_title":"HENNING REMMENS ST\u00d8TTEFOND FOR GARDERE 2022 - REMMEN FONDEN","og_url":"http:\/\/www.remmenfoundation.org\/en\/donation\/henning-remmens-stoettefond-gardere-2018-2-2-2-2\/","og_site_name":"REMMEN FONDEN","article_modified_time":"2022-02-28T12:51:53+00:00","og_image":[{"width":1641,"height":1388,"url":"http:\/\/www.remmenfoundation.org\/wp-content\/uploads\/2022\/02\/Donation_2022-1.jpg","type":"image\/jpeg"}],"twitter_card":"summary_large_image","twitter_misc":{"Est. reading time":"4 minutes"},"schema":{"@context":"https:\/\/schema.org","@graph":[{"@type":"WebPage","@id":"http:\/\/www.remmenfoundation.org\/en\/donation\/henning-remmens-stoettefond-gardere-2018-2-2-2-2\/","url":"http:\/\/www.remmenfoundation.org\/en\/donation\/henning-remmens-stoettefond-gardere-2018-2-2-2-2\/","name":"HENNING REMMENS ST\u00d8TTEFOND FOR GARDERE 2022 - REMMEN FONDEN","isPartOf":{"@id":"http:\/\/www.remmenfoundation.org\/en\/#website"},"primaryImageOfPage":{"@id":"http:\/\/www.remmenfoundation.org\/en\/donation\/henning-remmens-stoettefond-gardere-2018-2-2-2-2\/#primaryimage"},"image":{"@id":"http:\/\/www.remmenfoundation.org\/en\/donation\/henning-remmens-stoettefond-gardere-2018-2-2-2-2\/#primaryimage"},"thumbnailUrl":"http:\/\/www.remmenfoundation.org\/wp-content\/uploads\/2022\/02\/Donation_2022-1.jpg","datePublished":"2022-02-28T12:38:50+00:00","dateModified":"2022-02-28T12:51:53+00:00","breadcrumb":{"@id":"http:\/\/www.remmenfoundation.org\/en\/donation\/henning-remmens-stoettefond-gardere-2018-2-2-2-2\/#breadcrumb"},"inLanguage":"en-US","potentialAction":[{"@type":"ReadAction","target":["http:\/\/www.remmenfoundation.org\/en\/donation\/henning-remmens-stoettefond-gardere-2018-2-2-2-2\/"]}]},{"@type":"ImageObject","inLanguage":"en-US","@id":"http:\/\/www.remmenfoundation.org\/en\/donation\/henning-remmens-stoettefond-gardere-2018-2-2-2-2\/#primaryimage","url":"http:\/\/www.remmenfoundation.org\/wp-content\/uploads\/2022\/02\/Donation_2022-1.jpg","contentUrl":"http:\/\/www.remmenfoundation.org\/wp-content\/uploads\/2022\/02\/Donation_2022-1.jpg","width":1641,"height":1388},{"@type":"BreadcrumbList","@id":"http:\/\/www.remmenfoundation.org\/en\/donation\/henning-remmens-stoettefond-gardere-2018-2-2-2-2\/#breadcrumb","itemListElement":[{"@type":"ListItem","position":1,"name":"Hjem","item":"http:\/\/www.remmenfoundation.org\/en\/"},{"@type":"ListItem","position":2,"name":"HENNING REMMENS ST\u00d8TTEFOND FOR GARDERE 2022"}]},{"@type":"WebSite","@id":"http:\/\/www.remmenfoundation.org\/en\/#website","url":"http:\/\/www.remmenfoundation.org\/en\/","name":"REMMEN FONDEN","description":"The Remmen foundation","potentialAction":[{"@type":"SearchAction","target":{"@type":"EntryPoint","urlTemplate":"http:\/\/www.remmenfoundation.org\/en\/?s={search_term_string}"},"query-input":{"@type":"PropertyValueSpecification","valueRequired":true,"valueName":"search_term_string"}}],"inLanguage":"en-US"}]}},"_links":{"self":[{"href":"http:\/\/www.remmenfoundation.org\/en\/wp-json\/wp\/v2\/portfolio\/3182","targetHints":{"allow":["GET"]}}],"collection":[{"href":"http:\/\/www.remmenfoundation.org\/en\/wp-json\/wp\/v2\/portfolio"}],"about":[{"href":"http:\/\/www.remmenfoundation.org\/en\/wp-json\/wp\/v2\/types\/portfolio"}],"author":[{"embeddable":true,"href":"http:\/\/www.remmenfoundation.org\/en\/wp-json\/wp\/v2\/users\/3"}],"version-history":[{"count":6,"href":"http:\/\/www.remmenfoundation.org\/en\/wp-json\/wp\/v2\/portfolio\/3182\/revisions"}],"predecessor-version":[{"id":3196,"href":"http:\/\/www.remmenfoundation.org\/en\/wp-json\/wp\/v2\/portfolio\/3182\/revisions\/3196"}],"wp:featuredmedia":[{"embeddable":true,"href":"http:\/\/www.remmenfoundation.org\/en\/wp-json\/wp\/v2\/media\/3169"}],"wp:attachment":[{"href":"http:\/\/www.remmenfoundation.org\/en\/wp-json\/wp\/v2\/media?parent=3182"}],"wp:term":[{"taxonomy":"post_tag","embeddable":true,"href":"http:\/\/www.remmenfoundation.org\/en\/wp-json\/wp\/v2\/tags?post=3182"},{"taxonomy":"portfolio_entries","embeddable":true,"href":"http:\/\/www.remmenfoundation.org\/en\/wp-json\/wp\/v2\/portfolio_entries?post=3182"}],"curies":[{"name":"wp","href":"https:\/\/api.w.org\/{rel}","templated":true}]}}